{"version":"1.0","provider_name":"REPAM","provider_url":"https:\/\/www.repam.net\/es","author_name":"repam@adm","author_url":"https:\/\/www.repam.net\/es\/author\/repamadm\/","title":"Asamblea Territorial Presinodal de Puerto In\u00edrida, Colombia - REPAM","type":"rich","width":600,"height":338,"html":"<blockquote class=\"wp-embedded-content\" data-secret=\"XHmbAXmp56\"><a href=\"https:\/\/www.repam.net\/es\/asamblea-territorial-presinodal-de-puerto-inirida-colombia\/\">Asamblea Territorial Presinodal de Puerto In\u00edrida, Colombia<\/a><\/blockquote><iframe sandbox=\"allow-scripts\" security=\"restricted\" src=\"https:\/\/www.repam.net\/es\/asamblea-territorial-presinodal-de-puerto-inirida-colombia\/embed\/#?secret=XHmbAXmp56\" width=\"600\" height=\"338\" title=\"&#8220;Asamblea Territorial Presinodal de Puerto In\u00edrida, Colombia&#8221; &#8212; REPAM\" data-secret=\"XHmbAXmp56\" frameborder=\"0\" marginwidth=\"0\" marginheight=\"0\" scrolling=\"no\" class=\"wp-embedded-content\"><\/iframe><script type=\"text\/javascript\">\n\/* <![CDATA[ *\/\n\/*! This file is auto-generated *\/\n!function(d,l){\"use strict\";l.querySelector&&d.addEventListener&&\"undefined\"!=typeof URL&&(d.wp=d.wp||{},d.wp.receiveEmbedMessage||(d.wp.receiveEmbedMessage=function(e){var t=e.data;if((t||t.secret||t.message||t.value)&&!\/[^a-zA-Z0-9]\/.test(t.secret)){for(var s,r,n,a=l.querySelectorAll('iframe[data-secret=\"'+t.secret+'\"]'),o=l.querySelectorAll('blockquote[data-secret=\"'+t.secret+'\"]'),c=new RegExp(\"^https?:$\",\"i\"),i=0;i<o.length;i++)o[i].style.display=\"none\";for(i=0;i<a.length;i++)s=a[i],e.source===s.contentWindow&&(s.removeAttribute(\"style\"),\"height\"===t.message?(1e3<(r=parseInt(t.value,10))?r=1e3:~~r<200&&(r=200),s.height=r):\"link\"===t.message&&(r=new URL(s.getAttribute(\"src\")),n=new URL(t.value),c.test(n.protocol))&&n.host===r.host&&l.activeElement===s&&(d.top.location.href=t.value))}},d.addEventListener(\"message\",d.wp.receiveEmbedMessage,!1),l.addEventListener(\"DOMContentLoaded\",function(){for(var e,t,s=l.querySelectorAll(\"iframe.wp-embedded-content\"),r=0;r<s.length;r++)(t=(e=s[r]).getAttribute(\"data-secret\"))||(t=Math.random().toString(36).substring(2,12),e.src+=\"#?secret=\"+t,e.setAttribute(\"data-secret\",t)),e.contentWindow.postMessage({message:\"ready\",secret:t},\"*\")},!1)))}(window,document);\n\/\/# sourceURL=https:\/\/www.repam.net\/es\/wp-includes\/js\/wp-embed.min.js\n\/* ]]> *\/\n<\/script>\n","thumbnail_url":"https:\/\/www.repam.net\/es\/wp-content\/uploads\/2021\/09\/45055910232_b138e38a05_o-1024x683.jpg","thumbnail_width":1024,"thumbnail_height":683,"description":"La segunda Asamblea presinodal de la Amazonia colombiana se lleva a cabo los d\u00edas 4 y 5 de octubre, en Puerto In\u00edrida, en el suroriente del pa\u00eds, con la participaci\u00f3n de cerca de 90 delegados de ocho jurisdicciones eclesi\u00e1sticas de Colombia (Leticia, Mit\u00fa, San Jos\u00e9 del Guaviare, Granada, Puerto Gait\u00e1n, Puerto In\u00edrida, Puerto Carre\u00f1o y [&hellip;]"}