{"version":"1.0","provider_name":"REPAM","provider_url":"https:\/\/www.repam.net\/es","author_name":"repam@adm","author_url":"https:\/\/www.repam.net\/es\/author\/repamadm\/","title":"Comenz\u00f3 123\u00aa Asamblea Plenaria del Episcopado peruano - REPAM","type":"rich","width":600,"height":338,"html":"<blockquote class=\"wp-embedded-content\" data-secret=\"jmXZlJA5Om\"><a href=\"https:\/\/www.repam.net\/es\/comenzo-123a-asamblea-plenaria-del-episcopado-peruano\/\">Comenz\u00f3 123\u00aa Asamblea Plenaria del Episcopado peruano<\/a><\/blockquote><iframe sandbox=\"allow-scripts\" security=\"restricted\" src=\"https:\/\/www.repam.net\/es\/comenzo-123a-asamblea-plenaria-del-episcopado-peruano\/embed\/#?secret=jmXZlJA5Om\" width=\"600\" height=\"338\" title=\"&#8220;Comenz\u00f3 123\u00aa Asamblea Plenaria del Episcopado peruano&#8221; &#8212; REPAM\" data-secret=\"jmXZlJA5Om\" frameborder=\"0\" marginwidth=\"0\" marginheight=\"0\" scrolling=\"no\" class=\"wp-embedded-content\"><\/iframe><script type=\"text\/javascript\">\n\/* <![CDATA[ *\/\n\/*! This file is auto-generated *\/\n!function(d,l){\"use strict\";l.querySelector&&d.addEventListener&&\"undefined\"!=typeof URL&&(d.wp=d.wp||{},d.wp.receiveEmbedMessage||(d.wp.receiveEmbedMessage=function(e){var t=e.data;if((t||t.secret||t.message||t.value)&&!\/[^a-zA-Z0-9]\/.test(t.secret)){for(var s,r,n,a=l.querySelectorAll('iframe[data-secret=\"'+t.secret+'\"]'),o=l.querySelectorAll('blockquote[data-secret=\"'+t.secret+'\"]'),c=new RegExp(\"^https?:$\",\"i\"),i=0;i<o.length;i++)o[i].style.display=\"none\";for(i=0;i<a.length;i++)s=a[i],e.source===s.contentWindow&&(s.removeAttribute(\"style\"),\"height\"===t.message?(1e3<(r=parseInt(t.value,10))?r=1e3:~~r<200&&(r=200),s.height=r):\"link\"===t.message&&(r=new URL(s.getAttribute(\"src\")),n=new URL(t.value),c.test(n.protocol))&&n.host===r.host&&l.activeElement===s&&(d.top.location.href=t.value))}},d.addEventListener(\"message\",d.wp.receiveEmbedMessage,!1),l.addEventListener(\"DOMContentLoaded\",function(){for(var e,t,s=l.querySelectorAll(\"iframe.wp-embedded-content\"),r=0;r<s.length;r++)(t=(e=s[r]).getAttribute(\"data-secret\"))||(t=Math.random().toString(36).substring(2,12),e.src+=\"#?secret=\"+t,e.setAttribute(\"data-secret\",t)),e.contentWindow.postMessage({message:\"ready\",secret:t},\"*\")},!1)))}(window,document);\n\/\/# sourceURL=https:\/\/www.repam.net\/es\/wp-includes\/js\/wp-embed.min.js\n\/* ]]> *\/\n<\/script>\n","thumbnail_url":"https:\/\/www.repam.net\/es\/wp-content\/uploads\/2022\/08\/asambleia-peruana-edited.jpeg","thumbnail_width":1278,"thumbnail_height":853,"description":"El\u00a0proceso de renovaci\u00f3n y reestructuraci\u00f3n del Celam y los logros de la Asamblea Eclesial de Am\u00e9rica Latina y el Caribe; adem\u00e1s de los temas pastorales propios de la realidad pastoral del pa\u00eds, son algunos de los t\u00f3picos que abordar\u00e1n los obispos de la\u00a0Conferencia Episcopal peruana durante la edici\u00f3n 123 de su Asamblea Plenaria prevista del [&hellip;]"}