{"version":"1.0","provider_name":"REPAM","provider_url":"https:\/\/www.repam.net\/es","author_name":"repam@adm","author_url":"https:\/\/www.repam.net\/es\/author\/repamadm\/","title":"Los r\u00edos nos unen: convergencia de las aguas y los pueblos de la Amazon\u00eda - REPAM","type":"rich","width":600,"height":338,"html":"<blockquote class=\"wp-embedded-content\" data-secret=\"EnmzCzBERo\"><a href=\"https:\/\/www.repam.net\/es\/los-rios-nos-unen\/\">Los r\u00edos nos unen: convergencia de las aguas y los pueblos de la Amazon\u00eda<\/a><\/blockquote><iframe sandbox=\"allow-scripts\" security=\"restricted\" src=\"https:\/\/www.repam.net\/es\/los-rios-nos-unen\/embed\/#?secret=EnmzCzBERo\" width=\"600\" height=\"338\" title=\"&#8220;Los r\u00edos nos unen: convergencia de las aguas y los pueblos de la Amazon\u00eda&#8221; &#8212; REPAM\" data-secret=\"EnmzCzBERo\" frameborder=\"0\" marginwidth=\"0\" marginheight=\"0\" scrolling=\"no\" class=\"wp-embedded-content\"><\/iframe><script>\n\/*! This file is auto-generated *\/\n!function(d,l){\"use strict\";l.querySelector&&d.addEventListener&&\"undefined\"!=typeof URL&&(d.wp=d.wp||{},d.wp.receiveEmbedMessage||(d.wp.receiveEmbedMessage=function(e){var t=e.data;if((t||t.secret||t.message||t.value)&&!\/[^a-zA-Z0-9]\/.test(t.secret)){for(var s,r,n,a=l.querySelectorAll('iframe[data-secret=\"'+t.secret+'\"]'),o=l.querySelectorAll('blockquote[data-secret=\"'+t.secret+'\"]'),c=new RegExp(\"^https?:$\",\"i\"),i=0;i<o.length;i++)o[i].style.display=\"none\";for(i=0;i<a.length;i++)s=a[i],e.source===s.contentWindow&&(s.removeAttribute(\"style\"),\"height\"===t.message?(1e3<(r=parseInt(t.value,10))?r=1e3:~~r<200&&(r=200),s.height=r):\"link\"===t.message&&(r=new URL(s.getAttribute(\"src\")),n=new URL(t.value),c.test(n.protocol))&&n.host===r.host&&l.activeElement===s&&(d.top.location.href=t.value))}},d.addEventListener(\"message\",d.wp.receiveEmbedMessage,!1),l.addEventListener(\"DOMContentLoaded\",function(){for(var e,t,s=l.querySelectorAll(\"iframe.wp-embedded-content\"),r=0;r<s.length;r++)(t=(e=s[r]).getAttribute(\"data-secret\"))||(t=Math.random().toString(36).substring(2,12),e.src+=\"#?secret=\"+t,e.setAttribute(\"data-secret\",t)),e.contentWindow.postMessage({message:\"ready\",secret:t},\"*\")},!1)))}(window,document);\n\/\/# sourceURL=https:\/\/www.repam.net\/es\/wp-includes\/js\/wp-embed.min.js\n<\/script>\n","thumbnail_url":"https:\/\/www.repam.net\/es\/wp-content\/uploads\/2026\/09\/WhatsApp-Image-2026-09-03-at-11.30.08-AM-9-edited-1.jpeg","thumbnail_width":1600,"thumbnail_height":900,"description":"Lideresas y l\u00edderes de los territorios amaz\u00f3nicos tomaron la vocer\u00eda en la actividad autogestionada que promovi\u00f3 la Red Eclesial Panamaz\u00f3nica (REPAM) durante el XII Foro Social Panamaz\u00f3nico (FOSPA). El espacio permiti\u00f3 reflexionar sobre la importancia de las fuentes de agua, los r\u00edos que integran la cuenca amaz\u00f3nica y la lucha que siguen los pueblos para preservar las garant\u00edas de vida (relacionadas estrechamente al agua)."}