{"version":"1.0","provider_name":"REPAM","provider_url":"https:\/\/www.repam.net\/es","author_name":"repam@adm","author_url":"https:\/\/www.repam.net\/es\/author\/repamadm\/","title":"Preocupaci\u00f3n en Loreto por hechos de violencia. Obispo de Iquitos emite un pronunciamiento respecto a la dif\u00edcil situaci\u00f3n - REPAM","type":"rich","width":600,"height":338,"html":"<blockquote class=\"wp-embedded-content\" data-secret=\"AleeGtaDBw\"><a href=\"https:\/\/www.repam.net\/es\/violencia-en-el-rio-corrientes\/\">Preocupaci\u00f3n en Loreto por hechos de violencia. Obispo de Iquitos emite un pronunciamiento respecto a la dif\u00edcil situaci\u00f3n<\/a><\/blockquote><iframe sandbox=\"allow-scripts\" security=\"restricted\" src=\"https:\/\/www.repam.net\/es\/violencia-en-el-rio-corrientes\/embed\/#?secret=AleeGtaDBw\" width=\"600\" height=\"338\" title=\"&#8220;Preocupaci\u00f3n en Loreto por hechos de violencia. Obispo de Iquitos emite un pronunciamiento respecto a la dif\u00edcil situaci\u00f3n&#8221; &#8212; REPAM\" data-secret=\"AleeGtaDBw\" frameborder=\"0\" marginwidth=\"0\" marginheight=\"0\" scrolling=\"no\" class=\"wp-embedded-content\"><\/iframe><script type=\"text\/javascript\">\n\/* <![CDATA[ *\/\n\/*! This file is auto-generated *\/\n!function(d,l){\"use strict\";l.querySelector&&d.addEventListener&&\"undefined\"!=typeof URL&&(d.wp=d.wp||{},d.wp.receiveEmbedMessage||(d.wp.receiveEmbedMessage=function(e){var t=e.data;if((t||t.secret||t.message||t.value)&&!\/[^a-zA-Z0-9]\/.test(t.secret)){for(var s,r,n,a=l.querySelectorAll('iframe[data-secret=\"'+t.secret+'\"]'),o=l.querySelectorAll('blockquote[data-secret=\"'+t.secret+'\"]'),c=new RegExp(\"^https?:$\",\"i\"),i=0;i<o.length;i++)o[i].style.display=\"none\";for(i=0;i<a.length;i++)s=a[i],e.source===s.contentWindow&&(s.removeAttribute(\"style\"),\"height\"===t.message?(1e3<(r=parseInt(t.value,10))?r=1e3:~~r<200&&(r=200),s.height=r):\"link\"===t.message&&(r=new URL(s.getAttribute(\"src\")),n=new URL(t.value),c.test(n.protocol))&&n.host===r.host&&l.activeElement===s&&(d.top.location.href=t.value))}},d.addEventListener(\"message\",d.wp.receiveEmbedMessage,!1),l.addEventListener(\"DOMContentLoaded\",function(){for(var e,t,s=l.querySelectorAll(\"iframe.wp-embedded-content\"),r=0;r<s.length;r++)(t=(e=s[r]).getAttribute(\"data-secret\"))||(t=Math.random().toString(36).substring(2,12),e.src+=\"#?secret=\"+t,e.setAttribute(\"data-secret\",t)),e.contentWindow.postMessage({message:\"ready\",secret:t},\"*\")},!1)))}(window,document);\n\/\/# sourceURL=https:\/\/www.repam.net\/es\/wp-includes\/js\/wp-embed.min.js\n\/* ]]> *\/\n<\/script>\n","thumbnail_url":"https:\/\/www.repam.net\/es\/wp-content\/uploads\/2026\/04\/Rio-Corrientes-edited.png","thumbnail_width":1091,"thumbnail_height":613,"description":"Los medios locales y regionales reportan el fallecimiento de un Suboficial de la Polic\u00eda Nacional del Per\u00fa (PNP), luego de un enfrentamiento entre un contingente de la Unidad de Servicios Especiales de la PNP y miembros de la comunidad de Providencia, sector r\u00edo Corrientes, distrito de Trompeteros (Loreto, Per\u00fa). En este caso, tambi\u00e9n habr\u00eda personas heridas, retenidas e incluso desaparecidas."}