{"id":8674,"date":"2022-10-06T10:34:19","date_gmt":"2022-10-06T15:34:19","guid":{"rendered":"https:\/\/www.repam.net\/es\/?page_id=8674"},"modified":"2023-06-06T07:32:09","modified_gmt":"2023-06-06T12:32:09","slug":"frutos-del-sinodo-amazonico","status":"publish","type":"page","link":"https:\/\/www.repam.net\/es\/frutos-del-sinodo-amazonico\/","title":{"rendered":"Frutos del S\u00ednodo Amaz\u00f3nico"},"content":{"rendered":"<div class=\"wp-block-image\">\n<figure class=\"aligncenter size-large\"><img loading=\"lazy\" decoding=\"async\" width=\"1024\" height=\"576\" src=\"https:\/\/www.repam.net\/es\/wp-content\/uploads\/2022\/10\/FRUTOS-DEL-SINODO-ESP-1024x576.jpeg\" alt=\"\" class=\"wp-image-8665\" srcset=\"https:\/\/www.repam.net\/es\/wp-content\/uploads\/2022\/10\/FRUTOS-DEL-SINODO-ESP-1024x576.jpeg 1024w, https:\/\/www.repam.net\/es\/wp-content\/uploads\/2022\/10\/FRUTOS-DEL-SINODO-ESP-300x169.jpeg 300w, https:\/\/www.repam.net\/es\/wp-content\/uploads\/2022\/10\/FRUTOS-DEL-SINODO-ESP-768x432.jpeg 768w, https:\/\/www.repam.net\/es\/wp-content\/uploads\/2022\/10\/FRUTOS-DEL-SINODO-ESP.jpeg 1280w\" sizes=\"auto, (max-width: 1024px) 100vw, 1024px\" \/><\/figure>\n<\/div>\n\n\n<blockquote class=\"wp-block-quote is-layout-flow wp-block-quote-is-layout-flow\">\n<p>Iglesia de Am\u00e9rica Latina lanza campa\u00f1a para celebrar tres a\u00f1os de camino postsinodal y presentar algunos avances a la luz de las propuestas del Documento Final y de la exhortaci\u00f3n postsinodal Querida Amazon\u00eda desde los cuatros sue\u00f1os del Papa Francisco: social, cultural, ecol\u00f3gico y eclesial.&nbsp;<\/p>\n<\/blockquote>\n\n\n\n<hr class=\"wp-block-separator has-alpha-channel-opacity\"\/>\n\n\n\n<p>A partir de los relatos y testimonios concretos de diversas personas de diversas instancias, n\u00facleos tem\u00e1ticos y colectivos amaz\u00f3nicos, el Consejo Episcopal Latinoamericano y Caribe\u00f1o (CELAM), la Red Eclesial Panamaz\u00f3nica (REPAM), la Conferencia Eclesial de la Amazon\u00eda (CEAMA), la Confederaci\u00f3n Latinoamericana y Caribe\u00f1a de Religiosos\/as (CLAR) y C\u00c1RITAS Latinoam\u00e9rica y el Caribe, lanzaron el 6 de octubre la campa\u00f1a \u201cFrutos del S\u00ednodo Amaz\u00f3nico\u201d para celebrar tres a\u00f1os y presentar algunos avances concretos.<\/p>\n\n\n\n<hr class=\"wp-block-separator has-alpha-channel-opacity\"\/>\n\n\n\n<h5 class=\"wp-block-heading\">Presentaci\u00f3n de la Campa\u00f1a<\/h5>\n\n\n\n<div class=\"wp-block-columns is-layout-flex wp-container-core-columns-is-layout-9d6595d7 wp-block-columns-is-layout-flex\">\n<div class=\"wp-block-column is-layout-flow wp-block-column-is-layout-flow\">\n<figure class=\"wp-block-image size-large\"><a href=\"https:\/\/www.repam.net\/es\/la-iglesia-de-america-latina-lanza-la-campana-frutos-del-sinodo-amazonico-para-celebrar-tres-anos-de-camino-en-la-amazonia\/\" target=\"_blank\" rel=\"noreferrer noopener\"><img loading=\"lazy\" decoding=\"async\" width=\"1024\" height=\"576\" src=\"https:\/\/www.repam.net\/es\/wp-content\/uploads\/2022\/10\/FRUTOS-DEL-SINODO-ESP-1024x576.jpeg\" alt=\"\" class=\"wp-image-8665\" srcset=\"https:\/\/www.repam.net\/es\/wp-content\/uploads\/2022\/10\/FRUTOS-DEL-SINODO-ESP-1024x576.jpeg 1024w, https:\/\/www.repam.net\/es\/wp-content\/uploads\/2022\/10\/FRUTOS-DEL-SINODO-ESP-300x169.jpeg 300w, https:\/\/www.repam.net\/es\/wp-content\/uploads\/2022\/10\/FRUTOS-DEL-SINODO-ESP-768x432.jpeg 768w, https:\/\/www.repam.net\/es\/wp-content\/uploads\/2022\/10\/FRUTOS-DEL-SINODO-ESP.jpeg 1280w\" sizes=\"auto, (max-width: 1024px) 100vw, 1024px\" \/><\/a><figcaption class=\"wp-element-caption\"><a href=\"https:\/\/www.repam.net\/es\/la-iglesia-de-america-latina-lanza-la-campana-frutos-del-sinodo-amazonico-para-celebrar-tres-anos-de-camino-en-la-amazonia\/\" target=\"_blank\" rel=\"noreferrer noopener\"><strong>Iglesia de Am\u00e9rica Latina lanza campa\u00f1a para celebrar tres a\u00f1os de camino postsinodal<\/strong><\/a><\/figcaption><\/figure>\n<\/div>\n\n\n\n<div class=\"wp-block-column is-layout-flow wp-block-column-is-layout-flow\">\n<figure class=\"wp-block-image size-full\"><a href=\"https:\/\/www.youtube.com\/watch?v=aQLAnps31cQ\" target=\"_blank\" rel=\"noreferrer noopener\"><img loading=\"lazy\" decoding=\"async\" width=\"956\" height=\"537\" src=\"https:\/\/www.repam.net\/es\/wp-content\/uploads\/2022\/10\/Hna.-Daniela-Cannavina-CLAR-Frutos-del-Sinodo.jpg\" alt=\"\" class=\"wp-image-8687\" srcset=\"https:\/\/www.repam.net\/es\/wp-content\/uploads\/2022\/10\/Hna.-Daniela-Cannavina-CLAR-Frutos-del-Sinodo.jpg 956w, https:\/\/www.repam.net\/es\/wp-content\/uploads\/2022\/10\/Hna.-Daniela-Cannavina-CLAR-Frutos-del-Sinodo-300x169.jpg 300w, https:\/\/www.repam.net\/es\/wp-content\/uploads\/2022\/10\/Hna.-Daniela-Cannavina-CLAR-Frutos-del-Sinodo-768x431.jpg 768w\" sizes=\"auto, (max-width: 956px) 100vw, 956px\" \/><\/a><figcaption class=\"wp-element-caption\"><strong><a href=\"https:\/\/www.youtube.com\/watch?v=aQLAnps31cQ\" target=\"_blank\" rel=\"noreferrer noopener\">CLAR presenta la Campa\u00f1a &#8220;Frutos del S\u00ednodo Amaz\u00f3nico&#8221; <br>(Hna. Daniela Cannavina)<\/a><\/strong><\/figcaption><\/figure>\n<\/div>\n<\/div>\n\n\n\n<hr class=\"wp-block-separator has-alpha-channel-opacity\"\/>\n\n\n\n<h5 class=\"wp-block-heading\"><strong>Frutos concretos del S\u00ednodo Amaz\u00f3nico<\/strong><\/h5>\n\n\n\n<div class=\"wp-block-columns is-layout-flex wp-container-core-columns-is-layout-9d6595d7 wp-block-columns-is-layout-flex\">\n<div class=\"wp-block-column is-layout-flow wp-block-column-is-layout-flow\">\n<figure class=\"wp-block-embed is-type-video is-provider-youtube wp-block-embed-youtube wp-embed-aspect-16-9 wp-has-aspect-ratio\"><div class=\"wp-block-embed__wrapper\">\n<iframe loading=\"lazy\" title=\"Frutos del S\u00ednodo Amaz\u00f3nico - CEAMA\" width=\"500\" height=\"281\" src=\"https:\/\/www.youtube.com\/embed\/PmPrhiroeMI?feature=oembed\" frameborder=\"0\" allow=\"accelerometer; autoplay; clipboard-write; encrypted-media; gyroscope; picture-in-picture; web-share\" referrerpolicy=\"strict-origin-when-cross-origin\" allowfullscreen><\/iframe>\n<\/div><figcaption class=\"wp-element-caption\"><a href=\"https:\/\/www.youtube.com\/watch?v=PmPrhiroeMI\" target=\"_blank\" rel=\"noreferrer noopener\"><strong>Conferencia Eclesial de la Amazon\u00eda &#8211; CEAMA<\/strong><\/a><\/figcaption><\/figure>\n<\/div>\n\n\n\n<div class=\"wp-block-column is-layout-flow wp-block-column-is-layout-flow\">\n<figure class=\"wp-block-embed is-type-video is-provider-youtube wp-block-embed-youtube wp-embed-aspect-16-9 wp-has-aspect-ratio\"><div class=\"wp-block-embed__wrapper\">\n<iframe loading=\"lazy\" title=\"Frutos del S\u00ednodo Amaz\u00f3nico: Mujeres protagonistas en la Iglesia y en la sociedad\" width=\"500\" height=\"281\" src=\"https:\/\/www.youtube.com\/embed\/A83fLChtCxI?feature=oembed\" frameborder=\"0\" allow=\"accelerometer; autoplay; clipboard-write; encrypted-media; gyroscope; picture-in-picture; web-share\" referrerpolicy=\"strict-origin-when-cross-origin\" allowfullscreen><\/iframe>\n<\/div><figcaption class=\"wp-element-caption\"><a href=\"https:\/\/www.youtube.com\/watch?v=A83fLChtCxI\" target=\"_blank\" rel=\"noreferrer noopener\"><strong>Mujeres protagonistas en la Iglesia y en la sociedad<\/strong><\/a><\/figcaption><\/figure>\n<\/div>\n\n\n\n<div class=\"wp-block-column is-layout-flow wp-block-column-is-layout-flow\">\n<figure class=\"wp-block-embed is-type-video is-provider-youtube wp-block-embed-youtube wp-embed-aspect-16-9 wp-has-aspect-ratio\"><div class=\"wp-block-embed__wrapper\">\n<iframe loading=\"lazy\" title=\"Frutos del S\u00ednodo Amaz\u00f3nico - Iglesia al lado de los pueblos amaz\u00f3nicos, en defensa de sus derechos\" width=\"500\" height=\"281\" src=\"https:\/\/www.youtube.com\/embed\/j4PKULLMbk8?feature=oembed\" frameborder=\"0\" allow=\"accelerometer; autoplay; clipboard-write; encrypted-media; gyroscope; picture-in-picture; web-share\" referrerpolicy=\"strict-origin-when-cross-origin\" allowfullscreen><\/iframe>\n<\/div><figcaption class=\"wp-element-caption\"><strong><a href=\"https:\/\/www.youtube.com\/watch?v=j4PKULLMbk8\" target=\"_blank\" rel=\"noreferrer noopener\">Iglesia al lado de los pueblos amaz\u00f3nicos, en defensa de sus derechos<\/a><\/strong><\/figcaption><\/figure>\n<\/div>\n<\/div>\n\n\n\n<div class=\"wp-block-columns is-layout-flex wp-container-core-columns-is-layout-9d6595d7 wp-block-columns-is-layout-flex\">\n<div class=\"wp-block-column is-layout-flow wp-block-column-is-layout-flow\">\n<figure class=\"wp-block-embed is-type-video is-provider-youtube wp-block-embed-youtube wp-embed-aspect-16-9 wp-has-aspect-ratio\"><div class=\"wp-block-embed__wrapper\">\n<iframe loading=\"lazy\" title=\"Frutos del S\u00ednodo Amaz\u00f3nico: Ministerios Laicales para una Iglesia con rostro amaz\u00f3nico\" width=\"500\" height=\"281\" src=\"https:\/\/www.youtube.com\/embed\/KI59FP1W_xA?feature=oembed\" frameborder=\"0\" allow=\"accelerometer; autoplay; clipboard-write; encrypted-media; gyroscope; picture-in-picture; web-share\" referrerpolicy=\"strict-origin-when-cross-origin\" allowfullscreen><\/iframe>\n<\/div><figcaption class=\"wp-element-caption\"><strong><a href=\"https:\/\/www.repam.net\/pt\/frutos-do-sinodo-amazonico-ministerios-laicais-para-uma-igreja-com-rosto-amazonico\/\" target=\"_blank\" rel=\"noreferrer noopener\">Ministerios Laicales para una Iglesia con rostro amaz\u00f3nico<\/a><\/strong><\/figcaption><\/figure>\n<\/div>\n\n\n\n<div class=\"wp-block-column is-layout-flow wp-block-column-is-layout-flow\">\n<figure class=\"wp-block-embed is-type-video is-provider-youtube wp-block-embed-youtube wp-embed-aspect-16-9 wp-has-aspect-ratio\"><div class=\"wp-block-embed__wrapper\">\n<iframe loading=\"lazy\" title=\"Frutos del S\u00ednodo Amaz\u00f3nico: Misioneros y Misioneras uniendo fronteras en la Amazon\u00eda\" width=\"500\" height=\"281\" src=\"https:\/\/www.youtube.com\/embed\/LHKsriLaMvo?feature=oembed\" frameborder=\"0\" allow=\"accelerometer; autoplay; clipboard-write; encrypted-media; gyroscope; picture-in-picture; web-share\" referrerpolicy=\"strict-origin-when-cross-origin\" allowfullscreen><\/iframe>\n<\/div><figcaption class=\"wp-element-caption\"><a href=\"https:\/\/www.youtube.com\/watch?v=LHKsriLaMvo\" target=\"_blank\" rel=\"noreferrer noopener\"><strong>Misioneros y Misioneras uniendo fronteras en la Amazon\u00eda<\/strong><\/a><\/figcaption><\/figure>\n<\/div>\n\n\n\n<div class=\"wp-block-column is-layout-flow wp-block-column-is-layout-flow\">\n<figure class=\"wp-block-embed is-type-video is-provider-youtube wp-block-embed-youtube wp-embed-aspect-16-9 wp-has-aspect-ratio\"><div class=\"wp-block-embed__wrapper\">\n<iframe loading=\"lazy\" title=\"Frutos del S\u00ednodo: Red Misionera Itinerante navegando por los r\u00edos y territorios de la Panamazon\u00eda\" width=\"500\" height=\"281\" src=\"https:\/\/www.youtube.com\/embed\/i2oP1UQM1-g?list=PLzlcvg4GuiUZpxE5RbWUegOizDagPXz1S\" frameborder=\"0\" allow=\"accelerometer; autoplay; clipboard-write; encrypted-media; gyroscope; picture-in-picture; web-share\" referrerpolicy=\"strict-origin-when-cross-origin\" allowfullscreen><\/iframe>\n<\/div><figcaption class=\"wp-element-caption\"><a href=\"https:\/\/youtu.be\/i2oP1UQM1-g?list=PLzlcvg4GuiUZpxE5RbWUegOizDagPXz1S\" target=\"_blank\" rel=\"noreferrer noopener\"><strong>Red Misionera Itinerante navegando por los r\u00edos y territorios de la Panamazon\u00eda<\/strong><\/a><\/figcaption><\/figure>\n<\/div>\n<\/div>\n\n\n\n<div class=\"wp-block-columns is-layout-flex wp-container-core-columns-is-layout-9d6595d7 wp-block-columns-is-layout-flex\">\n<div class=\"wp-block-column is-layout-flow wp-block-column-is-layout-flow\">\n<figure class=\"wp-block-embed is-type-video is-provider-youtube wp-block-embed-youtube wp-embed-aspect-16-9 wp-has-aspect-ratio\"><div class=\"wp-block-embed__wrapper\">\n<iframe loading=\"lazy\" title=\"Frutos del S\u00ednodo Amaz\u00f3nico: Un estilo de vida en armon\u00eda con los territorios\" width=\"500\" height=\"281\" src=\"https:\/\/www.youtube.com\/embed\/Pn2NnOy2HJ8?list=PLzlcvg4GuiUZpxE5RbWUegOizDagPXz1S\" frameborder=\"0\" allow=\"accelerometer; autoplay; clipboard-write; encrypted-media; gyroscope; picture-in-picture; web-share\" referrerpolicy=\"strict-origin-when-cross-origin\" allowfullscreen><\/iframe>\n<\/div><figcaption class=\"wp-element-caption\"><strong><a href=\"https:\/\/www.youtube.com\/watch?v=Pn2NnOy2HJ8&amp;list=PLzlcvg4GuiUZpxE5RbWUegOizDagPXz1S&amp;index=9\" target=\"_blank\" rel=\"noreferrer noopener\">Un estilo de vida en armon\u00eda con los territorios<\/a><\/strong><\/figcaption><\/figure>\n<\/div>\n\n\n\n<div class=\"wp-block-column is-vertically-aligned-center is-layout-flow wp-block-column-is-layout-flow\">\n<figure class=\"wp-block-embed is-type-video is-provider-youtube wp-block-embed-youtube wp-embed-aspect-16-9 wp-has-aspect-ratio\"><div class=\"wp-block-embed__wrapper\">\n<iframe loading=\"lazy\" title=\"Frutos del S\u00ednodo: Asamblea Eclesial ALC y S\u00ednodo sobre la Sinodalidad\" width=\"500\" height=\"281\" src=\"https:\/\/www.youtube.com\/embed\/CnmZQH47dOw?list=PLzlcvg4GuiUZpxE5RbWUegOizDagPXz1S\" frameborder=\"0\" allow=\"accelerometer; autoplay; clipboard-write; encrypted-media; gyroscope; picture-in-picture; web-share\" referrerpolicy=\"strict-origin-when-cross-origin\" allowfullscreen><\/iframe>\n<\/div><figcaption class=\"wp-element-caption\"><strong><a href=\"https:\/\/www.youtube.com\/watch?v=CnmZQH47dOw\" target=\"_blank\" rel=\"noreferrer noopener\">Asamblea Eclesial ALC y S\u00ednodo sobre la Sinodalidad<\/a><\/strong><\/figcaption><\/figure>\n<\/div>\n\n\n\n<div class=\"wp-block-column is-layout-flow wp-block-column-is-layout-flow\"><\/div>\n<\/div>\n\n\n\n<hr class=\"wp-block-separator has-alpha-channel-opacity\"\/>\n\n\n\n<h5 class=\"wp-block-heading\">Realizaci\u00f3n:<\/h5>\n\n\n\n<div class=\"wp-block-columns is-layout-flex wp-container-core-columns-is-layout-9d6595d7 wp-block-columns-is-layout-flex\">\n<div class=\"wp-block-column is-layout-flow wp-block-column-is-layout-flow\">\n<figure class=\"wp-block-image size-full\"><a href=\"https:\/\/celam.org\/\" target=\"_blank\" rel=\"noreferrer noopener\"><img loading=\"lazy\" decoding=\"async\" width=\"410\" height=\"411\" src=\"https:\/\/www.repam.net\/es\/wp-content\/uploads\/2022\/10\/01.-Nuevo-logo-CELAM.jpg\" alt=\"\" class=\"wp-image-8690\" srcset=\"https:\/\/www.repam.net\/es\/wp-content\/uploads\/2022\/10\/01.-Nuevo-logo-CELAM.jpg 410w, https:\/\/www.repam.net\/es\/wp-content\/uploads\/2022\/10\/01.-Nuevo-logo-CELAM-300x300.jpg 300w, https:\/\/www.repam.net\/es\/wp-content\/uploads\/2022\/10\/01.-Nuevo-logo-CELAM-150x150.jpg 150w\" sizes=\"auto, (max-width: 410px) 100vw, 410px\" \/><\/a><\/figure>\n<\/div>\n\n\n\n<div class=\"wp-block-column is-layout-flow wp-block-column-is-layout-flow\"><\/div>\n\n\n\n<div class=\"wp-block-column is-layout-flow wp-block-column-is-layout-flow\">\n<figure class=\"wp-block-image size-large\"><a href=\"https:\/\/www.clar.org\/\" target=\"_blank\" rel=\"noreferrer noopener\"><img loading=\"lazy\" decoding=\"async\" width=\"1024\" height=\"1024\" src=\"https:\/\/www.repam.net\/es\/wp-content\/uploads\/2022\/10\/02.-CLAR-1024x1024.png\" alt=\"\" class=\"wp-image-8691\" srcset=\"https:\/\/www.repam.net\/es\/wp-content\/uploads\/2022\/10\/02.-CLAR-1024x1024.png 1024w, https:\/\/www.repam.net\/es\/wp-content\/uploads\/2022\/10\/02.-CLAR-300x300.png 300w, https:\/\/www.repam.net\/es\/wp-content\/uploads\/2022\/10\/02.-CLAR-150x150.png 150w, https:\/\/www.repam.net\/es\/wp-content\/uploads\/2022\/10\/02.-CLAR-768x768.png 768w, https:\/\/www.repam.net\/es\/wp-content\/uploads\/2022\/10\/02.-CLAR.png 1068w\" sizes=\"auto, (max-width: 1024px) 100vw, 1024px\" \/><\/a><\/figure>\n<\/div>\n\n\n\n<div class=\"wp-block-column is-layout-flow wp-block-column-is-layout-flow\"><\/div>\n\n\n\n<div class=\"wp-block-column is-layout-flow wp-block-column-is-layout-flow\">\n<figure class=\"wp-block-image size-full\"><a href=\"https:\/\/caritaslatinoamerica.org\/\" target=\"_blank\" rel=\"noreferrer noopener\"><img loading=\"lazy\" decoding=\"async\" width=\"503\" height=\"504\" src=\"https:\/\/www.repam.net\/es\/wp-content\/uploads\/2022\/10\/03.-CARITAS-ALC.jpg\" alt=\"\" class=\"wp-image-8692\" srcset=\"https:\/\/www.repam.net\/es\/wp-content\/uploads\/2022\/10\/03.-CARITAS-ALC.jpg 503w, https:\/\/www.repam.net\/es\/wp-content\/uploads\/2022\/10\/03.-CARITAS-ALC-300x300.jpg 300w, https:\/\/www.repam.net\/es\/wp-content\/uploads\/2022\/10\/03.-CARITAS-ALC-150x150.jpg 150w\" sizes=\"auto, (max-width: 503px) 100vw, 503px\" \/><\/a><\/figure>\n<\/div>\n\n\n\n<div class=\"wp-block-column is-layout-flow wp-block-column-is-layout-flow\"><\/div>\n\n\n\n<div class=\"wp-block-column is-layout-flow wp-block-column-is-layout-flow\">\n<figure class=\"wp-block-image size-full\"><img loading=\"lazy\" decoding=\"async\" width=\"671\" height=\"671\" src=\"https:\/\/www.repam.net\/es\/wp-content\/uploads\/2022\/10\/04.-CEAMA-con-fondo-cuadrado.png\" alt=\"\" class=\"wp-image-8693\" srcset=\"https:\/\/www.repam.net\/es\/wp-content\/uploads\/2022\/10\/04.-CEAMA-con-fondo-cuadrado.png 671w, https:\/\/www.repam.net\/es\/wp-content\/uploads\/2022\/10\/04.-CEAMA-con-fondo-cuadrado-300x300.png 300w, https:\/\/www.repam.net\/es\/wp-content\/uploads\/2022\/10\/04.-CEAMA-con-fondo-cuadrado-150x150.png 150w\" sizes=\"auto, (max-width: 671px) 100vw, 671px\" \/><\/figure>\n<\/div>\n\n\n\n<div class=\"wp-block-column is-layout-flow wp-block-column-is-layout-flow\"><\/div>\n\n\n\n<div class=\"wp-block-column is-layout-flow wp-block-column-is-layout-flow\">\n<figure class=\"wp-block-image size-full\"><a href=\"https:\/\/www.repam.net\/es\/\" target=\"_blank\" rel=\"noreferrer noopener\"><img loading=\"lazy\" decoding=\"async\" width=\"810\" height=\"838\" src=\"https:\/\/www.repam.net\/es\/wp-content\/uploads\/2022\/10\/LOGespanol.png\" alt=\"\" class=\"wp-image-8694\" srcset=\"https:\/\/www.repam.net\/es\/wp-content\/uploads\/2022\/10\/LOGespanol.png 810w, https:\/\/www.repam.net\/es\/wp-content\/uploads\/2022\/10\/LOGespanol-290x300.png 290w, https:\/\/www.repam.net\/es\/wp-content\/uploads\/2022\/10\/LOGespanol-768x795.png 768w\" sizes=\"auto, (max-width: 810px) 100vw, 810px\" \/><\/a><\/figure>\n<\/div>\n<\/div>\n","protected":false},"excerpt":{"rendered":"<p>Iglesia de Am\u00e9rica Latina lanza campa\u00f1a para celebrar tres a\u00f1os de camino postsinodal y presentar algunos avances a la luz de las propuestas del Documento Final y de la exhortaci\u00f3n postsinodal Querida Amazon\u00eda desde los cuatros sue\u00f1os del Papa Francisco: social, cultural, ecol\u00f3gico y eclesial.&nbsp; A partir de los relatos y testimonios concretos de diversas [&hellip;]<\/p>\n","protected":false},"author":1,"featured_media":8665,"parent":0,"menu_order":0,"comment_status":"closed","ping_status":"closed","template":"","meta":{"_acf_changed":false,"_uf_show_specific_survey":0,"_uf_disable_surveys":false,"footnotes":""},"class_list":["post-8674","page","type-page","status-publish","has-post-thumbnail","hentry"],"acf":[],"aioseo_notices":[],"yoast_head":"<!-- This site is optimized with the Yoast SEO plugin v27.4 - https:\/\/yoast.com\/product\/yoast-seo-wordpress\/ -->\n<title>Frutos del S\u00ednodo Amaz\u00f3nico - REPAM<\/title>\n<meta name=\"robots\" content=\"index, follow, max-snippet:-1, max-image-preview:large, max-video-preview:-1\" \/>\n<link rel=\"canonical\" href=\"https:\/\/www.repam.net\/es\/frutos-del-sinodo-amazonico\/\" \/>\n<meta property=\"og:locale\" content=\"es_ES\" \/>\n<meta property=\"og:type\" content=\"article\" \/>\n<meta property=\"og:title\" content=\"Frutos del S\u00ednodo Amaz\u00f3nico - REPAM\" \/>\n<meta property=\"og:description\" content=\"Iglesia de Am\u00e9rica Latina lanza campa\u00f1a para celebrar tres a\u00f1os de camino postsinodal y presentar algunos avances a la luz de las propuestas del Documento Final y de la exhortaci\u00f3n postsinodal Querida Amazon\u00eda desde los cuatros sue\u00f1os del Papa Francisco: social, cultural, ecol\u00f3gico y eclesial.&nbsp; A partir de los relatos y testimonios concretos de diversas [&hellip;]\" \/>\n<meta property=\"og:url\" content=\"https:\/\/www.repam.net\/es\/frutos-del-sinodo-amazonico\/\" \/>\n<meta property=\"og:site_name\" content=\"REPAM\" \/>\n<meta property=\"article:modified_time\" content=\"2023-06-06T12:32:09+00:00\" \/>\n<meta property=\"og:image\" content=\"https:\/\/www.repam.net\/es\/wp-content\/uploads\/2022\/10\/FRUTOS-DEL-SINODO-ESP.jpeg\" \/>\n\t<meta property=\"og:image:width\" content=\"1280\" \/>\n\t<meta property=\"og:image:height\" content=\"720\" \/>\n\t<meta property=\"og:image:type\" content=\"image\/jpeg\" \/>\n<meta name=\"twitter:card\" content=\"summary_large_image\" \/>\n<meta name=\"twitter:label1\" content=\"Tiempo de lectura\" \/>\n\t<meta name=\"twitter:data1\" content=\"3 minutos\" \/>\n<script type=\"application\/ld+json\" class=\"yoast-schema-graph\">{\"@context\":\"https:\\\/\\\/schema.org\",\"@graph\":[{\"@type\":\"WebPage\",\"@id\":\"https:\\\/\\\/www.repam.net\\\/es\\\/frutos-del-sinodo-amazonico\\\/\",\"url\":\"https:\\\/\\\/www.repam.net\\\/es\\\/frutos-del-sinodo-amazonico\\\/\",\"name\":\"Frutos del S\u00ednodo Amaz\u00f3nico - REPAM\",\"isPartOf\":{\"@id\":\"https:\\\/\\\/www.repam.net\\\/es\\\/#website\"},\"primaryImageOfPage\":{\"@id\":\"https:\\\/\\\/www.repam.net\\\/es\\\/frutos-del-sinodo-amazonico\\\/#primaryimage\"},\"image\":{\"@id\":\"https:\\\/\\\/www.repam.net\\\/es\\\/frutos-del-sinodo-amazonico\\\/#primaryimage\"},\"thumbnailUrl\":\"https:\\\/\\\/www.repam.net\\\/es\\\/wp-content\\\/uploads\\\/2022\\\/10\\\/FRUTOS-DEL-SINODO-ESP.jpeg\",\"datePublished\":\"2022-10-06T15:34:19+00:00\",\"dateModified\":\"2023-06-06T12:32:09+00:00\",\"breadcrumb\":{\"@id\":\"https:\\\/\\\/www.repam.net\\\/es\\\/frutos-del-sinodo-amazonico\\\/#breadcrumb\"},\"inLanguage\":\"es-CO\",\"potentialAction\":[{\"@type\":\"ReadAction\",\"target\":[\"https:\\\/\\\/www.repam.net\\\/es\\\/frutos-del-sinodo-amazonico\\\/\"]}]},{\"@type\":\"ImageObject\",\"inLanguage\":\"es-CO\",\"@id\":\"https:\\\/\\\/www.repam.net\\\/es\\\/frutos-del-sinodo-amazonico\\\/#primaryimage\",\"url\":\"https:\\\/\\\/www.repam.net\\\/es\\\/wp-content\\\/uploads\\\/2022\\\/10\\\/FRUTOS-DEL-SINODO-ESP.jpeg\",\"contentUrl\":\"https:\\\/\\\/www.repam.net\\\/es\\\/wp-content\\\/uploads\\\/2022\\\/10\\\/FRUTOS-DEL-SINODO-ESP.jpeg\",\"width\":1280,\"height\":720},{\"@type\":\"BreadcrumbList\",\"@id\":\"https:\\\/\\\/www.repam.net\\\/es\\\/frutos-del-sinodo-amazonico\\\/#breadcrumb\",\"itemListElement\":[{\"@type\":\"ListItem\",\"position\":1,\"name\":\"Inicio\",\"item\":\"https:\\\/\\\/www.repam.net\\\/es\\\/\"},{\"@type\":\"ListItem\",\"position\":2,\"name\":\"Frutos del S\u00ednodo Amaz\u00f3nico\"}]},{\"@type\":\"WebSite\",\"@id\":\"https:\\\/\\\/www.repam.net\\\/es\\\/#website\",\"url\":\"https:\\\/\\\/www.repam.net\\\/es\\\/\",\"name\":\"REPAM\",\"description\":\"Red Eclesial Panamaz\u00f3nica\",\"publisher\":{\"@id\":\"https:\\\/\\\/www.repam.net\\\/es\\\/#organization\"},\"potentialAction\":[{\"@type\":\"SearchAction\",\"target\":{\"@type\":\"EntryPoint\",\"urlTemplate\":\"https:\\\/\\\/www.repam.net\\\/es\\\/?s={search_term_string}\"},\"query-input\":{\"@type\":\"PropertyValueSpecification\",\"valueRequired\":true,\"valueName\":\"search_term_string\"}}],\"inLanguage\":\"es-CO\"},{\"@type\":\"Organization\",\"@id\":\"https:\\\/\\\/www.repam.net\\\/es\\\/#organization\",\"name\":\"REPAM\",\"url\":\"https:\\\/\\\/www.repam.net\\\/es\\\/\",\"logo\":{\"@type\":\"ImageObject\",\"inLanguage\":\"es-CO\",\"@id\":\"https:\\\/\\\/www.repam.net\\\/es\\\/#\\\/schema\\\/logo\\\/image\\\/\",\"url\":\"https:\\\/\\\/www.repam.net\\\/es\\\/wp-content\\\/uploads\\\/2021\\\/11\\\/cropped-favicon.png\",\"contentUrl\":\"https:\\\/\\\/www.repam.net\\\/es\\\/wp-content\\\/uploads\\\/2021\\\/11\\\/cropped-favicon.png\",\"width\":512,\"height\":512,\"caption\":\"REPAM\"},\"image\":{\"@id\":\"https:\\\/\\\/www.repam.net\\\/es\\\/#\\\/schema\\\/logo\\\/image\\\/\"}}]}<\/script>\n<!-- \/ Yoast SEO plugin. -->","yoast_head_json":{"title":"Frutos del S\u00ednodo Amaz\u00f3nico - REPAM","robots":{"index":"index","follow":"follow","max-snippet":"max-snippet:-1","max-image-preview":"max-image-preview:large","max-video-preview":"max-video-preview:-1"},"canonical":"https:\/\/www.repam.net\/es\/frutos-del-sinodo-amazonico\/","og_locale":"es_ES","og_type":"article","og_title":"Frutos del S\u00ednodo Amaz\u00f3nico - REPAM","og_description":"Iglesia de Am\u00e9rica Latina lanza campa\u00f1a para celebrar tres a\u00f1os de camino postsinodal y presentar algunos avances a la luz de las propuestas del Documento Final y de la exhortaci\u00f3n postsinodal Querida Amazon\u00eda desde los cuatros sue\u00f1os del Papa Francisco: social, cultural, ecol\u00f3gico y eclesial.&nbsp; A partir de los relatos y testimonios concretos de diversas [&hellip;]","og_url":"https:\/\/www.repam.net\/es\/frutos-del-sinodo-amazonico\/","og_site_name":"REPAM","article_modified_time":"2023-06-06T12:32:09+00:00","og_image":[{"width":1280,"height":720,"url":"https:\/\/www.repam.net\/es\/wp-content\/uploads\/2022\/10\/FRUTOS-DEL-SINODO-ESP.jpeg","type":"image\/jpeg"}],"twitter_card":"summary_large_image","twitter_misc":{"Tiempo de lectura":"3 minutos"},"schema":{"@context":"https:\/\/schema.org","@graph":[{"@type":"WebPage","@id":"https:\/\/www.repam.net\/es\/frutos-del-sinodo-amazonico\/","url":"https:\/\/www.repam.net\/es\/frutos-del-sinodo-amazonico\/","name":"Frutos del S\u00ednodo Amaz\u00f3nico - REPAM","isPartOf":{"@id":"https:\/\/www.repam.net\/es\/#website"},"primaryImageOfPage":{"@id":"https:\/\/www.repam.net\/es\/frutos-del-sinodo-amazonico\/#primaryimage"},"image":{"@id":"https:\/\/www.repam.net\/es\/frutos-del-sinodo-amazonico\/#primaryimage"},"thumbnailUrl":"https:\/\/www.repam.net\/es\/wp-content\/uploads\/2022\/10\/FRUTOS-DEL-SINODO-ESP.jpeg","datePublished":"2022-10-06T15:34:19+00:00","dateModified":"2023-06-06T12:32:09+00:00","breadcrumb":{"@id":"https:\/\/www.repam.net\/es\/frutos-del-sinodo-amazonico\/#breadcrumb"},"inLanguage":"es-CO","potentialAction":[{"@type":"ReadAction","target":["https:\/\/www.repam.net\/es\/frutos-del-sinodo-amazonico\/"]}]},{"@type":"ImageObject","inLanguage":"es-CO","@id":"https:\/\/www.repam.net\/es\/frutos-del-sinodo-amazonico\/#primaryimage","url":"https:\/\/www.repam.net\/es\/wp-content\/uploads\/2022\/10\/FRUTOS-DEL-SINODO-ESP.jpeg","contentUrl":"https:\/\/www.repam.net\/es\/wp-content\/uploads\/2022\/10\/FRUTOS-DEL-SINODO-ESP.jpeg","width":1280,"height":720},{"@type":"BreadcrumbList","@id":"https:\/\/www.repam.net\/es\/frutos-del-sinodo-amazonico\/#breadcrumb","itemListElement":[{"@type":"ListItem","position":1,"name":"Inicio","item":"https:\/\/www.repam.net\/es\/"},{"@type":"ListItem","position":2,"name":"Frutos del S\u00ednodo Amaz\u00f3nico"}]},{"@type":"WebSite","@id":"https:\/\/www.repam.net\/es\/#website","url":"https:\/\/www.repam.net\/es\/","name":"REPAM","description":"Red Eclesial Panamaz\u00f3nica","publisher":{"@id":"https:\/\/www.repam.net\/es\/#organization"},"potentialAction":[{"@type":"SearchAction","target":{"@type":"EntryPoint","urlTemplate":"https:\/\/www.repam.net\/es\/?s={search_term_string}"},"query-input":{"@type":"PropertyValueSpecification","valueRequired":true,"valueName":"search_term_string"}}],"inLanguage":"es-CO"},{"@type":"Organization","@id":"https:\/\/www.repam.net\/es\/#organization","name":"REPAM","url":"https:\/\/www.repam.net\/es\/","logo":{"@type":"ImageObject","inLanguage":"es-CO","@id":"https:\/\/www.repam.net\/es\/#\/schema\/logo\/image\/","url":"https:\/\/www.repam.net\/es\/wp-content\/uploads\/2021\/11\/cropped-favicon.png","contentUrl":"https:\/\/www.repam.net\/es\/wp-content\/uploads\/2021\/11\/cropped-favicon.png","width":512,"height":512,"caption":"REPAM"},"image":{"@id":"https:\/\/www.repam.net\/es\/#\/schema\/logo\/image\/"}}]}},"_links":{"self":[{"href":"https:\/\/www.repam.net\/es\/wp-json\/wp\/v2\/pages\/8674","targetHints":{"allow":["GET"]}}],"collection":[{"href":"https:\/\/www.repam.net\/es\/wp-json\/wp\/v2\/pages"}],"about":[{"href":"https:\/\/www.repam.net\/es\/wp-json\/wp\/v2\/types\/page"}],"author":[{"embeddable":true,"href":"https:\/\/www.repam.net\/es\/wp-json\/wp\/v2\/users\/1"}],"replies":[{"embeddable":true,"href":"https:\/\/www.repam.net\/es\/wp-json\/wp\/v2\/comments?post=8674"}],"version-history":[{"count":18,"href":"https:\/\/www.repam.net\/es\/wp-json\/wp\/v2\/pages\/8674\/revisions"}],"predecessor-version":[{"id":10207,"href":"https:\/\/www.repam.net\/es\/wp-json\/wp\/v2\/pages\/8674\/revisions\/10207"}],"wp:featuredmedia":[{"embeddable":true,"href":"https:\/\/www.repam.net\/es\/wp-json\/wp\/v2\/media\/8665"}],"wp:attachment":[{"href":"https:\/\/www.repam.net\/es\/wp-json\/wp\/v2\/media?parent=8674"}],"curies":[{"name":"wp","href":"https:\/\/api.w.org\/{rel}","templated":true}]}}