{"version":"1.0","provider_name":"Repam","provider_url":"https:\/\/www.repam.net\/pt","author_name":"repam@adm","author_url":"https:\/\/www.repam.net\/pt\/author\/repamadm\/","title":"4\u00ba anivers\u00e1rio da exorta\u00e7\u00e3o apost\u00f3lica \u201cQuerida Amaz\u00f4nia\u201d - Repam","type":"rich","width":600,"height":338,"html":"<blockquote class=\"wp-embedded-content\" data-secret=\"TM8YcnXzYd\"><a href=\"https:\/\/www.repam.net\/pt\/4o-aniversario-da-exortacao-apostolica-querida-amazonia\/\">4\u00ba anivers\u00e1rio da exorta\u00e7\u00e3o apost\u00f3lica \u201cQuerida Amaz\u00f4nia\u201d<\/a><\/blockquote><iframe sandbox=\"allow-scripts\" security=\"restricted\" src=\"https:\/\/www.repam.net\/pt\/4o-aniversario-da-exortacao-apostolica-querida-amazonia\/embed\/#?secret=TM8YcnXzYd\" width=\"600\" height=\"338\" title=\"&#8220;4\u00ba anivers\u00e1rio da exorta\u00e7\u00e3o apost\u00f3lica \u201cQuerida Amaz\u00f4nia\u201d&#8221; &#8212; Repam\" data-secret=\"TM8YcnXzYd\" frameborder=\"0\" marginwidth=\"0\" marginheight=\"0\" scrolling=\"no\" class=\"wp-embedded-content\"><\/iframe><script type=\"text\/javascript\">\n\/* <![CDATA[ *\/\n\/*! This file is auto-generated *\/\n!function(d,l){\"use strict\";l.querySelector&&d.addEventListener&&\"undefined\"!=typeof URL&&(d.wp=d.wp||{},d.wp.receiveEmbedMessage||(d.wp.receiveEmbedMessage=function(e){var t=e.data;if((t||t.secret||t.message||t.value)&&!\/[^a-zA-Z0-9]\/.test(t.secret)){for(var s,r,n,a=l.querySelectorAll('iframe[data-secret=\"'+t.secret+'\"]'),o=l.querySelectorAll('blockquote[data-secret=\"'+t.secret+'\"]'),c=new RegExp(\"^https?:$\",\"i\"),i=0;i<o.length;i++)o[i].style.display=\"none\";for(i=0;i<a.length;i++)s=a[i],e.source===s.contentWindow&&(s.removeAttribute(\"style\"),\"height\"===t.message?(1e3<(r=parseInt(t.value,10))?r=1e3:~~r<200&&(r=200),s.height=r):\"link\"===t.message&&(r=new URL(s.getAttribute(\"src\")),n=new URL(t.value),c.test(n.protocol))&&n.host===r.host&&l.activeElement===s&&(d.top.location.href=t.value))}},d.addEventListener(\"message\",d.wp.receiveEmbedMessage,!1),l.addEventListener(\"DOMContentLoaded\",function(){for(var e,t,s=l.querySelectorAll(\"iframe.wp-embedded-content\"),r=0;r<s.length;r++)(t=(e=s[r]).getAttribute(\"data-secret\"))||(t=Math.random().toString(36).substring(2,12),e.src+=\"#?secret=\"+t,e.setAttribute(\"data-secret\",t)),e.contentWindow.postMessage({message:\"ready\",secret:t},\"*\")},!1)))}(window,document);\n\/\/# sourceURL=https:\/\/www.repam.net\/pt\/wp-includes\/js\/wp-embed.min.js\n\/* ]]> *\/\n<\/script>\n","thumbnail_url":"https:\/\/www.repam.net\/pt\/wp-content\/uploads\/2024\/02\/QA.jpeg","thumbnail_width":1243,"thumbnail_height":628,"description":"Celebramos o 4\u00ba anivers\u00e1rio da publica\u00e7\u00e3o da exorta\u00e7\u00e3o apost\u00f3lica \u201cQuerida Amaz\u00f4nia\u201d, lan\u00e7ada em fevereiro de 2020. Trata-se de um documento promulgado pelo Papa Francisco, que trata dos desafios e apelos ao cuidado da Amaz\u00f4nia e de toda a Casa Comum. Por Comunica\u00e7\u00e3o REPAM Por ocasi\u00e3o do 4\u00ba anivers\u00e1rio de publica\u00e7\u00e3o da \u201cQuerida Amaz\u00f4nia\u201d, o Irm\u00e3o [&hellip;]"}