{"version":"1.0","provider_name":"Repam","provider_url":"https:\/\/www.repam.net\/pt","author_name":"repam@adm","author_url":"https:\/\/www.repam.net\/pt\/author\/repamadm\/","title":"Brasil: Abandono no Alto Solim\u00f5es - Repam","type":"rich","width":600,"height":338,"html":"<blockquote class=\"wp-embedded-content\" data-secret=\"YRiujwr9VE\"><a href=\"https:\/\/www.repam.net\/pt\/brasil-abandono-no-alto-solimoes\/\">Brasil: Abandono no Alto Solim\u00f5es<\/a><\/blockquote><iframe sandbox=\"allow-scripts\" security=\"restricted\" src=\"https:\/\/www.repam.net\/pt\/brasil-abandono-no-alto-solimoes\/embed\/#?secret=YRiujwr9VE\" width=\"600\" height=\"338\" title=\"&#8220;Brasil: Abandono no Alto Solim\u00f5es&#8221; &#8212; Repam\" data-secret=\"YRiujwr9VE\" frameborder=\"0\" marginwidth=\"0\" marginheight=\"0\" scrolling=\"no\" class=\"wp-embedded-content\"><\/iframe><script type=\"text\/javascript\">\n\/* <![CDATA[ *\/\n\/*! This file is auto-generated *\/\n!function(d,l){\"use strict\";l.querySelector&&d.addEventListener&&\"undefined\"!=typeof URL&&(d.wp=d.wp||{},d.wp.receiveEmbedMessage||(d.wp.receiveEmbedMessage=function(e){var t=e.data;if((t||t.secret||t.message||t.value)&&!\/[^a-zA-Z0-9]\/.test(t.secret)){for(var s,r,n,a=l.querySelectorAll('iframe[data-secret=\"'+t.secret+'\"]'),o=l.querySelectorAll('blockquote[data-secret=\"'+t.secret+'\"]'),c=new RegExp(\"^https?:$\",\"i\"),i=0;i<o.length;i++)o[i].style.display=\"none\";for(i=0;i<a.length;i++)s=a[i],e.source===s.contentWindow&&(s.removeAttribute(\"style\"),\"height\"===t.message?(1e3<(r=parseInt(t.value,10))?r=1e3:~~r<200&&(r=200),s.height=r):\"link\"===t.message&&(r=new URL(s.getAttribute(\"src\")),n=new URL(t.value),c.test(n.protocol))&&n.host===r.host&&l.activeElement===s&&(d.top.location.href=t.value))}},d.addEventListener(\"message\",d.wp.receiveEmbedMessage,!1),l.addEventListener(\"DOMContentLoaded\",function(){for(var e,t,s=l.querySelectorAll(\"iframe.wp-embedded-content\"),r=0;r<s.length;r++)(t=(e=s[r]).getAttribute(\"data-secret\"))||(t=Math.random().toString(36).substring(2,12),e.src+=\"#?secret=\"+t,e.setAttribute(\"data-secret\",t)),e.contentWindow.postMessage({message:\"ready\",secret:t},\"*\")},!1)))}(window,document);\n\/\/# sourceURL=https:\/\/www.repam.net\/pt\/wp-includes\/js\/wp-embed.min.js\n\/* ]]> *\/\n<\/script>\n","thumbnail_url":"https:\/\/www.repam.net\/pt\/wp-content\/uploads\/2024\/11\/2024-11-07-Auditor-Federal-TCU-Foto-caciques-Fr.-Paolo-18.jpeg","thumbnail_width":1600,"thumbnail_height":897,"description":"\u00c9ric Bragan\u00e7a, auditor federal do TC (Tribunal de contas da uni\u00e3o), na Igreja S\u00e3o Francisco em Bel\u00e9m do Solim\u00f5es (maior aldeia ind\u00edgena do BRASIL) no dia 07 de novembro de 2024, acompanhado por representantes da\u00a0FUNAI e pelos Frades Menores Capuchinos\u00a0(Par\u00f3quia S\u00e3o Francisco de Assis), pela primeira vez,\u00a0visita e escuta as lideran\u00e7as ind\u00edgenas do Alto Solim\u00f5es, principalmente das Terras Ind\u00edgenas Demarcadas EWARE I, EWARE II, FEIJOAL e Bet\u00e2nia."}