{"version":"1.0","provider_name":"Repam","provider_url":"https:\/\/www.repam.net\/pt","author_name":"repam@adm","author_url":"https:\/\/www.repam.net\/pt\/author\/repamadm\/","title":"Ind\u00edgena mission\u00e1rio \u00e9 ordenado presb\u00edtero na Amaz\u00f4nia brasileira - Repam","type":"rich","width":600,"height":338,"html":"<blockquote class=\"wp-embedded-content\" data-secret=\"yB6HDPZVen\"><a href=\"https:\/\/www.repam.net\/pt\/indigena-missionario-e-ordenado-presbitero-na-amazonia-brasileira\/\">Ind\u00edgena mission\u00e1rio \u00e9 ordenado presb\u00edtero na Amaz\u00f4nia brasileira<\/a><\/blockquote><iframe sandbox=\"allow-scripts\" security=\"restricted\" src=\"https:\/\/www.repam.net\/pt\/indigena-missionario-e-ordenado-presbitero-na-amazonia-brasileira\/embed\/#?secret=yB6HDPZVen\" width=\"600\" height=\"338\" title=\"&#8220;Ind\u00edgena mission\u00e1rio \u00e9 ordenado presb\u00edtero na Amaz\u00f4nia brasileira&#8221; &#8212; Repam\" data-secret=\"yB6HDPZVen\" frameborder=\"0\" marginwidth=\"0\" marginheight=\"0\" scrolling=\"no\" class=\"wp-embedded-content\"><\/iframe><script type=\"text\/javascript\">\n\/* <![CDATA[ *\/\n\/*! This file is auto-generated *\/\n!function(d,l){\"use strict\";l.querySelector&&d.addEventListener&&\"undefined\"!=typeof URL&&(d.wp=d.wp||{},d.wp.receiveEmbedMessage||(d.wp.receiveEmbedMessage=function(e){var t=e.data;if((t||t.secret||t.message||t.value)&&!\/[^a-zA-Z0-9]\/.test(t.secret)){for(var s,r,n,a=l.querySelectorAll('iframe[data-secret=\"'+t.secret+'\"]'),o=l.querySelectorAll('blockquote[data-secret=\"'+t.secret+'\"]'),c=new RegExp(\"^https?:$\",\"i\"),i=0;i<o.length;i++)o[i].style.display=\"none\";for(i=0;i<a.length;i++)s=a[i],e.source===s.contentWindow&&(s.removeAttribute(\"style\"),\"height\"===t.message?(1e3<(r=parseInt(t.value,10))?r=1e3:~~r<200&&(r=200),s.height=r):\"link\"===t.message&&(r=new URL(s.getAttribute(\"src\")),n=new URL(t.value),c.test(n.protocol))&&n.host===r.host&&l.activeElement===s&&(d.top.location.href=t.value))}},d.addEventListener(\"message\",d.wp.receiveEmbedMessage,!1),l.addEventListener(\"DOMContentLoaded\",function(){for(var e,t,s=l.querySelectorAll(\"iframe.wp-embedded-content\"),r=0;r<s.length;r++)(t=(e=s[r]).getAttribute(\"data-secret\"))||(t=Math.random().toString(36).substring(2,12),e.src+=\"#?secret=\"+t,e.setAttribute(\"data-secret\",t)),e.contentWindow.postMessage({message:\"ready\",secret:t},\"*\")},!1)))}(window,document);\n\/\/# sourceURL=https:\/\/www.repam.net\/pt\/wp-includes\/js\/wp-embed.min.js\n\/* ]]> *\/\n<\/script>\n","thumbnail_url":"https:\/\/www.repam.net\/pt\/wp-content\/uploads\/2022\/09\/Ordenacao-Inacio-Cordeiro-1.jpeg","thumbnail_width":1280,"thumbnail_height":853,"description":"O Neopresb\u00edtero In\u00e1cio Cordeiro Padr\u00e3o, ind\u00edgena bar\u00e9 e mission\u00e1rio da Consolata, foi ordenado presb\u00edtero pelo Cardeal Leonardo Steiner na par\u00f3quia Santa Luzia, em Manaus. Por J\u00falio Caldeira IMC Em celebra\u00e7\u00e3o realizada na par\u00f3quia Santa Luzia na noite de 17 de setembro, o jovem mission\u00e1rio In\u00e1cio Cordeiro Padr\u00e3o foi ordenado presb\u00edtero pela ora\u00e7\u00e3o e imposi\u00e7\u00e3o das [&hellip;]"}