{"id":16,"date":"2022-01-21T10:56:32","date_gmt":"2022-01-21T13:56:32","guid":{"rendered":"http:\/\/repam.net\/pt\/?page_id=16"},"modified":"2026-02-12T11:51:34","modified_gmt":"2026-02-12T14:51:34","slug":"quem-somos","status":"publish","type":"page","link":"https:\/\/www.repam.net\/pt\/quem-somos\/","title":{"rendered":"Quem Somos"},"content":{"rendered":"\n<p>A REPAM \u00e9 um organismo eclesial, nascido em setembro de 2014, como resultado do caminho percorrido pela Igreja prof\u00e9tica e encarnada neste territ\u00f3rio, fundada:&nbsp;<\/p>\n\n\n\n<div class=\"wp-block-columns is-layout-flex wp-container-core-columns-is-layout-9d6595d7 wp-block-columns-is-layout-flex\">\n<div class=\"wp-block-column is-layout-flow wp-block-column-is-layout-flow\">\n<figure class=\"wp-block-image size-full\"><img loading=\"lazy\" decoding=\"async\" width=\"232\" height=\"232\" src=\"https:\/\/www.repam.net\/pt\/wp-content\/uploads\/2022\/02\/logo_celam.png\" alt=\"\" class=\"wp-image-359\" srcset=\"https:\/\/www.repam.net\/pt\/wp-content\/uploads\/2022\/02\/logo_celam.png 232w, https:\/\/www.repam.net\/pt\/wp-content\/uploads\/2022\/02\/logo_celam-150x150.png 150w\" sizes=\"auto, (max-width: 232px) 100vw, 232px\" \/><figcaption class=\"wp-element-caption\"><strong>Conselho Episcopal Latino-Americano \u2013 CELAM<\/strong><meta charset=\"utf-8\"><\/figcaption><\/figure>\n\n\n\n<p><\/p>\n<\/div>\n\n\n\n<div class=\"wp-block-column is-layout-flow wp-block-column-is-layout-flow\">\n<figure class=\"wp-block-image size-full\"><img loading=\"lazy\" decoding=\"async\" width=\"232\" height=\"232\" src=\"https:\/\/www.repam.net\/pt\/wp-content\/uploads\/2022\/02\/logo-clar.png\" alt=\"\" class=\"wp-image-361\" srcset=\"https:\/\/www.repam.net\/pt\/wp-content\/uploads\/2022\/02\/logo-clar.png 232w, https:\/\/www.repam.net\/pt\/wp-content\/uploads\/2022\/02\/logo-clar-150x150.png 150w\" sizes=\"auto, (max-width: 232px) 100vw, 232px\" \/><figcaption class=\"wp-element-caption\"><strong>Confedera\u00e7\u00e3o Latino-Americana e Caribenha de Religiosas\/os<\/strong><\/figcaption><\/figure>\n<\/div>\n\n\n\n<div class=\"wp-block-column is-layout-flow wp-block-column-is-layout-flow\">\n<figure class=\"wp-block-image size-full\"><img loading=\"lazy\" decoding=\"async\" width=\"232\" height=\"232\" src=\"https:\/\/www.repam.net\/pt\/wp-content\/uploads\/2022\/02\/logo-caritas-1.png\" alt=\"\" class=\"wp-image-362\" srcset=\"https:\/\/www.repam.net\/pt\/wp-content\/uploads\/2022\/02\/logo-caritas-1.png 232w, https:\/\/www.repam.net\/pt\/wp-content\/uploads\/2022\/02\/logo-caritas-1-150x150.png 150w\" sizes=\"auto, (max-width: 232px) 100vw, 232px\" \/><figcaption class=\"wp-element-caption\"><strong>C\u00e1ritas da Am\u00e9rica Latina e do Caribe<\/strong><\/figcaption><\/figure>\n<\/div>\n\n\n\n<div class=\"wp-block-column is-layout-flow wp-block-column-is-layout-flow\">\n<figure class=\"wp-block-image size-full\"><img loading=\"lazy\" decoding=\"async\" width=\"232\" height=\"232\" src=\"https:\/\/www.repam.net\/pt\/wp-content\/uploads\/2022\/02\/logo-cnbb.png\" alt=\"\" class=\"wp-image-363\" srcset=\"https:\/\/www.repam.net\/pt\/wp-content\/uploads\/2022\/02\/logo-cnbb.png 232w, https:\/\/www.repam.net\/pt\/wp-content\/uploads\/2022\/02\/logo-cnbb-150x150.png 150w\" sizes=\"auto, (max-width: 232px) 100vw, 232px\" \/><figcaption class=\"wp-element-caption\"><strong>Comiss\u00e3o para a Amaz\u00f4nia da Confer\u00eancia Nacional dos Bispos do Brasil (CNBB)<\/strong><\/figcaption><\/figure>\n<\/div>\n<\/div>\n\n\n\n<p>\u00c9 uma plataforma de articula\u00e7\u00e3o sinodal, de partilha de experi\u00eancias e servi\u00e7os para responder \u00e0s necessidades do territ\u00f3rio dos 8 pa\u00edses e 1 territ\u00f3rio ultramar da Pan-Amaz\u00f4nia (Bol\u00edvia, Brasil, Col\u00f4mbia, Equador, Guiana, Guiana Francesa, Peru, Suriname e Venezuela).&nbsp;<\/p>\n\n\n<div class=\"wp-block-image\">\n<figure class=\"aligncenter size-full\"><img loading=\"lazy\" decoding=\"async\" width=\"1024\" height=\"366\" src=\"https:\/\/www.repam.net\/pt\/wp-content\/uploads\/2022\/02\/Amazoni\u0301a.jpg\" alt=\"\" class=\"wp-image-355\" srcset=\"https:\/\/www.repam.net\/pt\/wp-content\/uploads\/2022\/02\/Amazoni\u0301a.jpg 1024w, https:\/\/www.repam.net\/pt\/wp-content\/uploads\/2022\/02\/Amazoni\u0301a-300x107.jpg 300w, https:\/\/www.repam.net\/pt\/wp-content\/uploads\/2022\/02\/Amazoni\u0301a-768x275.jpg 768w\" sizes=\"auto, (max-width: 1024px) 100vw, 1024px\" \/><\/figure>\n<\/div>\n\n\n<h2 class=\"wp-block-heading\">SER REDE A SERVI\u00c7O DOS POVOS&nbsp;<\/h2>\n\n\n\n<p><em><strong>Somos uma Rede<\/strong><\/em> que cultiva, cuida e fortalece processos horizontais com os povos e organiza\u00e7\u00f5es eclesiais da Amaz\u00f4nia e de outros territ\u00f3rios. Temos consci\u00eancia das din\u00e2micas pr\u00f3prias de ser uma Rede que deve encarnar-se na vida cotidiana dos povos, promovendo encontros comprometidos e sens\u00edveis, mas que tamb\u00e9m seja capaz de mover outras esferas de conscientiza\u00e7\u00e3o e incid\u00eancia.&nbsp;<\/p>\n\n\n\n<p><em><strong>Somos uma Rede<\/strong><\/em> Eclesial porque assumimos o an\u00fancio e a constru\u00e7\u00e3o do Reino da Vida, a partir do Evangelho. Para isso, refor\u00e7amos o que faz a Igreja no territ\u00f3rio Amaz\u00f4nico e mobilizamos os esfor\u00e7os de diferentes organiza\u00e7\u00f5es, grupos pastorais, movimentos, congrega\u00e7\u00f5es e outros atores eclesiais. Nossa hist\u00f3ria como rede \u00e9 o resultado de todas estas express\u00f5es, especialmente das organiza\u00e7\u00f5es fundadoras da REPAM: CELAM, SELACC, CLAR e CNBB.&nbsp;<\/p>\n\n\n\n<p><em><strong>Somos a Rede<\/strong><\/em> Eclesial Pan-Amaz\u00f4nica. O territ\u00f3rio de nossa a\u00e7\u00e3o \u00e9, essencialmente, a bacia Amaz\u00f4nica, que abrange nove pa\u00edses sul-americanos. Nosso territ\u00f3rio \u00e9 bem mais que geografia ou conceito. A Pan-Amaz\u00f4nia \u00e9 o lugar onde os diferentes povos constroem e realizam seus projetos de vida. O territ\u00f3rio \u00e9 tamb\u00e9m o conjunto de Igrejas particulares com suas par\u00f3quias e comunidades. A Pan-Amaz\u00f4nia \u00e9 um territ\u00f3rio onde a vida pulsa com muita beleza, apesar das amea\u00e7as. Por isso, assumimos este lugar como territ\u00f3rio para nossa a\u00e7\u00e3o pastoral a favor do Reino da Vida.&nbsp;<\/p>\n\n\n\n<p><strong>Vis\u00e3o: <\/strong>ser fonte de vida na Pan-Amaz\u00f4nia, em busca de novos caminhos para a Igreja e para uma ecologia integral.\u00a0<\/p>\n\n\n\n<p><strong>Miss\u00e3o:<\/strong> promover o Reino da Vida, no cuidado dos povos, territ\u00f3rios e ecossistemas Amaz\u00f4nicos, atrav\u00e9s de uma a\u00e7\u00e3o s\u00f3cioeclesial articulada em rede.<\/p>\n\n\n\n<div style=\"height:40px\" aria-hidden=\"true\" class=\"wp-block-spacer\"><\/div>\n\n\n\n<p class=\"has-text-align-center\"><a rel=\"noreferrer noopener\" href=\"https:\/\/www.repam.net\/pt\/wp-content\/uploads\/2022\/01\/Memoria.Encuentro.Fundacional.REPAM_.Sept_.2014.pdf\" target=\"_blank\">Mem\u00f3ria do Encontro Fundacional da REPAM \u2013 setembro de 2014 (PDF)<\/a><\/p>\n\n\n\n<div style=\"height:40px\" aria-hidden=\"true\" class=\"wp-block-spacer\"><\/div>\n\n\n<div class=\"wp-block-image\">\n<figure class=\"aligncenter size-large\"><img loading=\"lazy\" decoding=\"async\" width=\"1024\" height=\"576\" src=\"https:\/\/www.repam.net\/pt\/wp-content\/uploads\/2026\/02\/PRESIDENCIA-PT-1-1024x576.png\" alt=\"\" class=\"wp-image-4083\" srcset=\"https:\/\/www.repam.net\/pt\/wp-content\/uploads\/2026\/02\/PRESIDENCIA-PT-1-1024x576.png 1024w, https:\/\/www.repam.net\/pt\/wp-content\/uploads\/2026\/02\/PRESIDENCIA-PT-1-300x169.png 300w, https:\/\/www.repam.net\/pt\/wp-content\/uploads\/2026\/02\/PRESIDENCIA-PT-1-768x432.png 768w, https:\/\/www.repam.net\/pt\/wp-content\/uploads\/2026\/02\/PRESIDENCIA-PT-1-1536x864.png 1536w, https:\/\/www.repam.net\/pt\/wp-content\/uploads\/2026\/02\/PRESIDENCIA-PT-1.png 1920w\" sizes=\"auto, (max-width: 1024px) 100vw, 1024px\" \/><\/figure>\n<\/div>","protected":false},"excerpt":{"rendered":"<p>A REPAM \u00e9 um organismo eclesial, nascido em setembro de 2014, como resultado do caminho percorrido pela Igreja prof\u00e9tica e encarnada neste territ\u00f3rio, fundada:&nbsp; \u00c9 uma plataforma de articula\u00e7\u00e3o sinodal, de partilha de experi\u00eancias e servi\u00e7os para responder \u00e0s necessidades do territ\u00f3rio dos 8 pa\u00edses e 1 territ\u00f3rio ultramar da Pan-Amaz\u00f4nia (Bol\u00edvia, Brasil, Col\u00f4mbia, Equador, [&hellip;]<\/p>\n","protected":false},"author":1,"featured_media":0,"parent":0,"menu_order":0,"comment_status":"closed","ping_status":"closed","template":"","meta":{"_acf_changed":false,"_uf_show_specific_survey":0,"_uf_disable_surveys":false,"footnotes":""},"class_list":["post-16","page","type-page","status-publish","hentry"],"acf":[],"aioseo_notices":[],"yoast_head":"<!-- This site is optimized with the Yoast SEO plugin v24.2 - https:\/\/yoast.com\/wordpress\/plugins\/seo\/ -->\n<title>Quem Somos - Repam<\/title>\n<meta name=\"robots\" content=\"index, follow, max-snippet:-1, max-image-preview:large, max-video-preview:-1\" \/>\n<link rel=\"canonical\" href=\"https:\/\/www.repam.net\/pt\/quem-somos\/\" \/>\n<meta property=\"og:locale\" content=\"pt_BR\" \/>\n<meta property=\"og:type\" content=\"article\" \/>\n<meta property=\"og:title\" content=\"Quem Somos - Repam\" \/>\n<meta property=\"og:description\" content=\"A REPAM \u00e9 um organismo eclesial, nascido em setembro de 2014, como resultado do caminho percorrido pela Igreja prof\u00e9tica e encarnada neste territ\u00f3rio, fundada:&nbsp; \u00c9 uma plataforma de articula\u00e7\u00e3o sinodal, de partilha de experi\u00eancias e servi\u00e7os para responder \u00e0s necessidades do territ\u00f3rio dos 8 pa\u00edses e 1 territ\u00f3rio ultramar da Pan-Amaz\u00f4nia (Bol\u00edvia, Brasil, Col\u00f4mbia, Equador, [&hellip;]\" \/>\n<meta property=\"og:url\" content=\"https:\/\/www.repam.net\/pt\/quem-somos\/\" \/>\n<meta property=\"og:site_name\" content=\"Repam\" \/>\n<meta property=\"article:modified_time\" content=\"2026-02-12T14:51:34+00:00\" \/>\n<meta property=\"og:image\" content=\"https:\/\/www.repam.net\/pt\/wp-content\/uploads\/2022\/02\/logo_celam.png\" \/>\n\t<meta property=\"og:image:width\" content=\"232\" \/>\n\t<meta property=\"og:image:height\" content=\"232\" \/>\n\t<meta property=\"og:image:type\" content=\"image\/png\" \/>\n<meta name=\"twitter:card\" content=\"summary_large_image\" \/>\n<meta name=\"twitter:label1\" content=\"Est. tempo de leitura\" \/>\n\t<meta name=\"twitter:data1\" content=\"4 minutos\" \/>\n<script type=\"application\/ld+json\" class=\"yoast-schema-graph\">{\"@context\":\"https:\/\/schema.org\",\"@graph\":[{\"@type\":\"WebPage\",\"@id\":\"https:\/\/www.repam.net\/pt\/quem-somos\/\",\"url\":\"https:\/\/www.repam.net\/pt\/quem-somos\/\",\"name\":\"Quem Somos - Repam\",\"isPartOf\":{\"@id\":\"https:\/\/www.repam.net\/pt\/#website\"},\"primaryImageOfPage\":{\"@id\":\"https:\/\/www.repam.net\/pt\/quem-somos\/#primaryimage\"},\"image\":{\"@id\":\"https:\/\/www.repam.net\/pt\/quem-somos\/#primaryimage\"},\"thumbnailUrl\":\"https:\/\/www.repam.net\/pt\/wp-content\/uploads\/2022\/02\/logo_celam.png\",\"datePublished\":\"2022-01-21T13:56:32+00:00\",\"dateModified\":\"2026-02-12T14:51:34+00:00\",\"breadcrumb\":{\"@id\":\"https:\/\/www.repam.net\/pt\/quem-somos\/#breadcrumb\"},\"inLanguage\":\"pt-BR\",\"potentialAction\":[{\"@type\":\"ReadAction\",\"target\":[\"https:\/\/www.repam.net\/pt\/quem-somos\/\"]}]},{\"@type\":\"ImageObject\",\"inLanguage\":\"pt-BR\",\"@id\":\"https:\/\/www.repam.net\/pt\/quem-somos\/#primaryimage\",\"url\":\"https:\/\/www.repam.net\/pt\/wp-content\/uploads\/2022\/02\/logo_celam.png\",\"contentUrl\":\"https:\/\/www.repam.net\/pt\/wp-content\/uploads\/2022\/02\/logo_celam.png\",\"width\":232,\"height\":232},{\"@type\":\"BreadcrumbList\",\"@id\":\"https:\/\/www.repam.net\/pt\/quem-somos\/#breadcrumb\",\"itemListElement\":[{\"@type\":\"ListItem\",\"position\":1,\"name\":\"In\u00edcio\",\"item\":\"https:\/\/www.repam.net\/pt\/\"},{\"@type\":\"ListItem\",\"position\":2,\"name\":\"Quem Somos\"}]},{\"@type\":\"WebSite\",\"@id\":\"https:\/\/www.repam.net\/pt\/#website\",\"url\":\"https:\/\/www.repam.net\/pt\/\",\"name\":\"Repam\",\"description\":\"Rede Eclesial Pan-amaz\u00f4nica\",\"publisher\":{\"@id\":\"https:\/\/www.repam.net\/pt\/#organization\"},\"potentialAction\":[{\"@type\":\"SearchAction\",\"target\":{\"@type\":\"EntryPoint\",\"urlTemplate\":\"https:\/\/www.repam.net\/pt\/?s={search_term_string}\"},\"query-input\":{\"@type\":\"PropertyValueSpecification\",\"valueRequired\":true,\"valueName\":\"search_term_string\"}}],\"inLanguage\":\"pt-BR\"},{\"@type\":\"Organization\",\"@id\":\"https:\/\/www.repam.net\/pt\/#organization\",\"name\":\"Repam\",\"url\":\"https:\/\/www.repam.net\/pt\/\",\"logo\":{\"@type\":\"ImageObject\",\"inLanguage\":\"pt-BR\",\"@id\":\"https:\/\/www.repam.net\/pt\/#\/schema\/logo\/image\/\",\"url\":\"https:\/\/www.repam.net\/pt\/wp-content\/uploads\/2022\/02\/15.-REPAM-BRASIL.jpg\",\"contentUrl\":\"https:\/\/www.repam.net\/pt\/wp-content\/uploads\/2022\/02\/15.-REPAM-BRASIL.jpg\",\"width\":231,\"height\":230,\"caption\":\"Repam\"},\"image\":{\"@id\":\"https:\/\/www.repam.net\/pt\/#\/schema\/logo\/image\/\"}}]}<\/script>\n<!-- \/ Yoast SEO plugin. -->","yoast_head_json":{"title":"Quem Somos - Repam","robots":{"index":"index","follow":"follow","max-snippet":"max-snippet:-1","max-image-preview":"max-image-preview:large","max-video-preview":"max-video-preview:-1"},"canonical":"https:\/\/www.repam.net\/pt\/quem-somos\/","og_locale":"pt_BR","og_type":"article","og_title":"Quem Somos - Repam","og_description":"A REPAM \u00e9 um organismo eclesial, nascido em setembro de 2014, como resultado do caminho percorrido pela Igreja prof\u00e9tica e encarnada neste territ\u00f3rio, fundada:&nbsp; \u00c9 uma plataforma de articula\u00e7\u00e3o sinodal, de partilha de experi\u00eancias e servi\u00e7os para responder \u00e0s necessidades do territ\u00f3rio dos 8 pa\u00edses e 1 territ\u00f3rio ultramar da Pan-Amaz\u00f4nia (Bol\u00edvia, Brasil, Col\u00f4mbia, Equador, [&hellip;]","og_url":"https:\/\/www.repam.net\/pt\/quem-somos\/","og_site_name":"Repam","article_modified_time":"2026-02-12T14:51:34+00:00","og_image":[{"width":232,"height":232,"url":"https:\/\/www.repam.net\/pt\/wp-content\/uploads\/2022\/02\/logo_celam.png","type":"image\/png"}],"twitter_card":"summary_large_image","twitter_misc":{"Est. tempo de leitura":"4 minutos"},"schema":{"@context":"https:\/\/schema.org","@graph":[{"@type":"WebPage","@id":"https:\/\/www.repam.net\/pt\/quem-somos\/","url":"https:\/\/www.repam.net\/pt\/quem-somos\/","name":"Quem Somos - Repam","isPartOf":{"@id":"https:\/\/www.repam.net\/pt\/#website"},"primaryImageOfPage":{"@id":"https:\/\/www.repam.net\/pt\/quem-somos\/#primaryimage"},"image":{"@id":"https:\/\/www.repam.net\/pt\/quem-somos\/#primaryimage"},"thumbnailUrl":"https:\/\/www.repam.net\/pt\/wp-content\/uploads\/2022\/02\/logo_celam.png","datePublished":"2022-01-21T13:56:32+00:00","dateModified":"2026-02-12T14:51:34+00:00","breadcrumb":{"@id":"https:\/\/www.repam.net\/pt\/quem-somos\/#breadcrumb"},"inLanguage":"pt-BR","potentialAction":[{"@type":"ReadAction","target":["https:\/\/www.repam.net\/pt\/quem-somos\/"]}]},{"@type":"ImageObject","inLanguage":"pt-BR","@id":"https:\/\/www.repam.net\/pt\/quem-somos\/#primaryimage","url":"https:\/\/www.repam.net\/pt\/wp-content\/uploads\/2022\/02\/logo_celam.png","contentUrl":"https:\/\/www.repam.net\/pt\/wp-content\/uploads\/2022\/02\/logo_celam.png","width":232,"height":232},{"@type":"BreadcrumbList","@id":"https:\/\/www.repam.net\/pt\/quem-somos\/#breadcrumb","itemListElement":[{"@type":"ListItem","position":1,"name":"In\u00edcio","item":"https:\/\/www.repam.net\/pt\/"},{"@type":"ListItem","position":2,"name":"Quem Somos"}]},{"@type":"WebSite","@id":"https:\/\/www.repam.net\/pt\/#website","url":"https:\/\/www.repam.net\/pt\/","name":"Repam","description":"Rede Eclesial Pan-amaz\u00f4nica","publisher":{"@id":"https:\/\/www.repam.net\/pt\/#organization"},"potentialAction":[{"@type":"SearchAction","target":{"@type":"EntryPoint","urlTemplate":"https:\/\/www.repam.net\/pt\/?s={search_term_string}"},"query-input":{"@type":"PropertyValueSpecification","valueRequired":true,"valueName":"search_term_string"}}],"inLanguage":"pt-BR"},{"@type":"Organization","@id":"https:\/\/www.repam.net\/pt\/#organization","name":"Repam","url":"https:\/\/www.repam.net\/pt\/","logo":{"@type":"ImageObject","inLanguage":"pt-BR","@id":"https:\/\/www.repam.net\/pt\/#\/schema\/logo\/image\/","url":"https:\/\/www.repam.net\/pt\/wp-content\/uploads\/2022\/02\/15.-REPAM-BRASIL.jpg","contentUrl":"https:\/\/www.repam.net\/pt\/wp-content\/uploads\/2022\/02\/15.-REPAM-BRASIL.jpg","width":231,"height":230,"caption":"Repam"},"image":{"@id":"https:\/\/www.repam.net\/pt\/#\/schema\/logo\/image\/"}}]}},"_links":{"self":[{"href":"https:\/\/www.repam.net\/pt\/wp-json\/wp\/v2\/pages\/16","targetHints":{"allow":["GET"]}}],"collection":[{"href":"https:\/\/www.repam.net\/pt\/wp-json\/wp\/v2\/pages"}],"about":[{"href":"https:\/\/www.repam.net\/pt\/wp-json\/wp\/v2\/types\/page"}],"author":[{"embeddable":true,"href":"https:\/\/www.repam.net\/pt\/wp-json\/wp\/v2\/users\/1"}],"replies":[{"embeddable":true,"href":"https:\/\/www.repam.net\/pt\/wp-json\/wp\/v2\/comments?post=16"}],"version-history":[{"count":18,"href":"https:\/\/www.repam.net\/pt\/wp-json\/wp\/v2\/pages\/16\/revisions"}],"predecessor-version":[{"id":4084,"href":"https:\/\/www.repam.net\/pt\/wp-json\/wp\/v2\/pages\/16\/revisions\/4084"}],"wp:attachment":[{"href":"https:\/\/www.repam.net\/pt\/wp-json\/wp\/v2\/media?parent=16"}],"curies":[{"name":"wp","href":"https:\/\/api.w.org\/{rel}","templated":true}]}}