{"id":28,"date":"2022-01-21T11:28:44","date_gmt":"2022-01-21T14:28:44","guid":{"rendered":"http:\/\/repam.net\/pt\/?page_id=28"},"modified":"2024-04-09T12:51:07","modified_gmt":"2024-04-09T15:51:07","slug":"historia","status":"publish","type":"page","link":"https:\/\/www.repam.net\/pt\/historia\/","title":{"rendered":"Hist\u00f3ria"},"content":{"rendered":"\n<p>A iniciativa da funda\u00e7\u00e3o da Rede Eclesial Pan-Amaz\u00f4nica (REPAM) se fundamenta na forma\u00e7\u00e3o e composi\u00e7\u00e3o da bacia do rio Amazonas, que existe gra\u00e7as \u00e0 conflu\u00eancia de seus diversos afluentes grandes, medianos e pequenos. Esta conflu\u00eancia de \u00e1guas nos faz pensar na uni\u00e3o da diversidade das experi\u00eancias e viv\u00eancias de muitas pessoas, comunidades, par\u00f3quias, vicariatos, prelazias, dioceses, congrega\u00e7\u00f5es religiosas, organiza\u00e7\u00f5es eclesiais e sociais, entre outras, que se fortalecem para formar esta importante Rede.\u00a0<\/p>\n\n\n<div class=\"wp-block-image\">\n<figure class=\"aligncenter size-large\"><img loading=\"lazy\" decoding=\"async\" width=\"1024\" height=\"678\" src=\"https:\/\/www.repam.net\/pt\/wp-content\/uploads\/2022\/01\/historia-1024x678.jpg\" alt=\"\" class=\"wp-image-30\" srcset=\"https:\/\/www.repam.net\/pt\/wp-content\/uploads\/2022\/01\/historia-1024x678.jpg 1024w, https:\/\/www.repam.net\/pt\/wp-content\/uploads\/2022\/01\/historia-300x199.jpg 300w, https:\/\/www.repam.net\/pt\/wp-content\/uploads\/2022\/01\/historia-768x509.jpg 768w, https:\/\/www.repam.net\/pt\/wp-content\/uploads\/2022\/01\/historia.jpg 1300w\" sizes=\"auto, (max-width: 1024px) 100vw, 1024px\" \/><\/figure>\n<\/div>\n\n\n<h2 class=\"wp-block-heading\">ANTECEDENTES&nbsp;<\/h2>\n\n\n\n<p>Compartilhar este caminho percorrido como rede para entender e situar como os rios se conectaram para que existissem as possibilidades de fundar nossa rede eclesial da regi\u00e3o Pan-Amaz\u00f4nica.\u00a0<\/p>\n\n\n\n<p>A REPAM nasceu por inspira\u00e7\u00e3o da 5\u00aa Confer\u00eancia Geral do Episcopado Latino-americano e do Caribe, em Aparecida (Brasil), realizada em 2007, onde foi proposto \u201c<em>criar consci\u00eancia nas Am\u00e9ricas sobre a import\u00e2ncia da Amaz\u00f4nia para toda a humanidade. Estabelecer entre as Igrejas locais dos v\u00e1rios pa\u00edses sul-americanos que se encontram na bacia amaz\u00f4nica uma pastoral conjunta, com prioridades diferenciadas para criar um modelo de desenvolvimento que favore\u00e7a aos pobres e sirva ao bem comum<\/em>\u201d (DAp, 475).&nbsp;<\/p>\n\n\n\n<p>A partir da\u00ed come\u00e7a um di\u00e1logo de amadurecimento at\u00e9 a cria\u00e7\u00e3o da REPAM em 2014, abrangendo a realidade dos oito pa\u00edses e um territ\u00f3rio ultramar que t\u00eam selva amaz\u00f4nica: Brasil, Bol\u00edvia, Peru, Equador, Col\u00f4mbia, Venezuela, Guiana, Guayana Francesa e Suriname.&nbsp;<\/p>\n\n\n\n<h2 class=\"wp-block-heading\">ENCONTROS PR\u00c9VIOS EM 2013<\/h2>\n\n\n\n<ul class=\"wp-block-list\">\n<li>No Encontro da Rede Amaz\u00f4nica do Equador em Puyo, em 2013, surgiu a necessidade de pensar num exerc\u00edcio de articula\u00e7\u00e3o eclesial dos pa\u00edses Pam-amaz\u00f4nicos, ou seja, surgiu o sonho de formar essa rede.\u00a0<\/li>\n\n\n\n<li>No mesmo ano, em Lima, se discutiu com maior clareza a viabilidade de tornar esse sonho de Puyo real.\u00a0<\/li>\n\n\n\n<li>Em Manaus, por ocasi\u00e3o do Encontro dos Bispos do Brasil, se conseguiu refletir no exerc\u00edcio Pam-Amaz\u00f4nico, pedindo que n\u00e3o se esque\u00e7am dos demais pa\u00edses que pertencem \u00e0 Amaz\u00f4nia.\u00a0<\/li>\n<\/ul>\n\n\n\n<h2 class=\"wp-block-heading\">FUNDA\u00c7\u00c3O E IN\u00cdCIO DE FUNCIONAMENTO&nbsp;<\/h2>\n\n\n\n<ul class=\"wp-block-list\">\n<li><strong>Bras\u00edlia, 2014<\/strong>: Neste encontro se conseguiu delinear a identidade que queremos ter como rede, foram analisadas e concretizadas as reflex\u00f5es de Lima (2013), foram identificados os objetivos estrat\u00e9gicos e a estrutura m\u00ednima para que esse processo de rede come\u00e7asse a funcionar. Sobretudo, se percebeu uma sintonia na defini\u00e7\u00e3o duma plataforma que permita a articula\u00e7\u00e3o das experi\u00eancias de Igrejas desde os territ\u00f3rios at\u00e9 as estruturas e institui\u00e7\u00f5es, e por sua vez a din\u00e2mica de escuta e constru\u00e7\u00e3o conjunta. Uma anedota: n\u00e3o se tinha definido de forma concreta a cria\u00e7\u00e3o da rede, mas uma carta do Papa Francisco por ocasi\u00e3o do in\u00edcio do encontro deu por fundada a rede, o que ajudou na defini\u00e7\u00e3o da exist\u00eancia da REPAM.\u00a0<\/li>\n\n\n\n<li><strong>Encontro em Roma, 2015<\/strong>: foi realizada uma apresenta\u00e7\u00e3o formal da REPAM, e se gerou uma reflex\u00e3o sobre o quanto era significativa a exist\u00eancia da rede, se sentia um grande movimento que se ia tecendo, o que nos dizia: aqui existe intui\u00e7\u00e3o, ent\u00e3o vamos em frente!\u00a0<\/li>\n\n\n\n<li><strong>S\u00e3o Domingos e Manaus<\/strong>: Encontros que permitiram garantir e consolidar a exist\u00eancia da rede com suas institui\u00e7\u00f5es macro: CELAM e CNBB. Nestes encontros foi definida a delega\u00e7\u00e3o formal do Cardeal Cl\u00e1udio Hummes e de Dom Pedro Barreto para assumir a presid\u00eancia e a vice-presid\u00eancia da REPAM.\u00a0<\/li>\n\n\n\n<li><strong>Enc\u00edclica Laudato S\u00ed<\/strong>: O Papa Francisco lan\u00e7ou a enc\u00edclica <em>Laudato S\u00ed<\/em>, na qual convida as pessoas a se preocuparem pelo cuidado de nossa casa comum. No n\u00ba 38 o Papa fez refer\u00eancia ao interesse pela prote\u00e7\u00e3o dos grandes biomas: Amaz\u00f4nia e Congo como dois dos biomas que requerem de aten\u00e7\u00e3o imediata. Este convite a viver uma ecologia integral e ao respeito da ecologia cultural dos povos ancestrais nos anima a seguir no caminho de servi\u00e7o como rede.\u00a0<\/li>\n\n\n\n<li><strong>Bogot\u00e1, 2015<\/strong>: Este encontro teve como objetivo ampliar a integra\u00e7\u00e3o y articula\u00e7\u00e3o com as jurisdi\u00e7\u00f5es, Bispos, experi\u00eancias de Igreja e pa\u00edses para que a rede conte com uma maior representatividade, que n\u00e3o se conseguiu alcan\u00e7ar no primeiro encontro fundacional. Por seu turno, existiam expectativas em continuar definindo sua estrutura e defini\u00e7\u00e3o de eixos (antes objetivos estrat\u00e9gicos). Os frutos deste encontro foram os seguintes:\u00a0<\/li>\n<\/ul>\n\n\n\n<ol class=\"wp-block-list\">\n<li>Primeiro exerc\u00edcio de escuta direta com povos ind\u00edgenas: foram ouvidos representantes do Equador, Brasil e Peru, gerando um di\u00e1logo e escuta direta, sem intermedia\u00e7\u00f5es nem media\u00e7\u00f5es.\u00a0<\/li>\n\n\n\n<li>Em Bogot\u00e1 foi definido que a REPAM seja inscrita no CELAM, mas com autonomia pr\u00f3pria.\u00a0<\/li>\n\n\n\n<li>Se estabeleceram as diferen\u00e7as entre sujeito priorit\u00e1rio do servi\u00e7o como rede, eixos priorit\u00e1rios e eixos de servi\u00e7o.\u00a0<\/li>\n\n\n\n<li>Participaram e se vincularam ao processo de rede a Venezuela e a Guiana, permitindo pela primeira vez uma reflex\u00e3o a partir dos processos de articula\u00e7\u00e3o de redes nacionais em cada pa\u00eds, ou seja, que a\u00ed inicia o exerc\u00edcio de articula\u00e7\u00e3o nacional como REPAM Nacionais.\u00a0<\/li>\n<\/ol>\n\n\n\n<p><\/p>\n\n\n\n<ul class=\"wp-block-list\">\n<li>Em 2016 iniciou um processo de di\u00e1logo que permitiu um melhor servi\u00e7o como REPAM \u00e0s Igrejas locai e a seus povos para acompanhar os territ\u00f3rios.\u00a0<\/li>\n<\/ul>\n\n\n\n<ol class=\"wp-block-list\">\n<li><strong>Tabatinga<\/strong>: Primeiro encontro de di\u00e1logo e escuta aos povos a partir do eixo <em>sujeito priorit\u00e1rio<\/em>: se estabeleceram 10 encontros em fun\u00e7\u00e3o dos grandes afluentes da Pan-Amaz\u00f4nia.\u00a0<\/li>\n\n\n\n<li><strong>Puyo<\/strong>: Intui\u00e7\u00e3o de apostar por uma Igreja com Rosto Amaz\u00f4nico, com as implica\u00e7\u00f5es dessa proposta.\u00a0<\/li>\n\n\n\n<li><strong>Organiza\u00e7\u00e3o da REPAM<\/strong>: se continua analisando como amadurecer os eixos e conectar as REPAM Nacionais.\u00a0<\/li>\n\n\n\n<li>Foi realizada a <strong>Primeira Escola para a Promo\u00e7\u00e3o, Defesa e Exigibilidade dos DDHH na Pam-Amaz\u00f4nia<\/strong>: um processo inicial que marcaria a a\u00e7\u00e3o de incid\u00eancia internacional por quase 2 anos para a rede.\u00a0<\/li>\n<\/ol>\n\n\n\n<ul class=\"wp-block-list\">\n<li>Progressividade nos encontros e atividades\u00a0<\/li>\n<\/ul>\n\n\n\n<p><strong>Puyo, 2016<\/strong>: Atualiza\u00e7\u00e3o do documento de Identidade da REPAM.&nbsp;<\/p>\n\n\n\n<p><strong>Santar\u00e9m\/Itaituba, 2017<\/strong>: Por ocasi\u00e3o do encontro de di\u00e1logo com Povos Ind\u00edgenas e REPAM em Itaituba, foi realizada em Santar\u00e9m a reuni\u00e3o do Comit\u00ea Executivo Ampliado, onde iniciamos um s\u00e9rio exerc\u00edcio de discernimento comunit\u00e1rio. Nesta ocasi\u00e3o refletimos sobre nosso processo de rede, nossa posi\u00e7\u00e3o e servi\u00e7o frente ao que seria um processo sinodal sobre a Amaz\u00f4nia.&nbsp;<\/p>\n\n\n\n<p><strong>S\u00e3o Paulo, 2018<\/strong>: Um tempo para avaliar o caminho percorrido como rede durante esses primeiros 5 anos de articula\u00e7\u00e3o e vida. Se continua garantindo o exerc\u00edcio de discernimento comunit\u00e1rio para seguir o chamado para a constru\u00e7\u00e3o do Reino a partir da Amaz\u00f4nia.&nbsp;<\/p>\n\n\n\n<h2 class=\"wp-block-heading\">PROCESSO SINODAL E PROJE\u00c7\u00c3O DA REDE&nbsp;<\/h2>\n\n\n\n<ul class=\"wp-block-list\">\n<li><strong>Processo Sinodal<\/strong>: Durante este ano se realizaram os preparativos e atividades para que existissem as contribui\u00e7\u00f5es ao processo de Consulta Sinodal. Reconhecemos a import\u00e2ncia deste processo e ressaltamos os principais pontos:\u00a0<\/li>\n<\/ul>\n\n\n\n<ol class=\"wp-block-list\">\n<li><strong>Visita do Papa Francisco \u00e0 Amaz\u00f4nia Peruana<\/strong>: O marco da presen\u00e7a e encontro de Francisco com os povos da Amaz\u00f4nia determinou uma ideia do que poderia ser o S\u00ednodo. Nesta visita ocorreu a primeira reuni\u00e3o da REPAM com o Cardeal Baldisseri para falar sobre a contribui\u00e7\u00e3o que a REPAM poderia oferecer.\u00a0<\/li>\n\n\n\n<li><strong>Conforma\u00e7\u00e3o do Comit\u00ea Pr\u00e9 Sinodal<\/strong>: Com os Bispos membros da REPAM Nacionais e outros membros leigos\/as. Esta seria a equipe que iria elaborar o documento de consulta, que a REPAM adaptaria a uma vers\u00e3o popular de trabalho com os territ\u00f3rios.\u00a0<\/li>\n\n\n\n<li><strong>Elabora\u00e7\u00e3o de estrat\u00e9gias das REPAM Nacionais e Eixos da REPAM para definir como contribuiriam ao processo de consulta sinodal<\/strong>: Foram desenvolvidos espa\u00e7os de articula\u00e7\u00e3o em cada pa\u00eds para garantir estas atividades. Os eixos, por sua, vez tamb\u00e9m estabeleceram a forma como apresentariam suas contribui\u00e7\u00f5es; a maioria realizou encontros presenciais e alguns outros encontros virtuais.\u00a0<\/li>\n\n\n\n<li><em><strong>Estrat\u00e9gias de consulta sinodal<\/strong><\/em>: todas foram realizadas entre junho de 2018 e fevereiro de 2019. A n\u00edvel das REPAM Nacionais, todos os pa\u00edses conseguiram realiz\u00e1-las, menos a Guiana Francesa (que a realizaria em junho de 2019), e todos os Eixos da REPAM tamb\u00e9m contribu\u00edram para o processo de consulta. A REPAM recebeu 266 contribui\u00e7\u00f5es ao S\u00ednodo.\u00a0<\/li>\n<\/ol>\n\n\n\n<ul class=\"wp-block-list\">\n<li><strong>Proje\u00e7\u00e3o da Rede<\/strong>: embora seja verdade, o processo sinodal demandou maior aten\u00e7\u00e3o pela quantidade de atividades como REPAM; no entanto, o marco deste processo ajudou:\u00a0<\/li>\n<\/ul>\n\n\n\n<ol class=\"wp-block-list\">\n<li><strong>Fortalecimento das REPAM Nacionais<\/strong>: a estrat\u00e9gia de escuta e sistematiza\u00e7\u00e3o das necessidades, amea\u00e7as e propostas dos territ\u00f3rios ajudaram a fortalecer as estrat\u00e9gias de articula\u00e7\u00e3o das REPAM Nacionais.\u00a0<\/li>\n\n\n\n<li><strong>Atualiza\u00e7\u00e3o dos Eixos da REPAM<\/strong>: os espa\u00e7os dos encontros dos eixos para oferecer ao S\u00ednodo foram aproveitados para atualizar as linhas de trabalho de alguns eixos, como povos ind\u00edgenas e comunidades tradicionais; fronteiras; justi\u00e7a socioambiental; redes internacionais.\u00a0<\/li>\n\n\n\n<li><strong>Se formalizaram as reuni\u00f5es trimestrais das REPAM Nacionais<\/strong> para dar acompanhamento dos processos de fortalecimento de cada um dos pa\u00edses.\u00a0<\/li>\n\n\n\n<li><strong>Dezembro de 2018<\/strong>: na reuni\u00e3o do comit\u00ea ampliado da REPAM se fala abiertamente sobre o processo de transi\u00e7\u00e3o (tempos) da Secretaria Executiva atual, ajudando a definir que ser\u00e1 em 2020 que se espera realizar esta mudan\u00e7a.\u00a0<\/li>\n<\/ol>\n\n\n\n<h2 class=\"wp-block-heading\">P\u00d3S S\u00cdNODO E TRANSI\u00c7\u00c3O&nbsp;<\/h2>\n\n\n\n<p>Ap\u00f3s um processo de 2 anos do S\u00ednodo, a REPAM se encontra em Bras\u00edlia, Brasil no Comit\u00ea Executivo de dezembro de 2019, onde se refletiram e definiram novos aspectos:&nbsp;<\/p>\n\n\n\n<ol class=\"wp-block-list\">\n<li><strong>Encontro pr\u00e9vio dos Eixos e REPAM Nacionais<\/strong>: A pedido das REPAM Nacionais e dos Eixos se estabeleceu um espa\u00e7o de encontro pr\u00e9vio ao comit\u00ea ampliado para gerar maior articula\u00e7\u00e3o interna dos pa\u00edses e eixos entre eles. Pela primeira vez se realizou este exerc\u00edcio, gerando bons resultados.\u00a0<\/li>\n\n\n\n<li><strong>Reflex\u00e3o sobre o P\u00f3s-S\u00ednodo para a REPAM<\/strong>: compreendendo que no \u00e2mbito deste novo tempo eclesial a REPAM faz parte de toda a Igreja, e n\u00e3o assumir\u00e1 um papel de destaque, animar que os demais membros da Igreja assumam o chamado a p\u00f4r em pr\u00e1tica as propostas do S\u00ednodo. No entanto, cada REPAM Nacional, Eixo e N\u00facleo devem assumir a parte que lhes corresponde para voltar aos territ\u00f3rios e estabelecer uma estrat\u00e9gia de retorno do processo sinodal e honrar a palavra que as pessoas nos entregaram.\u00a0<\/li>\n\n\n\n<li><strong>Pandemia da Covid-19\u00a0<\/strong><\/li>\n\n\n\n<li><strong>Transi\u00e7\u00e3o da SE REPAM<\/strong>: Ap\u00f3s seis anos com sua sede em Quito, Equador, a Rede realiza um processo de transi\u00e7\u00e3o para Manaus, Brasil.\u00a0<\/li>\n\n\n\n<li><strong>Defini\u00e7\u00f5es<\/strong>: foram constitu\u00eddos formalmente os n\u00facleos de Mulheres e Educa\u00e7\u00e3o Intercultural, com participa\u00e7\u00e3o da REPAM Guiana.\u00a0<\/li>\n\n\n\n<li><strong>Discernimento<\/strong>: processo realizado em 2020 sobre a a\u00e7\u00e3o e o papel desenvolvido pela Rede em toda a Pan-Amaz\u00f4nia. Os anos iniciais da estrutura\u00e7\u00e3o da Rede, o caminho do S\u00ednodo, o contexto da pandemia que atinge de forma rigorosa os povos Amaz\u00f4nicos e o processo de transi\u00e7\u00e3o da secretaria orientam o processo de discernimento da REPAM, bem como indicam luzes para o caminho nos pr\u00f3ximos anos.<\/li>\n<\/ol>\n","protected":false},"excerpt":{"rendered":"<p>A iniciativa da funda\u00e7\u00e3o da Rede Eclesial Pan-Amaz\u00f4nica (REPAM) se fundamenta na forma\u00e7\u00e3o e composi\u00e7\u00e3o da bacia do rio Amazonas, que existe gra\u00e7as \u00e0 conflu\u00eancia de seus diversos afluentes grandes, medianos e pequenos. Esta conflu\u00eancia de \u00e1guas nos faz pensar na uni\u00e3o da diversidade das experi\u00eancias e viv\u00eancias de muitas pessoas, comunidades, par\u00f3quias, vicariatos, prelazias, [&hellip;]<\/p>\n","protected":false},"author":1,"featured_media":0,"parent":0,"menu_order":0,"comment_status":"closed","ping_status":"closed","template":"","meta":{"_acf_changed":false,"_uf_show_specific_survey":0,"_uf_disable_surveys":false,"footnotes":""},"class_list":["post-28","page","type-page","status-publish","hentry"],"acf":[],"aioseo_notices":[],"yoast_head":"<!-- This site is optimized with the Yoast SEO plugin v24.2 - https:\/\/yoast.com\/wordpress\/plugins\/seo\/ -->\n<title>Hist\u00f3ria - Repam<\/title>\n<meta name=\"robots\" content=\"index, follow, max-snippet:-1, max-image-preview:large, max-video-preview:-1\" \/>\n<link rel=\"canonical\" href=\"https:\/\/www.repam.net\/pt\/historia\/\" \/>\n<meta property=\"og:locale\" content=\"pt_BR\" \/>\n<meta property=\"og:type\" content=\"article\" \/>\n<meta property=\"og:title\" content=\"Hist\u00f3ria - Repam\" \/>\n<meta property=\"og:description\" content=\"A iniciativa da funda\u00e7\u00e3o da Rede Eclesial Pan-Amaz\u00f4nica (REPAM) se fundamenta na forma\u00e7\u00e3o e composi\u00e7\u00e3o da bacia do rio Amazonas, que existe gra\u00e7as \u00e0 conflu\u00eancia de seus diversos afluentes grandes, medianos e pequenos. Esta conflu\u00eancia de \u00e1guas nos faz pensar na uni\u00e3o da diversidade das experi\u00eancias e viv\u00eancias de muitas pessoas, comunidades, par\u00f3quias, vicariatos, prelazias, [&hellip;]\" \/>\n<meta property=\"og:url\" content=\"https:\/\/www.repam.net\/pt\/historia\/\" \/>\n<meta property=\"og:site_name\" content=\"Repam\" \/>\n<meta property=\"article:modified_time\" content=\"2024-04-09T15:51:07+00:00\" \/>\n<meta property=\"og:image\" content=\"https:\/\/www.repam.net\/pt\/wp-content\/uploads\/2022\/01\/historia-1024x678.jpg\" \/>\n<meta name=\"twitter:card\" content=\"summary_large_image\" \/>\n<meta name=\"twitter:label1\" content=\"Est. tempo de leitura\" \/>\n\t<meta name=\"twitter:data1\" content=\"9 minutos\" \/>\n<script type=\"application\/ld+json\" class=\"yoast-schema-graph\">{\"@context\":\"https:\/\/schema.org\",\"@graph\":[{\"@type\":\"WebPage\",\"@id\":\"https:\/\/www.repam.net\/pt\/historia\/\",\"url\":\"https:\/\/www.repam.net\/pt\/historia\/\",\"name\":\"Hist\u00f3ria - Repam\",\"isPartOf\":{\"@id\":\"https:\/\/www.repam.net\/pt\/#website\"},\"primaryImageOfPage\":{\"@id\":\"https:\/\/www.repam.net\/pt\/historia\/#primaryimage\"},\"image\":{\"@id\":\"https:\/\/www.repam.net\/pt\/historia\/#primaryimage\"},\"thumbnailUrl\":\"https:\/\/www.repam.net\/pt\/wp-content\/uploads\/2022\/01\/historia-1024x678.jpg\",\"datePublished\":\"2022-01-21T14:28:44+00:00\",\"dateModified\":\"2024-04-09T15:51:07+00:00\",\"breadcrumb\":{\"@id\":\"https:\/\/www.repam.net\/pt\/historia\/#breadcrumb\"},\"inLanguage\":\"pt-BR\",\"potentialAction\":[{\"@type\":\"ReadAction\",\"target\":[\"https:\/\/www.repam.net\/pt\/historia\/\"]}]},{\"@type\":\"ImageObject\",\"inLanguage\":\"pt-BR\",\"@id\":\"https:\/\/www.repam.net\/pt\/historia\/#primaryimage\",\"url\":\"https:\/\/www.repam.net\/pt\/wp-content\/uploads\/2022\/01\/historia.jpg\",\"contentUrl\":\"https:\/\/www.repam.net\/pt\/wp-content\/uploads\/2022\/01\/historia.jpg\",\"width\":1300,\"height\":861},{\"@type\":\"BreadcrumbList\",\"@id\":\"https:\/\/www.repam.net\/pt\/historia\/#breadcrumb\",\"itemListElement\":[{\"@type\":\"ListItem\",\"position\":1,\"name\":\"In\u00edcio\",\"item\":\"https:\/\/www.repam.net\/pt\/\"},{\"@type\":\"ListItem\",\"position\":2,\"name\":\"Hist\u00f3ria\"}]},{\"@type\":\"WebSite\",\"@id\":\"https:\/\/www.repam.net\/pt\/#website\",\"url\":\"https:\/\/www.repam.net\/pt\/\",\"name\":\"Repam\",\"description\":\"Rede Eclesial Pan-amaz\u00f4nica\",\"publisher\":{\"@id\":\"https:\/\/www.repam.net\/pt\/#organization\"},\"potentialAction\":[{\"@type\":\"SearchAction\",\"target\":{\"@type\":\"EntryPoint\",\"urlTemplate\":\"https:\/\/www.repam.net\/pt\/?s={search_term_string}\"},\"query-input\":{\"@type\":\"PropertyValueSpecification\",\"valueRequired\":true,\"valueName\":\"search_term_string\"}}],\"inLanguage\":\"pt-BR\"},{\"@type\":\"Organization\",\"@id\":\"https:\/\/www.repam.net\/pt\/#organization\",\"name\":\"Repam\",\"url\":\"https:\/\/www.repam.net\/pt\/\",\"logo\":{\"@type\":\"ImageObject\",\"inLanguage\":\"pt-BR\",\"@id\":\"https:\/\/www.repam.net\/pt\/#\/schema\/logo\/image\/\",\"url\":\"https:\/\/www.repam.net\/pt\/wp-content\/uploads\/2022\/02\/15.-REPAM-BRASIL.jpg\",\"contentUrl\":\"https:\/\/www.repam.net\/pt\/wp-content\/uploads\/2022\/02\/15.-REPAM-BRASIL.jpg\",\"width\":231,\"height\":230,\"caption\":\"Repam\"},\"image\":{\"@id\":\"https:\/\/www.repam.net\/pt\/#\/schema\/logo\/image\/\"}}]}<\/script>\n<!-- \/ Yoast SEO plugin. -->","yoast_head_json":{"title":"Hist\u00f3ria - Repam","robots":{"index":"index","follow":"follow","max-snippet":"max-snippet:-1","max-image-preview":"max-image-preview:large","max-video-preview":"max-video-preview:-1"},"canonical":"https:\/\/www.repam.net\/pt\/historia\/","og_locale":"pt_BR","og_type":"article","og_title":"Hist\u00f3ria - Repam","og_description":"A iniciativa da funda\u00e7\u00e3o da Rede Eclesial Pan-Amaz\u00f4nica (REPAM) se fundamenta na forma\u00e7\u00e3o e composi\u00e7\u00e3o da bacia do rio Amazonas, que existe gra\u00e7as \u00e0 conflu\u00eancia de seus diversos afluentes grandes, medianos e pequenos. Esta conflu\u00eancia de \u00e1guas nos faz pensar na uni\u00e3o da diversidade das experi\u00eancias e viv\u00eancias de muitas pessoas, comunidades, par\u00f3quias, vicariatos, prelazias, [&hellip;]","og_url":"https:\/\/www.repam.net\/pt\/historia\/","og_site_name":"Repam","article_modified_time":"2024-04-09T15:51:07+00:00","og_image":[{"url":"https:\/\/www.repam.net\/pt\/wp-content\/uploads\/2022\/01\/historia-1024x678.jpg","type":"","width":"","height":""}],"twitter_card":"summary_large_image","twitter_misc":{"Est. tempo de leitura":"9 minutos"},"schema":{"@context":"https:\/\/schema.org","@graph":[{"@type":"WebPage","@id":"https:\/\/www.repam.net\/pt\/historia\/","url":"https:\/\/www.repam.net\/pt\/historia\/","name":"Hist\u00f3ria - Repam","isPartOf":{"@id":"https:\/\/www.repam.net\/pt\/#website"},"primaryImageOfPage":{"@id":"https:\/\/www.repam.net\/pt\/historia\/#primaryimage"},"image":{"@id":"https:\/\/www.repam.net\/pt\/historia\/#primaryimage"},"thumbnailUrl":"https:\/\/www.repam.net\/pt\/wp-content\/uploads\/2022\/01\/historia-1024x678.jpg","datePublished":"2022-01-21T14:28:44+00:00","dateModified":"2024-04-09T15:51:07+00:00","breadcrumb":{"@id":"https:\/\/www.repam.net\/pt\/historia\/#breadcrumb"},"inLanguage":"pt-BR","potentialAction":[{"@type":"ReadAction","target":["https:\/\/www.repam.net\/pt\/historia\/"]}]},{"@type":"ImageObject","inLanguage":"pt-BR","@id":"https:\/\/www.repam.net\/pt\/historia\/#primaryimage","url":"https:\/\/www.repam.net\/pt\/wp-content\/uploads\/2022\/01\/historia.jpg","contentUrl":"https:\/\/www.repam.net\/pt\/wp-content\/uploads\/2022\/01\/historia.jpg","width":1300,"height":861},{"@type":"BreadcrumbList","@id":"https:\/\/www.repam.net\/pt\/historia\/#breadcrumb","itemListElement":[{"@type":"ListItem","position":1,"name":"In\u00edcio","item":"https:\/\/www.repam.net\/pt\/"},{"@type":"ListItem","position":2,"name":"Hist\u00f3ria"}]},{"@type":"WebSite","@id":"https:\/\/www.repam.net\/pt\/#website","url":"https:\/\/www.repam.net\/pt\/","name":"Repam","description":"Rede Eclesial Pan-amaz\u00f4nica","publisher":{"@id":"https:\/\/www.repam.net\/pt\/#organization"},"potentialAction":[{"@type":"SearchAction","target":{"@type":"EntryPoint","urlTemplate":"https:\/\/www.repam.net\/pt\/?s={search_term_string}"},"query-input":{"@type":"PropertyValueSpecification","valueRequired":true,"valueName":"search_term_string"}}],"inLanguage":"pt-BR"},{"@type":"Organization","@id":"https:\/\/www.repam.net\/pt\/#organization","name":"Repam","url":"https:\/\/www.repam.net\/pt\/","logo":{"@type":"ImageObject","inLanguage":"pt-BR","@id":"https:\/\/www.repam.net\/pt\/#\/schema\/logo\/image\/","url":"https:\/\/www.repam.net\/pt\/wp-content\/uploads\/2022\/02\/15.-REPAM-BRASIL.jpg","contentUrl":"https:\/\/www.repam.net\/pt\/wp-content\/uploads\/2022\/02\/15.-REPAM-BRASIL.jpg","width":231,"height":230,"caption":"Repam"},"image":{"@id":"https:\/\/www.repam.net\/pt\/#\/schema\/logo\/image\/"}}]}},"_links":{"self":[{"href":"https:\/\/www.repam.net\/pt\/wp-json\/wp\/v2\/pages\/28","targetHints":{"allow":["GET"]}}],"collection":[{"href":"https:\/\/www.repam.net\/pt\/wp-json\/wp\/v2\/pages"}],"about":[{"href":"https:\/\/www.repam.net\/pt\/wp-json\/wp\/v2\/types\/page"}],"author":[{"embeddable":true,"href":"https:\/\/www.repam.net\/pt\/wp-json\/wp\/v2\/users\/1"}],"replies":[{"embeddable":true,"href":"https:\/\/www.repam.net\/pt\/wp-json\/wp\/v2\/comments?post=28"}],"version-history":[{"count":4,"href":"https:\/\/www.repam.net\/pt\/wp-json\/wp\/v2\/pages\/28\/revisions"}],"predecessor-version":[{"id":2825,"href":"https:\/\/www.repam.net\/pt\/wp-json\/wp\/v2\/pages\/28\/revisions\/2825"}],"wp:attachment":[{"href":"https:\/\/www.repam.net\/pt\/wp-json\/wp\/v2\/media?parent=28"}],"curies":[{"name":"wp","href":"https:\/\/api.w.org\/{rel}","templated":true}]}}