{"id":3184,"date":"2025-03-06T13:38:44","date_gmt":"2025-03-06T16:38:44","guid":{"rendered":"https:\/\/www.repam.net\/pt\/?page_id=3184"},"modified":"2025-04-10T15:59:18","modified_gmt":"2025-04-10T18:59:18","slug":"40-dias-navegando-2025-navegando-como-peregrinos-de-esperanca-na-amazonia","status":"publish","type":"page","link":"https:\/\/www.repam.net\/pt\/publicacoes\/40-dias-navegando\/40-dias-navegando-2025-navegando-como-peregrinos-de-esperanca-na-amazonia\/","title":{"rendered":"2025 &#8211; Navegando como peregrinos de esperan\u00e7a na Amaz\u00f4nia"},"content":{"rendered":"\n<p>Em prepara\u00e7\u00e3o para viver o mist\u00e9rio Pascal de Jesus, cuja P\u00e1scoa de Ressurrei\u00e7\u00e3o vamos celebrar no pr\u00f3ximo dia 20 de abril. Neste tempo, como se tornou tradi\u00e7\u00e3o, a Rede Eclesial Pan-Amaz\u00f4nica \u2013 REPAM apresenta uma s\u00e9rie de reflex\u00f5es para viver, em esp\u00edrito de ora\u00e7\u00e3o e comunh\u00e3o este tempo de gra\u00e7a e convers\u00e3o que \u00e9 a Quaresma.<\/p>\n\n\n\n<p>As seis fichas semanais, ilustradas com imagens da \u201c<em><a href=\"https:\/\/www.instagram.com\/reddedibujantes\/\" target=\"_blank\" rel=\"noreferrer noopener\">Red de Dibujantes da Am\u00e9rica Latina<\/a><\/em>\u201d, seguem as propostas do Jubileu da esperan\u00e7a e da mensagem do Papa Francisco para a Quaresma 2025, sempre iluminados pelo Evangelho dominical do tempo da quaresma. Faz um convite aos participantes a \u201cremar\u201d nesta travessia, com esperan\u00e7a e aud\u00e1cia, que nos leva \u00e0 convers\u00e3o pessoal e comunit\u00e1ria.<\/p>\n\n\n\n<p>O tema deste ano, \u201c<em>Navegando como peregrinos de esperan\u00e7a na Amaz\u00f4nia<\/em>\u201d, convida todos n\u00f3s a \u201cremarmos juntos\u201d, em sintonia com e pela Amaz\u00f4nia e seus povos, com a proposta do Papa Francisco (Caminhemos juntos na esperan\u00e7a, 06\/02-2025):<\/p>\n\n\n\n<p>\u201cNesta Quaresma, enriquecida pela gra\u00e7a do Ano Jubilar, gostaria de oferecer algumas reflex\u00f5es sobre o que significa&nbsp;<em>caminhar juntos na esperan\u00e7a&nbsp;<\/em>e evidenciar os apelos \u00e0 convers\u00e3o que a miseric\u00f3rdia de Deus dirige a todos n\u00f3s, enquanto indiv\u00edduos e comunidades\u201d.<\/p>\n\n\n\n<h5 class=\"wp-block-heading\"><em>Rota de navega\u00e7\u00e3o rumo \u00e0 convers\u00e3o<\/em><em><\/em><\/h5>\n\n\n\n<p>Voc\u00ea que entra conosco nesta canoa amaz\u00f4nica, sinta-se chamada\/o a algumas orienta\u00e7\u00f5es pr\u00e1ticas para ajudar sua reflex\u00e3o. O primeiro momento \u00e9 um convite a colocar-se&nbsp;<em>\u201cem sintonia com Deus\u201d<\/em>&nbsp;a partir da imagem ilustrativa, a ora\u00e7\u00e3o para todos os dias e um mantra que lhe ajudem a viver intensamente este momento. Para se conectar melhor, a sequ\u00eancia traz uma reflex\u00e3o&nbsp;<em>para se conectar&nbsp;<\/em>com a tem\u00e1tica do dia e uma \u201c<em>ilumina\u00e7\u00e3o para o caminho<\/em>\u201d.<\/p>\n\n\n\n<p>Em seguida se presenta um fragmento do Evangelho dominical (que voc\u00ea pode ler inteiro), para que,&nbsp;<em>guiados pela Palavra<\/em>&nbsp;de Jesus e&nbsp;<em>escutando a Amaz\u00f4nia e seus povos<\/em>, possa&nbsp;<em>refletir o chamado de Deus para sua vida<\/em>&nbsp;e o colocar em pr\u00e1tica na sua realidade concreta.<\/p>\n\n\n\n<ol class=\"wp-block-list\">\n<li>A esperan\u00e7a n\u00e3o engana<\/li>\n\n\n\n<li>Firmes na esperan\u00e7a<\/li>\n\n\n\n<li>Cultivando vida e esperan\u00e7a<\/li>\n\n\n\n<li>Remando juntos com esperan\u00e7a<\/li>\n\n\n\n<li>Com esperan\u00e7a, perdoado para perdoar<\/li>\n\n\n\n<li>Esperan\u00e7ar\u2026<\/li>\n<\/ol>\n\n\n\n<p>Entre na canoa! Voc\u00ea, sua fam\u00edlia e comunidade s\u00e3o convidados a pegar o remo e \u201c<em>avan\u00e7ar para \u00e1guas mais profundas<\/em>\u201d, encontrando o equil\u00edbrio necess\u00e1rio para que juntos possamos entrar nestas \u00e1guas da Ecologia Integral, por vezes calmas e por vezes agitadas, para ser sinais de esperan\u00e7a e da Boa Nova de Jesus.<\/p>\n\n\n\n<p><em><strong>Pe. J\u00falio Caldeira, IMC<\/strong><\/em><\/p>\n\n\n\n<div class=\"wp-block-columns is-layout-flex wp-container-core-columns-is-layout-9d6595d7 wp-block-columns-is-layout-flex\">\n<div class=\"wp-block-column is-layout-flow wp-block-column-is-layout-flow\">\n<p>Ficha 1 &#8211; <strong>&#8220;A esperan\u00e7a n\u00e3o engana&#8221;<\/strong><\/p>\n<\/div>\n\n\n\n<div class=\"wp-block-column is-layout-flow wp-block-column-is-layout-flow\">\n<p>Ficha 2 &#8211; <strong>&#8220;Firmes na esperan\u00e7a&#8221;<\/strong><\/p>\n<\/div>\n<\/div>\n\n\n\n<div class=\"wp-block-columns is-layout-flex wp-container-core-columns-is-layout-9d6595d7 wp-block-columns-is-layout-flex\">\n<div class=\"wp-block-column is-layout-flow wp-block-column-is-layout-flow\">\n<div data-wp-interactive=\"core\/file\" class=\"wp-block-file\"><object data-wp-bind--hidden=\"!state.hasPdfPreview\" hidden class=\"wp-block-file__embed\" data=\"https:\/\/www.repam.net\/pt\/wp-content\/uploads\/2025\/03\/Ficha_01_PT-1-5.pdf\" type=\"application\/pdf\" style=\"width:100%;height:600px\" aria-label=\"Incorporado de Ficha_01_PT (1).\"><\/object><a id=\"wp-block-file--media-a431ac14-f8c1-4fad-8357-98e2716b7a1f\" href=\"https:\/\/www.repam.net\/pt\/wp-content\/uploads\/2025\/03\/Ficha_01_PT-1-5.pdf\">Ficha_01_PT (1)<\/a><a href=\"https:\/\/www.repam.net\/pt\/wp-content\/uploads\/2025\/03\/Ficha_01_PT-1-5.pdf\" class=\"wp-block-file__button wp-element-button\" download aria-describedby=\"wp-block-file--media-a431ac14-f8c1-4fad-8357-98e2716b7a1f\">Baixar<\/a><\/div>\n<\/div>\n\n\n\n<div class=\"wp-block-column is-layout-flow wp-block-column-is-layout-flow\">\n<div data-wp-interactive=\"core\/file\" class=\"wp-block-file\"><object data-wp-bind--hidden=\"!state.hasPdfPreview\" hidden class=\"wp-block-file__embed\" data=\"https:\/\/www.repam.net\/pt\/wp-content\/uploads\/2025\/03\/Ficha_02_PT.pdf\" type=\"application\/pdf\" style=\"width:100%;height:600px\" aria-label=\"Incorporado de Ficha_02_PT.\"><\/object><a id=\"wp-block-file--media-7e89d483-74b3-4cf1-b119-a95389547c79\" href=\"https:\/\/www.repam.net\/pt\/wp-content\/uploads\/2025\/03\/Ficha_02_PT.pdf\">Ficha_02_PT<\/a><a href=\"https:\/\/www.repam.net\/pt\/wp-content\/uploads\/2025\/03\/Ficha_02_PT.pdf\" class=\"wp-block-file__button wp-element-button\" download aria-describedby=\"wp-block-file--media-7e89d483-74b3-4cf1-b119-a95389547c79\">Baixar<\/a><\/div>\n<\/div>\n<\/div>\n\n\n\n<div class=\"wp-block-columns is-layout-flex wp-container-core-columns-is-layout-9d6595d7 wp-block-columns-is-layout-flex\">\n<div class=\"wp-block-column is-layout-flow wp-block-column-is-layout-flow\">\n<p>Ficha 3 &#8211; <strong>&#8220;Cultivando vida e esperan\u00e7a&#8221;<\/strong><\/p>\n<\/div>\n\n\n\n<div class=\"wp-block-column is-layout-flow wp-block-column-is-layout-flow\">\n<p>Ficha 4 &#8211; <strong>&#8220;Remando juntos com esperan\u00e7a&#8221;<\/strong><\/p>\n<\/div>\n<\/div>\n\n\n\n<div class=\"wp-block-columns is-layout-flex wp-container-core-columns-is-layout-9d6595d7 wp-block-columns-is-layout-flex\">\n<div class=\"wp-block-column is-layout-flow wp-block-column-is-layout-flow\">\n<div data-wp-interactive=\"core\/file\" class=\"wp-block-file\"><object data-wp-bind--hidden=\"!state.hasPdfPreview\" hidden class=\"wp-block-file__embed\" data=\"https:\/\/www.repam.net\/pt\/wp-content\/uploads\/2025\/03\/PRE\u0301VIA01_03_PT.pdf\" type=\"application\/pdf\" style=\"width:100%;height:600px\" aria-label=\"Incorporado de PRE\u0301VIA01_03_PT.\"><\/object><a id=\"wp-block-file--media-872383bf-bc5c-4325-a366-5e9ad4b556ff\" href=\"https:\/\/www.repam.net\/pt\/wp-content\/uploads\/2025\/03\/PRE\u0301VIA01_03_PT.pdf\">PRE\u0301VIA01_03_PT<\/a><a href=\"https:\/\/www.repam.net\/pt\/wp-content\/uploads\/2025\/03\/PRE\u0301VIA01_03_PT.pdf\" class=\"wp-block-file__button wp-element-button\" download aria-describedby=\"wp-block-file--media-872383bf-bc5c-4325-a366-5e9ad4b556ff\">Baixar<\/a><\/div>\n<\/div>\n\n\n\n<div class=\"wp-block-column is-layout-flow wp-block-column-is-layout-flow\">\n<div data-wp-interactive=\"core\/file\" class=\"wp-block-file\"><object data-wp-bind--hidden=\"!state.hasPdfPreview\" hidden class=\"wp-block-file__embed\" data=\"https:\/\/www.repam.net\/pt\/wp-content\/uploads\/2025\/03\/Ficha_04_PT.pdf\" type=\"application\/pdf\" style=\"width:100%;height:600px\" aria-label=\"Incorporado de Ficha_04_PT.\"><\/object><a id=\"wp-block-file--media-7dcf89e2-2c3f-407f-b807-fc5cc096e7b7\" href=\"https:\/\/www.repam.net\/pt\/wp-content\/uploads\/2025\/03\/Ficha_04_PT.pdf\">Ficha_04_PT<\/a><a href=\"https:\/\/www.repam.net\/pt\/wp-content\/uploads\/2025\/03\/Ficha_04_PT.pdf\" class=\"wp-block-file__button wp-element-button\" download aria-describedby=\"wp-block-file--media-7dcf89e2-2c3f-407f-b807-fc5cc096e7b7\">Baixar<\/a><\/div>\n<\/div>\n<\/div>\n\n\n\n<div class=\"wp-block-columns is-layout-flex wp-container-core-columns-is-layout-9d6595d7 wp-block-columns-is-layout-flex\">\n<div class=\"wp-block-column is-layout-flow wp-block-column-is-layout-flow\">\n<p>Ficha 5 &#8211; &#8220;<strong>Com esperan\u00e7a, perdoado para perdoar<\/strong>&#8220;<\/p>\n<\/div>\n\n\n\n<div class=\"wp-block-column is-layout-flow wp-block-column-is-layout-flow\">\n<p>Ficha 6 &#8211; <strong>&#8220;Esperan\u00e7ar&#8230;&#8221;<\/strong><\/p>\n<\/div>\n<\/div>\n\n\n\n<div class=\"wp-block-columns is-layout-flex wp-container-core-columns-is-layout-9d6595d7 wp-block-columns-is-layout-flex\">\n<div class=\"wp-block-column is-layout-flow wp-block-column-is-layout-flow\">\n<div data-wp-interactive=\"core\/file\" class=\"wp-block-file\"><object data-wp-bind--hidden=\"!state.hasPdfPreview\" hidden class=\"wp-block-file__embed\" data=\"https:\/\/www.repam.net\/pt\/wp-content\/uploads\/2025\/04\/Ficha_05_PT-1.pdf\" type=\"application\/pdf\" style=\"width:100%;height:600px\" aria-label=\"Incorporado de Ficha_05_PT (1).\"><\/object><a id=\"wp-block-file--media-62d767f3-e80f-4166-8720-43bbf6c3ae4e\" href=\"https:\/\/www.repam.net\/pt\/wp-content\/uploads\/2025\/04\/Ficha_05_PT-1.pdf\">Ficha_05_PT (1)<\/a><a href=\"https:\/\/www.repam.net\/pt\/wp-content\/uploads\/2025\/04\/Ficha_05_PT-1.pdf\" class=\"wp-block-file__button wp-element-button\" download aria-describedby=\"wp-block-file--media-62d767f3-e80f-4166-8720-43bbf6c3ae4e\">Baixar<\/a><\/div>\n<\/div>\n\n\n\n<div class=\"wp-block-column is-layout-flow wp-block-column-is-layout-flow\">\n<div data-wp-interactive=\"core\/file\" class=\"wp-block-file\"><object data-wp-bind--hidden=\"!state.hasPdfPreview\" hidden class=\"wp-block-file__embed\" data=\"https:\/\/www.repam.net\/pt\/wp-content\/uploads\/2025\/04\/Pre\u0301via01_Ficha_06_PT.pdf\" type=\"application\/pdf\" style=\"width:100%;height:600px\" aria-label=\"Incorporado de Pre\u0301via01_Ficha_06_PT.\"><\/object><a id=\"wp-block-file--media-85434e81-85e8-4b31-87c2-e47fdf5c0544\" href=\"https:\/\/www.repam.net\/pt\/wp-content\/uploads\/2025\/04\/Pre\u0301via01_Ficha_06_PT.pdf\">Pre\u0301via01_Ficha_06_PT<\/a><a href=\"https:\/\/www.repam.net\/pt\/wp-content\/uploads\/2025\/04\/Pre\u0301via01_Ficha_06_PT.pdf\" class=\"wp-block-file__button wp-element-button\" download aria-describedby=\"wp-block-file--media-85434e81-85e8-4b31-87c2-e47fdf5c0544\">Baixar<\/a><\/div>\n<\/div>\n<\/div>\n\n\n\n<p><strong>Realiza\u00e7\u00e3o:<\/strong><\/p>\n\n\n\n<div class=\"wp-block-columns is-layout-flex wp-container-core-columns-is-layout-9d6595d7 wp-block-columns-is-layout-flex\">\n<div class=\"wp-block-column is-layout-flow wp-block-column-is-layout-flow\">\n<figure class=\"wp-block-image size-large is-resized\"><img loading=\"lazy\" decoding=\"async\" width=\"936\" height=\"1024\" src=\"https:\/\/www.repam.net\/pt\/wp-content\/uploads\/2025\/03\/REPAM_ES-01-2-936x1024.png\" alt=\"\" class=\"wp-image-3186\" style=\"width:266px;height:auto\" srcset=\"https:\/\/www.repam.net\/pt\/wp-content\/uploads\/2025\/03\/REPAM_ES-01-2-936x1024.png 936w, https:\/\/www.repam.net\/pt\/wp-content\/uploads\/2025\/03\/REPAM_ES-01-2-274x300.png 274w, https:\/\/www.repam.net\/pt\/wp-content\/uploads\/2025\/03\/REPAM_ES-01-2-768x840.png 768w, https:\/\/www.repam.net\/pt\/wp-content\/uploads\/2025\/03\/REPAM_ES-01-2.png 1016w\" sizes=\"auto, (max-width: 936px) 100vw, 936px\" \/><\/figure>\n<\/div>\n\n\n\n<div class=\"wp-block-column is-layout-flow wp-block-column-is-layout-flow\">\n<figure class=\"wp-block-image size-full is-resized\"><img loading=\"lazy\" decoding=\"async\" width=\"745\" height=\"507\" src=\"https:\/\/www.repam.net\/pt\/wp-content\/uploads\/2025\/03\/dibujante-2.jpeg\" alt=\"\" class=\"wp-image-3187\" style=\"width:320px;height:auto\" srcset=\"https:\/\/www.repam.net\/pt\/wp-content\/uploads\/2025\/03\/dibujante-2.jpeg 745w, https:\/\/www.repam.net\/pt\/wp-content\/uploads\/2025\/03\/dibujante-2-300x204.jpeg 300w\" sizes=\"auto, (max-width: 745px) 100vw, 745px\" \/><\/figure>\n<\/div>\n<\/div>\n\n\n\n<div class=\"wp-block-columns is-layout-flex wp-container-core-columns-is-layout-9d6595d7 wp-block-columns-is-layout-flex\">\n<div class=\"wp-block-column is-layout-flow wp-block-column-is-layout-flow\">\n<p><strong>N\u00facleo forma\u00e7\u00e3o e M\u00e9todos Pastorais da REPAM<\/strong><\/p>\n\n\n\n<blockquote class=\"wp-block-quote is-layout-flow wp-block-quote-is-layout-flow\">\n<p><strong>Articula\u00e7\u00e3o:<\/strong>&nbsp;Diego Aguiar<\/p>\n<\/blockquote>\n<\/div>\n\n\n\n<div class=\"wp-block-column is-layout-flow wp-block-column-is-layout-flow\">\n<blockquote class=\"wp-block-quote is-layout-flow wp-block-quote-is-layout-flow\">\n<p><strong>Equipe de comunica\u00e7\u00e3o:<\/strong><\/p>\n\n\n\n<ul class=\"wp-block-list\">\n<li><strong>Comunica\u00e7\u00e3o:<\/strong>&nbsp;Vanessa Xisto e Oscar Tellez<\/li>\n\n\n\n<li><strong>Edi\u00e7\u00e3o:<\/strong>&nbsp;Felipe Martins<\/li>\n<\/ul>\n<\/blockquote>\n<\/div>\n<\/div>\n","protected":false},"excerpt":{"rendered":"<p>Em prepara\u00e7\u00e3o para viver o mist\u00e9rio Pascal de Jesus, cuja P\u00e1scoa de Ressurrei\u00e7\u00e3o vamos celebrar no pr\u00f3ximo dia 20 de abril. Neste tempo, como se tornou tradi\u00e7\u00e3o, a Rede Eclesial Pan-Amaz\u00f4nica \u2013 REPAM apresenta uma s\u00e9rie de reflex\u00f5es para viver, em esp\u00edrito de ora\u00e7\u00e3o e comunh\u00e3o este tempo de gra\u00e7a e convers\u00e3o que \u00e9 a [&hellip;]<\/p>\n","protected":false},"author":1,"featured_media":3176,"parent":61,"menu_order":0,"comment_status":"closed","ping_status":"closed","template":"","meta":{"_acf_changed":false,"_uf_show_specific_survey":0,"_uf_disable_surveys":false,"footnotes":""},"class_list":["post-3184","page","type-page","status-publish","has-post-thumbnail","hentry"],"acf":[],"aioseo_notices":[],"yoast_head":"<!-- This site is optimized with the Yoast SEO plugin v24.2 - https:\/\/yoast.com\/wordpress\/plugins\/seo\/ -->\n<title>2025 - Navegando como peregrinos de esperan\u00e7a na Amaz\u00f4nia - Repam<\/title>\n<meta name=\"robots\" content=\"index, follow, max-snippet:-1, max-image-preview:large, max-video-preview:-1\" \/>\n<link rel=\"canonical\" href=\"https:\/\/www.repam.net\/pt\/publicacoes\/40-dias-navegando\/40-dias-navegando-2025-navegando-como-peregrinos-de-esperanca-na-amazonia\/\" \/>\n<meta property=\"og:locale\" content=\"pt_BR\" \/>\n<meta property=\"og:type\" content=\"article\" \/>\n<meta property=\"og:title\" content=\"2025 - Navegando como peregrinos de esperan\u00e7a na Amaz\u00f4nia - Repam\" \/>\n<meta property=\"og:description\" content=\"Em prepara\u00e7\u00e3o para viver o mist\u00e9rio Pascal de Jesus, cuja P\u00e1scoa de Ressurrei\u00e7\u00e3o vamos celebrar no pr\u00f3ximo dia 20 de abril. Neste tempo, como se tornou tradi\u00e7\u00e3o, a Rede Eclesial Pan-Amaz\u00f4nica \u2013 REPAM apresenta uma s\u00e9rie de reflex\u00f5es para viver, em esp\u00edrito de ora\u00e7\u00e3o e comunh\u00e3o este tempo de gra\u00e7a e convers\u00e3o que \u00e9 a [&hellip;]\" \/>\n<meta property=\"og:url\" content=\"https:\/\/www.repam.net\/pt\/publicacoes\/40-dias-navegando\/40-dias-navegando-2025-navegando-como-peregrinos-de-esperanca-na-amazonia\/\" \/>\n<meta property=\"og:site_name\" content=\"Repam\" \/>\n<meta property=\"article:modified_time\" content=\"2025-04-10T18:59:18+00:00\" \/>\n<meta property=\"og:image\" content=\"https:\/\/www.repam.net\/pt\/wp-content\/uploads\/2025\/03\/5-@crisdibujante92.png\" \/>\n\t<meta property=\"og:image:width\" content=\"2480\" \/>\n\t<meta property=\"og:image:height\" content=\"2480\" \/>\n\t<meta property=\"og:image:type\" content=\"image\/png\" \/>\n<meta name=\"twitter:card\" content=\"summary_large_image\" \/>\n<meta name=\"twitter:label1\" content=\"Est. tempo de leitura\" \/>\n\t<meta name=\"twitter:data1\" content=\"4 minutos\" \/>\n<script type=\"application\/ld+json\" class=\"yoast-schema-graph\">{\"@context\":\"https:\/\/schema.org\",\"@graph\":[{\"@type\":\"WebPage\",\"@id\":\"https:\/\/www.repam.net\/pt\/publicacoes\/40-dias-navegando\/40-dias-navegando-2025-navegando-como-peregrinos-de-esperanca-na-amazonia\/\",\"url\":\"https:\/\/www.repam.net\/pt\/publicacoes\/40-dias-navegando\/40-dias-navegando-2025-navegando-como-peregrinos-de-esperanca-na-amazonia\/\",\"name\":\"2025 - Navegando como peregrinos de esperan\u00e7a na Amaz\u00f4nia - Repam\",\"isPartOf\":{\"@id\":\"https:\/\/www.repam.net\/pt\/#website\"},\"primaryImageOfPage\":{\"@id\":\"https:\/\/www.repam.net\/pt\/publicacoes\/40-dias-navegando\/40-dias-navegando-2025-navegando-como-peregrinos-de-esperanca-na-amazonia\/#primaryimage\"},\"image\":{\"@id\":\"https:\/\/www.repam.net\/pt\/publicacoes\/40-dias-navegando\/40-dias-navegando-2025-navegando-como-peregrinos-de-esperanca-na-amazonia\/#primaryimage\"},\"thumbnailUrl\":\"https:\/\/www.repam.net\/pt\/wp-content\/uploads\/2025\/03\/5-@crisdibujante92.png\",\"datePublished\":\"2025-03-06T16:38:44+00:00\",\"dateModified\":\"2025-04-10T18:59:18+00:00\",\"breadcrumb\":{\"@id\":\"https:\/\/www.repam.net\/pt\/publicacoes\/40-dias-navegando\/40-dias-navegando-2025-navegando-como-peregrinos-de-esperanca-na-amazonia\/#breadcrumb\"},\"inLanguage\":\"pt-BR\",\"potentialAction\":[{\"@type\":\"ReadAction\",\"target\":[\"https:\/\/www.repam.net\/pt\/publicacoes\/40-dias-navegando\/40-dias-navegando-2025-navegando-como-peregrinos-de-esperanca-na-amazonia\/\"]}]},{\"@type\":\"ImageObject\",\"inLanguage\":\"pt-BR\",\"@id\":\"https:\/\/www.repam.net\/pt\/publicacoes\/40-dias-navegando\/40-dias-navegando-2025-navegando-como-peregrinos-de-esperanca-na-amazonia\/#primaryimage\",\"url\":\"https:\/\/www.repam.net\/pt\/wp-content\/uploads\/2025\/03\/5-@crisdibujante92.png\",\"contentUrl\":\"https:\/\/www.repam.net\/pt\/wp-content\/uploads\/2025\/03\/5-@crisdibujante92.png\",\"width\":2480,\"height\":2480},{\"@type\":\"BreadcrumbList\",\"@id\":\"https:\/\/www.repam.net\/pt\/publicacoes\/40-dias-navegando\/40-dias-navegando-2025-navegando-como-peregrinos-de-esperanca-na-amazonia\/#breadcrumb\",\"itemListElement\":[{\"@type\":\"ListItem\",\"position\":1,\"name\":\"In\u00edcio\",\"item\":\"https:\/\/www.repam.net\/pt\/\"},{\"@type\":\"ListItem\",\"position\":2,\"name\":\"Publica\u00e7\u00f5es\",\"item\":\"https:\/\/www.repam.net\/pt\/publicacoes\/\"},{\"@type\":\"ListItem\",\"position\":3,\"name\":\"40 dias navegando\",\"item\":\"https:\/\/www.repam.net\/pt\/publicacoes\/40-dias-navegando\/\"},{\"@type\":\"ListItem\",\"position\":4,\"name\":\"2025 &#8211; Navegando como peregrinos de esperan\u00e7a na Amaz\u00f4nia\"}]},{\"@type\":\"WebSite\",\"@id\":\"https:\/\/www.repam.net\/pt\/#website\",\"url\":\"https:\/\/www.repam.net\/pt\/\",\"name\":\"Repam\",\"description\":\"Rede Eclesial Pan-amaz\u00f4nica\",\"publisher\":{\"@id\":\"https:\/\/www.repam.net\/pt\/#organization\"},\"potentialAction\":[{\"@type\":\"SearchAction\",\"target\":{\"@type\":\"EntryPoint\",\"urlTemplate\":\"https:\/\/www.repam.net\/pt\/?s={search_term_string}\"},\"query-input\":{\"@type\":\"PropertyValueSpecification\",\"valueRequired\":true,\"valueName\":\"search_term_string\"}}],\"inLanguage\":\"pt-BR\"},{\"@type\":\"Organization\",\"@id\":\"https:\/\/www.repam.net\/pt\/#organization\",\"name\":\"Repam\",\"url\":\"https:\/\/www.repam.net\/pt\/\",\"logo\":{\"@type\":\"ImageObject\",\"inLanguage\":\"pt-BR\",\"@id\":\"https:\/\/www.repam.net\/pt\/#\/schema\/logo\/image\/\",\"url\":\"https:\/\/www.repam.net\/pt\/wp-content\/uploads\/2022\/02\/15.-REPAM-BRASIL.jpg\",\"contentUrl\":\"https:\/\/www.repam.net\/pt\/wp-content\/uploads\/2022\/02\/15.-REPAM-BRASIL.jpg\",\"width\":231,\"height\":230,\"caption\":\"Repam\"},\"image\":{\"@id\":\"https:\/\/www.repam.net\/pt\/#\/schema\/logo\/image\/\"}}]}<\/script>\n<!-- \/ Yoast SEO plugin. -->","yoast_head_json":{"title":"2025 - Navegando como peregrinos de esperan\u00e7a na Amaz\u00f4nia - Repam","robots":{"index":"index","follow":"follow","max-snippet":"max-snippet:-1","max-image-preview":"max-image-preview:large","max-video-preview":"max-video-preview:-1"},"canonical":"https:\/\/www.repam.net\/pt\/publicacoes\/40-dias-navegando\/40-dias-navegando-2025-navegando-como-peregrinos-de-esperanca-na-amazonia\/","og_locale":"pt_BR","og_type":"article","og_title":"2025 - Navegando como peregrinos de esperan\u00e7a na Amaz\u00f4nia - Repam","og_description":"Em prepara\u00e7\u00e3o para viver o mist\u00e9rio Pascal de Jesus, cuja P\u00e1scoa de Ressurrei\u00e7\u00e3o vamos celebrar no pr\u00f3ximo dia 20 de abril. Neste tempo, como se tornou tradi\u00e7\u00e3o, a Rede Eclesial Pan-Amaz\u00f4nica \u2013 REPAM apresenta uma s\u00e9rie de reflex\u00f5es para viver, em esp\u00edrito de ora\u00e7\u00e3o e comunh\u00e3o este tempo de gra\u00e7a e convers\u00e3o que \u00e9 a [&hellip;]","og_url":"https:\/\/www.repam.net\/pt\/publicacoes\/40-dias-navegando\/40-dias-navegando-2025-navegando-como-peregrinos-de-esperanca-na-amazonia\/","og_site_name":"Repam","article_modified_time":"2025-04-10T18:59:18+00:00","og_image":[{"width":2480,"height":2480,"url":"https:\/\/www.repam.net\/pt\/wp-content\/uploads\/2025\/03\/5-@crisdibujante92.png","type":"image\/png"}],"twitter_card":"summary_large_image","twitter_misc":{"Est. tempo de leitura":"4 minutos"},"schema":{"@context":"https:\/\/schema.org","@graph":[{"@type":"WebPage","@id":"https:\/\/www.repam.net\/pt\/publicacoes\/40-dias-navegando\/40-dias-navegando-2025-navegando-como-peregrinos-de-esperanca-na-amazonia\/","url":"https:\/\/www.repam.net\/pt\/publicacoes\/40-dias-navegando\/40-dias-navegando-2025-navegando-como-peregrinos-de-esperanca-na-amazonia\/","name":"2025 - Navegando como peregrinos de esperan\u00e7a na Amaz\u00f4nia - Repam","isPartOf":{"@id":"https:\/\/www.repam.net\/pt\/#website"},"primaryImageOfPage":{"@id":"https:\/\/www.repam.net\/pt\/publicacoes\/40-dias-navegando\/40-dias-navegando-2025-navegando-como-peregrinos-de-esperanca-na-amazonia\/#primaryimage"},"image":{"@id":"https:\/\/www.repam.net\/pt\/publicacoes\/40-dias-navegando\/40-dias-navegando-2025-navegando-como-peregrinos-de-esperanca-na-amazonia\/#primaryimage"},"thumbnailUrl":"https:\/\/www.repam.net\/pt\/wp-content\/uploads\/2025\/03\/5-@crisdibujante92.png","datePublished":"2025-03-06T16:38:44+00:00","dateModified":"2025-04-10T18:59:18+00:00","breadcrumb":{"@id":"https:\/\/www.repam.net\/pt\/publicacoes\/40-dias-navegando\/40-dias-navegando-2025-navegando-como-peregrinos-de-esperanca-na-amazonia\/#breadcrumb"},"inLanguage":"pt-BR","potentialAction":[{"@type":"ReadAction","target":["https:\/\/www.repam.net\/pt\/publicacoes\/40-dias-navegando\/40-dias-navegando-2025-navegando-como-peregrinos-de-esperanca-na-amazonia\/"]}]},{"@type":"ImageObject","inLanguage":"pt-BR","@id":"https:\/\/www.repam.net\/pt\/publicacoes\/40-dias-navegando\/40-dias-navegando-2025-navegando-como-peregrinos-de-esperanca-na-amazonia\/#primaryimage","url":"https:\/\/www.repam.net\/pt\/wp-content\/uploads\/2025\/03\/5-@crisdibujante92.png","contentUrl":"https:\/\/www.repam.net\/pt\/wp-content\/uploads\/2025\/03\/5-@crisdibujante92.png","width":2480,"height":2480},{"@type":"BreadcrumbList","@id":"https:\/\/www.repam.net\/pt\/publicacoes\/40-dias-navegando\/40-dias-navegando-2025-navegando-como-peregrinos-de-esperanca-na-amazonia\/#breadcrumb","itemListElement":[{"@type":"ListItem","position":1,"name":"In\u00edcio","item":"https:\/\/www.repam.net\/pt\/"},{"@type":"ListItem","position":2,"name":"Publica\u00e7\u00f5es","item":"https:\/\/www.repam.net\/pt\/publicacoes\/"},{"@type":"ListItem","position":3,"name":"40 dias navegando","item":"https:\/\/www.repam.net\/pt\/publicacoes\/40-dias-navegando\/"},{"@type":"ListItem","position":4,"name":"2025 &#8211; Navegando como peregrinos de esperan\u00e7a na Amaz\u00f4nia"}]},{"@type":"WebSite","@id":"https:\/\/www.repam.net\/pt\/#website","url":"https:\/\/www.repam.net\/pt\/","name":"Repam","description":"Rede Eclesial Pan-amaz\u00f4nica","publisher":{"@id":"https:\/\/www.repam.net\/pt\/#organization"},"potentialAction":[{"@type":"SearchAction","target":{"@type":"EntryPoint","urlTemplate":"https:\/\/www.repam.net\/pt\/?s={search_term_string}"},"query-input":{"@type":"PropertyValueSpecification","valueRequired":true,"valueName":"search_term_string"}}],"inLanguage":"pt-BR"},{"@type":"Organization","@id":"https:\/\/www.repam.net\/pt\/#organization","name":"Repam","url":"https:\/\/www.repam.net\/pt\/","logo":{"@type":"ImageObject","inLanguage":"pt-BR","@id":"https:\/\/www.repam.net\/pt\/#\/schema\/logo\/image\/","url":"https:\/\/www.repam.net\/pt\/wp-content\/uploads\/2022\/02\/15.-REPAM-BRASIL.jpg","contentUrl":"https:\/\/www.repam.net\/pt\/wp-content\/uploads\/2022\/02\/15.-REPAM-BRASIL.jpg","width":231,"height":230,"caption":"Repam"},"image":{"@id":"https:\/\/www.repam.net\/pt\/#\/schema\/logo\/image\/"}}]}},"_links":{"self":[{"href":"https:\/\/www.repam.net\/pt\/wp-json\/wp\/v2\/pages\/3184","targetHints":{"allow":["GET"]}}],"collection":[{"href":"https:\/\/www.repam.net\/pt\/wp-json\/wp\/v2\/pages"}],"about":[{"href":"https:\/\/www.repam.net\/pt\/wp-json\/wp\/v2\/types\/page"}],"author":[{"embeddable":true,"href":"https:\/\/www.repam.net\/pt\/wp-json\/wp\/v2\/users\/1"}],"replies":[{"embeddable":true,"href":"https:\/\/www.repam.net\/pt\/wp-json\/wp\/v2\/comments?post=3184"}],"version-history":[{"count":6,"href":"https:\/\/www.repam.net\/pt\/wp-json\/wp\/v2\/pages\/3184\/revisions"}],"predecessor-version":[{"id":3276,"href":"https:\/\/www.repam.net\/pt\/wp-json\/wp\/v2\/pages\/3184\/revisions\/3276"}],"up":[{"embeddable":true,"href":"https:\/\/www.repam.net\/pt\/wp-json\/wp\/v2\/pages\/61"}],"wp:featuredmedia":[{"embeddable":true,"href":"https:\/\/www.repam.net\/pt\/wp-json\/wp\/v2\/media\/3176"}],"wp:attachment":[{"href":"https:\/\/www.repam.net\/pt\/wp-json\/wp\/v2\/media?parent=3184"}],"curies":[{"name":"wp","href":"https:\/\/api.w.org\/{rel}","templated":true}]}}