{"id":42,"date":"2022-01-21T11:58:13","date_gmt":"2022-01-21T14:58:13","guid":{"rendered":"http:\/\/repam.net\/pt\/?page_id=42"},"modified":"2022-03-18T17:48:40","modified_gmt":"2022-03-18T20:48:40","slug":"redes-nacionais","status":"publish","type":"page","link":"https:\/\/www.repam.net\/pt\/redes-nacionais\/","title":{"rendered":"Redes Nacionais"},"content":{"rendered":"\n<p>O REPAM \u00e9 uma plataforma de articula\u00e7\u00e3o sinodal, compartilhando experi\u00eancias e servi\u00e7os para responder \u00e0s necessidades do territ\u00f3rio amaz\u00f4nico dos 8 pa\u00edses (Bol\u00edvia, Brasil, Col\u00f4mbia, Equador, Guiana, Peru, Suriname e Venezuela) e 1 territ\u00f3rio ultramarino (Guiana Francesa), que s\u00e3o identificados por uma estrutura de REPAMs Nacionais.<\/p>\n\n\n\n<div class=\"wp-block-image\"><figure class=\"aligncenter size-large\"><img loading=\"lazy\" decoding=\"async\" width=\"1024\" height=\"576\" src=\"https:\/\/www.repam.net\/pt\/wp-content\/uploads\/2022\/03\/PT-Pan-amazo\u0302nia-pai\u0301ses-e-porcentagem-1024x576.png\" alt=\"\" class=\"wp-image-913\" srcset=\"https:\/\/www.repam.net\/pt\/wp-content\/uploads\/2022\/03\/PT-Pan-amazo\u0302nia-pai\u0301ses-e-porcentagem-1024x576.png 1024w, https:\/\/www.repam.net\/pt\/wp-content\/uploads\/2022\/03\/PT-Pan-amazo\u0302nia-pai\u0301ses-e-porcentagem-300x169.png 300w, https:\/\/www.repam.net\/pt\/wp-content\/uploads\/2022\/03\/PT-Pan-amazo\u0302nia-pai\u0301ses-e-porcentagem-768x432.png 768w, https:\/\/www.repam.net\/pt\/wp-content\/uploads\/2022\/03\/PT-Pan-amazo\u0302nia-pai\u0301ses-e-porcentagem.png 1280w\" sizes=\"auto, (max-width: 1024px) 100vw, 1024px\" \/><\/figure><\/div>\n\n\n<div class=\"display-posts-listing\"><div x-data=\"{open:false}\" class=\"my-4 rounded-lg overflow-hidden shadow-lg\">\n    <div class=\"bg-gray-100 border-b border-gray-200 p-4 font-bold cursor-pointer flex items-center gap-4\"\n        @click=\"open=!open\">\n        <div class=\"text-lima-500\">\n            <svg xmlns=\"http:\/\/www.w3.org\/2000\/svg\" class=\"h-6 w-6\" fill=\"none\" viewBox=\"0 0 24 24\" stroke=\"currentColor\" x-show=\"!open\">\n                <path stroke-linecap=\"round\" stroke-linejoin=\"round\" stroke-width=\"2\" d=\"M9 5l7 7-7 7\" \/>\n            <\/svg>\n            <svg xmlns=\"http:\/\/www.w3.org\/2000\/svg\" class=\"h-6 w-6\" fill=\"none\" viewBox=\"0 0 24 24\" stroke=\"currentColor\" x-show=\"open\">\n                <path stroke-linecap=\"round\" stroke-linejoin=\"round\" stroke-width=\"2\" d=\"M19 9l-7 7-7-7\" \/>\n            <\/svg>\n        <\/div>\n        Bol\u00edvia    <\/div>\n    <div class=\"bg-gray-50 p-8 lg:flex items-start gap-12\" x-show=\"open\" x-transition>\n        <div class=\"lg:w-4\/12 pb-4 lg:pb-0\">\n                            <img decoding=\"async\" src=\"https:\/\/www.repam.net\/pt\/wp-content\/uploads\/fly-images\/840\/Bolivia-350x250-c.jpeg\" class=\"lg:w-full rounded-lg shadow\">\n                    <\/div>\n        <div class=\"lg:w-8\/12\">\n            \n<p>A Amaz\u00f4nia boliviana constitui 43% do territ\u00f3rio nacional, com uma extens\u00e3o de 824.000 km2, compreendendo os departamentos de Beni, Pando, Santa Cruz, La Paz e Cochabamba, totalizando 88 munic\u00edpios.<\/p>\n\n\n\n<p>No n\u00edvel eclesi\u00e1stico, est\u00e1 organizada em duas arquidioceses, duas dioceses, quatro vicariatos apost\u00f3licos e uma prelatura:&nbsp;<\/p>\n\n\n\n<p>ARQUIDIOCESE DE COCHABAMBA &nbsp;<\/p>\n\n\n\n<p>ARQUIDIOCESE DE SANTA CRUZ DE LA SIERRA. DE SANTA CRUZ DE LA SIERRA &nbsp;<\/p>\n\n\n\n<p>DIOCESE DE COROICO &nbsp;<\/p>\n\n\n\n<p>DIOCESE DE SAN IGNACIO DE VELASCO &nbsp;<\/p>\n\n\n\n<p>PRELATURA DA AIQUILE&nbsp;<\/p>\n\n\n\n<p>VICARIATO APOST\u00d3LICO DE BENI &nbsp;<\/p>\n\n\n\n<p>VICARIATO APOST\u00d3LICO DE \u00d1UFLO DE CH\u00c1VEZ &nbsp;<\/p>\n\n\n\n<p>VICARIATO APOST\u00d3LICO DE PANDO &nbsp;<\/p>\n\n\n\n<p>VICARIATO APOST\u00d3LICO DOS OLHOS&nbsp;<\/p>\n\n\n\n<p>A REPAM Bol\u00edvia \u00e9 dirigida por uma secretaria executiva, com sede em Cochabamba, na Funda\u00e7\u00e3o Jubileu.<\/p>\n\n\n\n<p>Saiba mais sobre a REPAM na Bol\u00edvia: facebook.com\/repam.bolivia.54<\/p>\n        <\/div>\n    <\/div>\n<\/div><div x-data=\"{open:false}\" class=\"my-4 rounded-lg overflow-hidden shadow-lg\">\n    <div class=\"bg-gray-100 border-b border-gray-200 p-4 font-bold cursor-pointer flex items-center gap-4\"\n        @click=\"open=!open\">\n        <div class=\"text-lima-500\">\n            <svg xmlns=\"http:\/\/www.w3.org\/2000\/svg\" class=\"h-6 w-6\" fill=\"none\" viewBox=\"0 0 24 24\" stroke=\"currentColor\" x-show=\"!open\">\n                <path stroke-linecap=\"round\" stroke-linejoin=\"round\" stroke-width=\"2\" d=\"M9 5l7 7-7 7\" \/>\n            <\/svg>\n            <svg xmlns=\"http:\/\/www.w3.org\/2000\/svg\" class=\"h-6 w-6\" fill=\"none\" viewBox=\"0 0 24 24\" stroke=\"currentColor\" x-show=\"open\">\n                <path stroke-linecap=\"round\" stroke-linejoin=\"round\" stroke-width=\"2\" d=\"M19 9l-7 7-7-7\" \/>\n            <\/svg>\n        <\/div>\n        Brasil    <\/div>\n    <div class=\"bg-gray-50 p-8 lg:flex items-start gap-12\" x-show=\"open\" x-transition>\n        <div class=\"lg:w-4\/12 pb-4 lg:pb-0\">\n                            <img decoding=\"async\" src=\"https:\/\/www.repam.net\/pt\/wp-content\/uploads\/fly-images\/842\/Brasil-350x250-c.jpeg\" class=\"lg:w-full rounded-lg shadow\">\n                    <\/div>\n        <div class=\"lg:w-8\/12\">\n            \n<p>A \u00e1rea total da Amaz\u00f4nia Legal brasileira \u00e9 km2, distribu\u00edda pelos estados do Acre, Amap\u00e1, Amazonas, Par\u00e1, Rond\u00f4nia, Roraima, Tocantins, Mato Grosso, Maranh\u00e3o e Goi\u00e1s. \u00c9 aqui que vive 55,9% da popula\u00e7\u00e3o ind\u00edgena do Brasil.&nbsp; O Brasil \u00e9 o pa\u00eds com a maior extens\u00e3o do territ\u00f3rio amaz\u00f4nico.<\/p>\n\n\n\n<p>Existem 58 jurisdi\u00e7\u00f5es eclesi\u00e1sticas no territ\u00f3rio, 7 arquidioceses, 44 dioceses e 7 prelazias, presentes em seis Regi\u00f5es da CNBB &#8211; Confer\u00eancia Nacional de Bispos do Brasil:<\/p>\n\n\n\n<p><strong>NORTE 1&nbsp;(centro norte do Amazonas e Roraima)<\/strong><\/p>\n\n\n\n<ol class=\"wp-block-list\">\n<li>ARQUIDIOCESE DE MANAUS &nbsp;<\/li>\n\n\n\n<li>DIOCESE DE ALTO SOLIM\u00d5ES &nbsp;<\/li>\n\n\n\n<li>DIOCESE DE COARI &nbsp;<\/li>\n\n\n\n<li>DIOCESE DE PARINTINS &nbsp;<\/li>\n\n\n\n<li>DIOCESE DE RORAIMA &nbsp;<\/li>\n\n\n\n<li>DIOCESE DE BORBA<\/li>\n\n\n\n<li>DIOCESE DE S\u00c3O GABRIEL DA CACHOEIRA &nbsp;<\/li>\n\n\n\n<li>PRELAZIA DE TEF\u00c9 &nbsp;<\/li>\n\n\n\n<li>PRELAZIA DE ITACOATIARA &nbsp;<\/li>\n<\/ol>\n\n\n\n<p><strong>NORTE 2 (Par\u00e1 e Amap\u00e1)&nbsp;<\/strong><\/p>\n\n\n\n<ol class=\"wp-block-list\">\n<li>ARQUIDIOCESE DE BEL\u00c9M &nbsp;<\/li>\n\n\n\n<li>ARQUIDIOCESE DE SANTAR\u00c9M &nbsp;<\/li>\n\n\n\n<li>DIOCESE DE ABAETETUBA &nbsp;<\/li>\n\n\n\n<li>DIOCESE DE BRAGAN\u00c7A &nbsp;<\/li>\n\n\n\n<li>DIOCESE DE CAMET\u00c1 &nbsp;<\/li>\n\n\n\n<li>DIOCESE DE CASTANHAL &nbsp;<\/li>\n\n\n\n<li>DIOCESE DE MACAP\u00c1 &nbsp;<\/li>\n\n\n\n<li>DIOCESE DE MARAB\u00c1&nbsp;<\/li>\n\n\n\n<li>DIOCESE DE \u00d3BIDOS &nbsp;<\/li>\n\n\n\n<li>DIOCESE DE PONTA DE PEDRAS &nbsp;<\/li>\n\n\n\n<li>DIOCESE DE XINGU-ALTAMIRA<\/li>\n\n\n\n<li>PRELAZIA DE ALTO XINGU-TUCUM\u00c3<\/li>\n\n\n\n<li>PRELAZIA DE ITAITUBA &nbsp;<\/li>\n\n\n\n<li>PRELAZIA DE MARAJ\u00d3 &nbsp;<\/li>\n<\/ol>\n\n\n\n<p><strong>NORTE 3 (Tocantins e uma jurisdi\u00e7\u00e3o do Par\u00e1 e outra do Mato Grosso)<\/strong><\/p>\n\n\n\n<ol class=\"wp-block-list\">\n<li>ARQUIDIOCESE DE PALMAS<\/li>\n\n\n\n<li>DIOCESE DE MIRACEMA&nbsp;<\/li>\n\n\n\n<li>DIOCESE DE PORTO NACIONAL&nbsp;<\/li>\n\n\n\n<li>DIOCESE DE TOCANTIN\u00d3POLIS&nbsp;<\/li>\n\n\n\n<li>DIOCESE DE CONCEI\u00c7\u00c3O DO ARAGUAIA (PA)<\/li>\n\n\n\n<li>DIOCESE DE CRISTAL\u00c2NDIA\u00a0<\/li>\n\n\n\n<li>PRELAZIA DE S\u00c3O F\u00c9LIX DO ARAGUAIA (MT)<\/li>\n<\/ol>\n\n\n\n<p><strong>NORDESTE 5 (Maranh\u00e3o)<\/strong><\/p>\n\n\n\n<ol class=\"wp-block-list\">\n<li>ARQUIDIOCESE DE S\u00c3O LUIZ DO MARANH\u00c3O<\/li>\n\n\n\n<li>DIOCESE DE Z\u00c9 DOCA&nbsp;<\/li>\n\n\n\n<li>DIOCESE DE BACABAL&nbsp;<\/li>\n\n\n\n<li>DIOCESE DE B\u00c1LSAMO&nbsp;<\/li>\n\n\n\n<li>DIOCESE DE BREJO&nbsp;<\/li>\n\n\n\n<li>DIOCESE DE CAROLINA&nbsp;<\/li>\n\n\n\n<li>DIOCESE DE CAXIAS DO MARANH\u00c3O&nbsp;<\/li>\n\n\n\n<li>DIOCESE DE COROAT\u00c1&nbsp;<\/li>\n\n\n\n<li>DIOCESE DE GRAJA\u00da&nbsp;<\/li>\n\n\n\n<li>DIOCESE DE IMPERATRIZ&nbsp;<\/li>\n\n\n\n<li>DIOCESE DE PINHEIRO&nbsp;<\/li>\n\n\n\n<li>DIOCESE DE VIANA&nbsp;<\/li>\n<\/ol>\n\n\n\n<p><strong>OESTE 2 (Mato Grosso)<\/strong><\/p>\n\n\n\n<ol class=\"wp-block-list\">\n<li>ARQUIDIOCESE DE CUIAB\u00c1<\/li>\n\n\n\n<li>DIOCESE DE PRIMAVERA DO LESTE &#8211; PARANATINGA&nbsp;<\/li>\n\n\n\n<li>DIOCESE DE RONDON\u00d3POLIS &#8211; GUIRATINGA&nbsp;<\/li>\n\n\n\n<li>DIOCESE DE BARRA DO GAR\u00c7AS&nbsp;<\/li>\n\n\n\n<li>DIOCESE DE DIAMANTINO&nbsp;<\/li>\n\n\n\n<li>DIOCESE DE JU\u00cdNA&nbsp;<\/li>\n\n\n\n<li>DIOCESE DE S\u00c3O LU\u00cdZ DOS C\u00c1CERES&nbsp;<\/li>\n\n\n\n<li>DIOCESE DE SINOP<\/li>\n<\/ol>\n\n\n\n<p><strong>NOROESTE (Rond\u00f4nia, Acre e sul do Amazonas)<\/strong><\/p>\n\n\n\n<ol class=\"wp-block-list\">\n<li>ARQUIDIOCESE DE PORTO VELHO (RO)<\/li>\n\n\n\n<li>DIOCESE DE JI-PARAN\u00c1 (RO)<\/li>\n\n\n\n<li>DIOCESE DE GUAJAR\u00c1-MIRIM (RO)<\/li>\n\n\n\n<li>DIOCESE DE RIO BRANCO (AC)<\/li>\n\n\n\n<li>DIOCESE DE CRUZEIRO DO SUL (AC)<\/li>\n\n\n\n<li>DIOCESE DE HUMAIT\u00c1 (AM)<\/li>\n\n\n\n<li>PRELAZIA DE L\u00c1BREA (AM)<\/li>\n<\/ol>\n\n\n\n<p>A REPAM Brasil \u00e9 organizada por uma secretaria executiva, sediada em Bras\u00edlia.<\/p>\n\n\n\n<p>Saiba mais sobre a REPAM no Brasil: <a href=\"https:\/\/repam.org.br\/\" target=\"_blank\" rel=\"noreferrer noopener\">repam.org.br<\/a><\/p>\n        <\/div>\n    <\/div>\n<\/div><div x-data=\"{open:false}\" class=\"my-4 rounded-lg overflow-hidden shadow-lg\">\n    <div class=\"bg-gray-100 border-b border-gray-200 p-4 font-bold cursor-pointer flex items-center gap-4\"\n        @click=\"open=!open\">\n        <div class=\"text-lima-500\">\n            <svg xmlns=\"http:\/\/www.w3.org\/2000\/svg\" class=\"h-6 w-6\" fill=\"none\" viewBox=\"0 0 24 24\" stroke=\"currentColor\" x-show=\"!open\">\n                <path stroke-linecap=\"round\" stroke-linejoin=\"round\" stroke-width=\"2\" d=\"M9 5l7 7-7 7\" \/>\n            <\/svg>\n            <svg xmlns=\"http:\/\/www.w3.org\/2000\/svg\" class=\"h-6 w-6\" fill=\"none\" viewBox=\"0 0 24 24\" stroke=\"currentColor\" x-show=\"open\">\n                <path stroke-linecap=\"round\" stroke-linejoin=\"round\" stroke-width=\"2\" d=\"M19 9l-7 7-7-7\" \/>\n            <\/svg>\n        <\/div>\n        Col\u00f4mbia    <\/div>\n    <div class=\"bg-gray-50 p-8 lg:flex items-start gap-12\" x-show=\"open\" x-transition>\n        <div class=\"lg:w-4\/12 pb-4 lg:pb-0\">\n                            <img decoding=\"async\" src=\"https:\/\/www.repam.net\/pt\/wp-content\/uploads\/fly-images\/844\/Colombia-350x250-c.jpeg\" class=\"lg:w-full rounded-lg shadow\">\n                    <\/div>\n        <div class=\"lg:w-8\/12\">\n            \n<p>A regi\u00e3o amaz\u00f4nica da Col\u00f4mbia cobre 42% do territ\u00f3rio nacional (com uma \u00e1rea de 483.119 km2), cujo bioma est\u00e1 interconectado com o Orinoco. O bioma Amaz\u00f4nia-Orinoquia \u00e9 compartilhado pelos Departamentos do Amazonas, Caquet\u00e1, Putumayo, Guaviare, Meta, Casanare, Vichada, Guain\u00eda e Vichada.<\/p>\n\n\n\n<p>No n\u00edvel eclesi\u00e1stico, \u00e9 composto de duas arquidioceses, seis dioceses e sete vicariatos apost\u00f3licos:<\/p>\n\n\n\n<p>ARQUIDIOCESE DE FLOR\u00caNCIA<\/p>\n\n\n\n<p>ARQUIDIOCESE DE VILLAVICENCIO<\/p>\n\n\n\n<p>DIOCESE DE ARAUCA<\/p>\n\n\n\n<p>DIOCESE DE GRANADA<\/p>\n\n\n\n<p>DIOCESE DE MOCOA-SIBUNDOY<\/p>\n\n\n\n<p>DIOCESE DE SAN JOS\u00c9 DEL GUAVIARE<\/p>\n\n\n\n<p>DIOCESE DE SAN VICENTE DEL CAGU\u00c1N<\/p>\n\n\n\n<p>DIOCESE DE YOPAL<\/p>\n\n\n\n<p>VICARIATO APOST\u00d3LICO DE PUERTO LEGU\u00cdZAMO-SOLANO<\/p>\n\n\n\n<p>VICARIATO APOST\u00d3LICO DE PUERTO CARRE\u00d1O<\/p>\n\n\n\n<p>VICARIATO APOST\u00d3LICO DE PUERTO GAITAN<\/p>\n\n\n\n<p>VICARIATO APOST\u00d3LICO DE IN\u00cdRIDA<\/p>\n\n\n\n<p>VICARIATO APOST\u00d3LICO DE LETICIA<\/p>\n\n\n\n<p>VICARIATO APOST\u00d3LICO DE MIT\u00da<\/p>\n\n\n\n<p>VICARIATO APOST\u00d3LICO DE TRINIDAD<\/p>\n\n\n\n<p>O processo da REPAM Col\u00f4mbia est\u00e1 sendo animado pela Secretaria Nacional de Pastoral Social &#8211; C\u00e1ritas Col\u00f4mbia.<\/p>\n\n\n\n<p>Saiba mais sobre a REPAM na Col\u00f4mbia: <a href=\"https:\/\/facebook.com\/repamcolombia\" target=\"_blank\" rel=\"noreferrer noopener\">facebook.com\/repamcolombia<\/a><\/p>\n        <\/div>\n    <\/div>\n<\/div><div x-data=\"{open:false}\" class=\"my-4 rounded-lg overflow-hidden shadow-lg\">\n    <div class=\"bg-gray-100 border-b border-gray-200 p-4 font-bold cursor-pointer flex items-center gap-4\"\n        @click=\"open=!open\">\n        <div class=\"text-lima-500\">\n            <svg xmlns=\"http:\/\/www.w3.org\/2000\/svg\" class=\"h-6 w-6\" fill=\"none\" viewBox=\"0 0 24 24\" stroke=\"currentColor\" x-show=\"!open\">\n                <path stroke-linecap=\"round\" stroke-linejoin=\"round\" stroke-width=\"2\" d=\"M9 5l7 7-7 7\" \/>\n            <\/svg>\n            <svg xmlns=\"http:\/\/www.w3.org\/2000\/svg\" class=\"h-6 w-6\" fill=\"none\" viewBox=\"0 0 24 24\" stroke=\"currentColor\" x-show=\"open\">\n                <path stroke-linecap=\"round\" stroke-linejoin=\"round\" stroke-width=\"2\" d=\"M19 9l-7 7-7-7\" \/>\n            <\/svg>\n        <\/div>\n        Equador    <\/div>\n    <div class=\"bg-gray-50 p-8 lg:flex items-start gap-12\" x-show=\"open\" x-transition>\n        <div class=\"lg:w-4\/12 pb-4 lg:pb-0\">\n                            <img decoding=\"async\" src=\"https:\/\/www.repam.net\/pt\/wp-content\/uploads\/fly-images\/846\/Equador-350x250-c.jpg\" class=\"lg:w-full rounded-lg shadow\">\n                    <\/div>\n        <div class=\"lg:w-8\/12\">\n            \n<p>A \u00e1rea amaz\u00f4nica do Equador cobre 120.000 km\u00b2 (48% do territ\u00f3rio nacional) e inclui as prov\u00edncias de Sucumb\u00edos, Orellana, Napo, Pastaza, Morona e Zamora. Aproximadamente 5% da popula\u00e7\u00e3o equatoriana vive l\u00e1, cerca de 740.000 habitantes.<\/p>\n\n\n\n<p>No n\u00edvel eclesi\u00e1stico, est\u00e1 organizado em seis vicariatos apost\u00f3licos:<\/p>\n\n\n\n<p>VICARIATO APOST\u00d3LICO DE AGUARICO<\/p>\n\n\n\n<p>VICARIATO APOST\u00d3LICO DE M\u00c9NDEZ<\/p>\n\n\n\n<p>VICARIATO APOST\u00d3LICO DE NAPO<\/p>\n\n\n\n<p>VICARIATO APOST\u00d3LICO DE PUYO<\/p>\n\n\n\n<p>VICARIATO APOST\u00d3LICO DE SUCUMB\u00cdOS<\/p>\n\n\n\n<p>VICARIATO APOST\u00d3LICO DE ZAMORA &nbsp;<\/p>\n\n\n\n<p>A REPAM Equador \u00e9 dirigida por uma equipe colegial e pela C\u00e1ritas Equador.<\/p>\n\n\n\n<p>Saiba mais sobre a REPAM no Equador: <a href=\"https:\/\/facebook.com\/REPAMECUADOR\" target=\"_blank\" rel=\"noreferrer noopener\">facebook.com\/REPAMECUADOR<\/a><\/p>\n        <\/div>\n    <\/div>\n<\/div><div x-data=\"{open:false}\" class=\"my-4 rounded-lg overflow-hidden shadow-lg\">\n    <div class=\"bg-gray-100 border-b border-gray-200 p-4 font-bold cursor-pointer flex items-center gap-4\"\n        @click=\"open=!open\">\n        <div class=\"text-lima-500\">\n            <svg xmlns=\"http:\/\/www.w3.org\/2000\/svg\" class=\"h-6 w-6\" fill=\"none\" viewBox=\"0 0 24 24\" stroke=\"currentColor\" x-show=\"!open\">\n                <path stroke-linecap=\"round\" stroke-linejoin=\"round\" stroke-width=\"2\" d=\"M9 5l7 7-7 7\" \/>\n            <\/svg>\n            <svg xmlns=\"http:\/\/www.w3.org\/2000\/svg\" class=\"h-6 w-6\" fill=\"none\" viewBox=\"0 0 24 24\" stroke=\"currentColor\" x-show=\"open\">\n                <path stroke-linecap=\"round\" stroke-linejoin=\"round\" stroke-width=\"2\" d=\"M19 9l-7 7-7-7\" \/>\n            <\/svg>\n        <\/div>\n        Guiana    <\/div>\n    <div class=\"bg-gray-50 p-8 lg:flex items-start gap-12\" x-show=\"open\" x-transition>\n        <div class=\"lg:w-4\/12 pb-4 lg:pb-0\">\n                            <img decoding=\"async\" src=\"https:\/\/www.repam.net\/pt\/wp-content\/uploads\/fly-images\/850\/Guiana-350x250-c.jpeg\" class=\"lg:w-full rounded-lg shadow\">\n                    <\/div>\n        <div class=\"lg:w-8\/12\">\n            \n<p>Todo o territ\u00f3rio da Guiana \u00e9 amaz\u00f4nico. At\u00e9 sua independ\u00eancia, era conhecida como Guiana Brit\u00e2nica. \u00c9 um grande pa\u00eds de 83.000 milhas quadradas, cuja l\u00edngua oficial \u00e9 o ingl\u00eas.<\/p>\n\n\n\n<p>No n\u00edvel eclesi\u00e1stico existe a Diocese de Georgetown, que abrange todo o territ\u00f3rio nacional e que anima o processo REPAM na Guiana.<\/p>\n\n\n\n<p>Saiba mais sobre a Igreja na Guiana: <a href=\"https:\/\/rcdiocesegy.org\" target=\"_blank\" rel=\"noreferrer noopener\">rcdiocesegy.org<\/a><\/p>\n        <\/div>\n    <\/div>\n<\/div><div x-data=\"{open:false}\" class=\"my-4 rounded-lg overflow-hidden shadow-lg\">\n    <div class=\"bg-gray-100 border-b border-gray-200 p-4 font-bold cursor-pointer flex items-center gap-4\"\n        @click=\"open=!open\">\n        <div class=\"text-lima-500\">\n            <svg xmlns=\"http:\/\/www.w3.org\/2000\/svg\" class=\"h-6 w-6\" fill=\"none\" viewBox=\"0 0 24 24\" stroke=\"currentColor\" x-show=\"!open\">\n                <path stroke-linecap=\"round\" stroke-linejoin=\"round\" stroke-width=\"2\" d=\"M9 5l7 7-7 7\" \/>\n            <\/svg>\n            <svg xmlns=\"http:\/\/www.w3.org\/2000\/svg\" class=\"h-6 w-6\" fill=\"none\" viewBox=\"0 0 24 24\" stroke=\"currentColor\" x-show=\"open\">\n                <path stroke-linecap=\"round\" stroke-linejoin=\"round\" stroke-width=\"2\" d=\"M19 9l-7 7-7-7\" \/>\n            <\/svg>\n        <\/div>\n        Guiana Francesa    <\/div>\n    <div class=\"bg-gray-50 p-8 lg:flex items-start gap-12\" x-show=\"open\" x-transition>\n        <div class=\"lg:w-4\/12 pb-4 lg:pb-0\">\n                            <img decoding=\"async\" src=\"https:\/\/www.repam.net\/pt\/wp-content\/uploads\/fly-images\/1053\/Guyana-Francesa-350x250-c.jpeg\" class=\"lg:w-full rounded-lg shadow\">\n                    <\/div>\n        <div class=\"lg:w-8\/12\">\n            \n<p>A Guiana Francesa cobre uma \u00e1rea de 83.846 km\u00b2 dentro do bioma Amaz\u00f4nia. \u00c9 um departamento territorial ultramarino da Fran\u00e7a. Sua capital \u00e9 Cayenne.<\/p>\n\n\n\n<p>Em n\u00edvel eclesi\u00e1stico, a Diocese de Georgetown, que abrange todo o territ\u00f3rio nacional, anima o processo da REPAM Guiana Francesa. A Igreja Cat\u00f3lica est\u00e1 organizada na Diocese de Cayenne, que anima o processo da REPAM Guiana Francesa.<\/p>\n\n\n\n<p>Saiba mais sobre a Igreja na Guiana Francesa: <a href=\"https:\/\/guyane.catholique.fr\" target=\"_blank\" rel=\"noreferrer noopener\">guyane.catholique.fr<\/a><\/p>\n        <\/div>\n    <\/div>\n<\/div><div x-data=\"{open:false}\" class=\"my-4 rounded-lg overflow-hidden shadow-lg\">\n    <div class=\"bg-gray-100 border-b border-gray-200 p-4 font-bold cursor-pointer flex items-center gap-4\"\n        @click=\"open=!open\">\n        <div class=\"text-lima-500\">\n            <svg xmlns=\"http:\/\/www.w3.org\/2000\/svg\" class=\"h-6 w-6\" fill=\"none\" viewBox=\"0 0 24 24\" stroke=\"currentColor\" x-show=\"!open\">\n                <path stroke-linecap=\"round\" stroke-linejoin=\"round\" stroke-width=\"2\" d=\"M9 5l7 7-7 7\" \/>\n            <\/svg>\n            <svg xmlns=\"http:\/\/www.w3.org\/2000\/svg\" class=\"h-6 w-6\" fill=\"none\" viewBox=\"0 0 24 24\" stroke=\"currentColor\" x-show=\"open\">\n                <path stroke-linecap=\"round\" stroke-linejoin=\"round\" stroke-width=\"2\" d=\"M19 9l-7 7-7-7\" \/>\n            <\/svg>\n        <\/div>\n        Peru    <\/div>\n    <div class=\"bg-gray-50 p-8 lg:flex items-start gap-12\" x-show=\"open\" x-transition>\n        <div class=\"lg:w-4\/12 pb-4 lg:pb-0\">\n                            <img decoding=\"async\" src=\"https:\/\/www.repam.net\/pt\/wp-content\/uploads\/fly-images\/852\/Peru-350x250-c.jpeg\" class=\"lg:w-full rounded-lg shadow\">\n                    <\/div>\n        <div class=\"lg:w-8\/12\">\n            \n<p>A Amaz\u00f4nia peruana cobre uma \u00e1rea de 782.880,55 km\u00b2, cobrindo duas regi\u00f5es naturais: selva alta e selva baixa, que ocupam mais de 60% do territ\u00f3rio peruano. Os descendentes de mais de 51 grupos \u00e9tnicos ind\u00edgenas vivem em harmonia com o meio ambiente. Depois do Brasil, o Peru \u00e9 o segundo maior pa\u00eds em termos de territ\u00f3rio de floresta tropical amaz\u00f4nica.<\/p>\n\n\n\n<p>As jurisdi\u00e7\u00f5es eclesi\u00e1sticas no territ\u00f3rio s\u00e3o oito vicariadas:<\/p>\n\n\n\n<p>VICARIATO APOST\u00d3LICO DE IQUITOS&nbsp;<\/p>\n\n\n\n<p>VICARIATO APOST\u00d3LICO DE JA\u00c9N&nbsp;<\/p>\n\n\n\n<p>VICARIATO APOST\u00d3LICO DE PUCALLPA&nbsp;<\/p>\n\n\n\n<p>VICARIATO APOST\u00d3LICO DE PUERTO MALDONADO&nbsp;<\/p>\n\n\n\n<p>VICARIATO APOST\u00d3LICO DA REQUENA&nbsp;<\/p>\n\n\n\n<p>VICARIATO APOST\u00d3LICO DE SAN JOS\u00c9 DEL AMAZONAS&nbsp;<\/p>\n\n\n\n<p>VICARIATO APOST\u00d3LICO DE SAN RAM\u00d3N&nbsp;<\/p>\n\n\n\n<p>VICARIATO APOST\u00d3LICO DE YURIMAGUAS<\/p>\n\n\n\n<p>O processo REPAM Peru est\u00e1 sendo animado pelo CAAAP &#8211; Centro Amaz\u00f4nico de Antropologia e Aplicaci\u00f3n Pr\u00e1ctica.<\/p>\n\n\n\n<p>Saiba mais sobre a REPAM no Peru: <a href=\"https:\/\/queridaamazonia.pe\" target=\"_blank\" rel=\"noreferrer noopener\">queridaamazonia.pe<\/a><\/p>\n        <\/div>\n    <\/div>\n<\/div><div x-data=\"{open:false}\" class=\"my-4 rounded-lg overflow-hidden shadow-lg\">\n    <div class=\"bg-gray-100 border-b border-gray-200 p-4 font-bold cursor-pointer flex items-center gap-4\"\n        @click=\"open=!open\">\n        <div class=\"text-lima-500\">\n            <svg xmlns=\"http:\/\/www.w3.org\/2000\/svg\" class=\"h-6 w-6\" fill=\"none\" viewBox=\"0 0 24 24\" stroke=\"currentColor\" x-show=\"!open\">\n                <path stroke-linecap=\"round\" stroke-linejoin=\"round\" stroke-width=\"2\" d=\"M9 5l7 7-7 7\" \/>\n            <\/svg>\n            <svg xmlns=\"http:\/\/www.w3.org\/2000\/svg\" class=\"h-6 w-6\" fill=\"none\" viewBox=\"0 0 24 24\" stroke=\"currentColor\" x-show=\"open\">\n                <path stroke-linecap=\"round\" stroke-linejoin=\"round\" stroke-width=\"2\" d=\"M19 9l-7 7-7-7\" \/>\n            <\/svg>\n        <\/div>\n        Suriname    <\/div>\n    <div class=\"bg-gray-50 p-8 lg:flex items-start gap-12\" x-show=\"open\" x-transition>\n        <div class=\"lg:w-4\/12 pb-4 lg:pb-0\">\n                            <img decoding=\"async\" src=\"https:\/\/www.repam.net\/pt\/wp-content\/uploads\/fly-images\/854\/Suriname-350x250-c.jpeg\" class=\"lg:w-full rounded-lg shadow\">\n                    <\/div>\n        <div class=\"lg:w-8\/12\">\n            \n<p>A antiga col\u00f4nia holandesa, Suriname, tem toda a sua \u00e1rea de 163 820 km\u00b2 dentro do bioma Amaz\u00f4nia. A maioria da popula\u00e7\u00e3o \u00e9 de ascend\u00eancia africana. H\u00e1 tamb\u00e9m um n\u00famero significativo de \u00edndios e javaneses trazidos pelos holandeses para trabalhar na agricultura. Como resultado, \u00e9 etnicamente misto.<\/p>\n\n\n\n<p>A Igreja Cat\u00f3lica est\u00e1 organizada na Diocese de Paramaribo, que anima o processo REPAM no Suriname.<\/p>\n\n\n\n<p>Saiba mais sobre a Igreja no Suriname: <a href=\"https:\/\/bisdomparamaribo.org\" target=\"_blank\" rel=\"noreferrer noopener\">bisdomparamaribo.org<\/a><\/p>\n        <\/div>\n    <\/div>\n<\/div><div x-data=\"{open:false}\" class=\"my-4 rounded-lg overflow-hidden shadow-lg\">\n    <div class=\"bg-gray-100 border-b border-gray-200 p-4 font-bold cursor-pointer flex items-center gap-4\"\n        @click=\"open=!open\">\n        <div class=\"text-lima-500\">\n            <svg xmlns=\"http:\/\/www.w3.org\/2000\/svg\" class=\"h-6 w-6\" fill=\"none\" viewBox=\"0 0 24 24\" stroke=\"currentColor\" x-show=\"!open\">\n                <path stroke-linecap=\"round\" stroke-linejoin=\"round\" stroke-width=\"2\" d=\"M9 5l7 7-7 7\" \/>\n            <\/svg>\n            <svg xmlns=\"http:\/\/www.w3.org\/2000\/svg\" class=\"h-6 w-6\" fill=\"none\" viewBox=\"0 0 24 24\" stroke=\"currentColor\" x-show=\"open\">\n                <path stroke-linecap=\"round\" stroke-linejoin=\"round\" stroke-width=\"2\" d=\"M19 9l-7 7-7-7\" \/>\n            <\/svg>\n        <\/div>\n        Venezuela    <\/div>\n    <div class=\"bg-gray-50 p-8 lg:flex items-start gap-12\" x-show=\"open\" x-transition>\n        <div class=\"lg:w-4\/12 pb-4 lg:pb-0\">\n                            <img decoding=\"async\" src=\"https:\/\/www.repam.net\/pt\/wp-content\/uploads\/fly-images\/856\/Venezuela-350x250-c.jpeg\" class=\"lg:w-full rounded-lg shadow\">\n                    <\/div>\n        <div class=\"lg:w-8\/12\">\n            \n<p>A regi\u00e3o amaz\u00f4nica da Venezuela est\u00e1 localizada ao longo do Rio Orinoco, ocupando os estados de Bol\u00edvar, Amazonas, Delta Amacuro e Apure, que juntos perfazem 491.389 km\u00b2, perfazendo mais de 50% do territ\u00f3rio nacional. \u00c9 o lar de 24 povos ind\u00edgenas.<\/p>\n\n\n\n<p>A Igreja Cat\u00f3lica na regi\u00e3o est\u00e1 organizada em uma arquidiocese, duas dioceses e tr\u00eas vicariatos apost\u00f3licos:<\/p>\n\n\n\n<p>ARQUIDIOCESE DE CIUDAD BOL\u00cdVAR&nbsp;<\/p>\n\n\n\n<p>DIOCESE DE CIUDAD GUAYANA&nbsp;<\/p>\n\n\n\n<p>DIOCESE DE GUASDUALITO&nbsp;<\/p>\n\n\n\n<p>VICARIATO APOST\u00d3LICO DE CARON\u00cd<\/p>\n\n\n\n<p>VICARIATO APOST\u00d3LICO DE PUERTO AYACUCHO&nbsp;<\/p>\n\n\n\n<p>VICARIATO APOST\u00d3LICO DE TUCUPITA&nbsp;<\/p>\n\n\n\n<p>A REPAM Venezuela \u00e9 dirigida por uma secretaria executiva, com sede em Caracas, na sede da Confer\u00eancia Episcopal Venezuelana.<\/p>\n\n\n\n<p>Saiba mais sobre a REPAM na Venezuela: <a href=\"https:\/\/facebook.com\/repamve\" target=\"_blank\" rel=\"noreferrer noopener\">facebook.com\/repamve<\/a><\/p>\n        <\/div>\n    <\/div>\n<\/div><\/div>\n","protected":false},"excerpt":{"rendered":"<p>O REPAM \u00e9 uma plataforma de articula\u00e7\u00e3o sinodal, compartilhando experi\u00eancias e servi\u00e7os para responder \u00e0s necessidades do territ\u00f3rio amaz\u00f4nico dos 8 pa\u00edses (Bol\u00edvia, Brasil, Col\u00f4mbia, Equador, Guiana, Peru, Suriname e Venezuela) e 1 territ\u00f3rio ultramarino (Guiana Francesa), que s\u00e3o identificados por uma estrutura de REPAMs Nacionais.<\/p>\n","protected":false},"author":1,"featured_media":0,"parent":0,"menu_order":0,"comment_status":"closed","ping_status":"closed","template":"","meta":{"_acf_changed":false,"_uf_show_specific_survey":0,"_uf_disable_surveys":false,"footnotes":""},"class_list":["post-42","page","type-page","status-publish","hentry"],"acf":[],"aioseo_notices":[],"yoast_head":"<!-- This site is optimized with the Yoast SEO plugin v24.2 - https:\/\/yoast.com\/wordpress\/plugins\/seo\/ -->\n<title>Redes Nacionais - Repam<\/title>\n<meta name=\"robots\" content=\"index, follow, max-snippet:-1, max-image-preview:large, max-video-preview:-1\" \/>\n<link rel=\"canonical\" href=\"https:\/\/www.repam.net\/pt\/redes-nacionais\/\" \/>\n<meta property=\"og:locale\" content=\"pt_BR\" \/>\n<meta property=\"og:type\" content=\"article\" \/>\n<meta property=\"og:title\" content=\"Redes Nacionais - Repam\" \/>\n<meta property=\"og:description\" content=\"O REPAM \u00e9 uma plataforma de articula\u00e7\u00e3o sinodal, compartilhando experi\u00eancias e servi\u00e7os para responder \u00e0s necessidades do territ\u00f3rio amaz\u00f4nico dos 8 pa\u00edses (Bol\u00edvia, Brasil, Col\u00f4mbia, Equador, Guiana, Peru, Suriname e Venezuela) e 1 territ\u00f3rio ultramarino (Guiana Francesa), que s\u00e3o identificados por uma estrutura de REPAMs Nacionais.\" \/>\n<meta property=\"og:url\" content=\"https:\/\/www.repam.net\/pt\/redes-nacionais\/\" \/>\n<meta property=\"og:site_name\" content=\"Repam\" \/>\n<meta property=\"article:modified_time\" content=\"2022-03-18T20:48:40+00:00\" \/>\n<meta name=\"twitter:card\" content=\"summary_large_image\" \/>\n<script type=\"application\/ld+json\" class=\"yoast-schema-graph\">{\"@context\":\"https:\/\/schema.org\",\"@graph\":[{\"@type\":\"WebPage\",\"@id\":\"https:\/\/www.repam.net\/pt\/redes-nacionais\/\",\"url\":\"https:\/\/www.repam.net\/pt\/redes-nacionais\/\",\"name\":\"Redes Nacionais - Repam\",\"isPartOf\":{\"@id\":\"https:\/\/www.repam.net\/pt\/#website\"},\"datePublished\":\"2022-01-21T14:58:13+00:00\",\"dateModified\":\"2022-03-18T20:48:40+00:00\",\"breadcrumb\":{\"@id\":\"https:\/\/www.repam.net\/pt\/redes-nacionais\/#breadcrumb\"},\"inLanguage\":\"pt-BR\",\"potentialAction\":[{\"@type\":\"ReadAction\",\"target\":[\"https:\/\/www.repam.net\/pt\/redes-nacionais\/\"]}]},{\"@type\":\"BreadcrumbList\",\"@id\":\"https:\/\/www.repam.net\/pt\/redes-nacionais\/#breadcrumb\",\"itemListElement\":[{\"@type\":\"ListItem\",\"position\":1,\"name\":\"In\u00edcio\",\"item\":\"https:\/\/www.repam.net\/pt\/\"},{\"@type\":\"ListItem\",\"position\":2,\"name\":\"Redes Nacionais\"}]},{\"@type\":\"WebSite\",\"@id\":\"https:\/\/www.repam.net\/pt\/#website\",\"url\":\"https:\/\/www.repam.net\/pt\/\",\"name\":\"Repam\",\"description\":\"Rede Eclesial Pan-amaz\u00f4nica\",\"publisher\":{\"@id\":\"https:\/\/www.repam.net\/pt\/#organization\"},\"potentialAction\":[{\"@type\":\"SearchAction\",\"target\":{\"@type\":\"EntryPoint\",\"urlTemplate\":\"https:\/\/www.repam.net\/pt\/?s={search_term_string}\"},\"query-input\":{\"@type\":\"PropertyValueSpecification\",\"valueRequired\":true,\"valueName\":\"search_term_string\"}}],\"inLanguage\":\"pt-BR\"},{\"@type\":\"Organization\",\"@id\":\"https:\/\/www.repam.net\/pt\/#organization\",\"name\":\"Repam\",\"url\":\"https:\/\/www.repam.net\/pt\/\",\"logo\":{\"@type\":\"ImageObject\",\"inLanguage\":\"pt-BR\",\"@id\":\"https:\/\/www.repam.net\/pt\/#\/schema\/logo\/image\/\",\"url\":\"https:\/\/www.repam.net\/pt\/wp-content\/uploads\/2022\/02\/15.-REPAM-BRASIL.jpg\",\"contentUrl\":\"https:\/\/www.repam.net\/pt\/wp-content\/uploads\/2022\/02\/15.-REPAM-BRASIL.jpg\",\"width\":231,\"height\":230,\"caption\":\"Repam\"},\"image\":{\"@id\":\"https:\/\/www.repam.net\/pt\/#\/schema\/logo\/image\/\"}}]}<\/script>\n<!-- \/ Yoast SEO plugin. -->","yoast_head_json":{"title":"Redes Nacionais - Repam","robots":{"index":"index","follow":"follow","max-snippet":"max-snippet:-1","max-image-preview":"max-image-preview:large","max-video-preview":"max-video-preview:-1"},"canonical":"https:\/\/www.repam.net\/pt\/redes-nacionais\/","og_locale":"pt_BR","og_type":"article","og_title":"Redes Nacionais - Repam","og_description":"O REPAM \u00e9 uma plataforma de articula\u00e7\u00e3o sinodal, compartilhando experi\u00eancias e servi\u00e7os para responder \u00e0s necessidades do territ\u00f3rio amaz\u00f4nico dos 8 pa\u00edses (Bol\u00edvia, Brasil, Col\u00f4mbia, Equador, Guiana, Peru, Suriname e Venezuela) e 1 territ\u00f3rio ultramarino (Guiana Francesa), que s\u00e3o identificados por uma estrutura de REPAMs Nacionais.","og_url":"https:\/\/www.repam.net\/pt\/redes-nacionais\/","og_site_name":"Repam","article_modified_time":"2022-03-18T20:48:40+00:00","twitter_card":"summary_large_image","schema":{"@context":"https:\/\/schema.org","@graph":[{"@type":"WebPage","@id":"https:\/\/www.repam.net\/pt\/redes-nacionais\/","url":"https:\/\/www.repam.net\/pt\/redes-nacionais\/","name":"Redes Nacionais - Repam","isPartOf":{"@id":"https:\/\/www.repam.net\/pt\/#website"},"datePublished":"2022-01-21T14:58:13+00:00","dateModified":"2022-03-18T20:48:40+00:00","breadcrumb":{"@id":"https:\/\/www.repam.net\/pt\/redes-nacionais\/#breadcrumb"},"inLanguage":"pt-BR","potentialAction":[{"@type":"ReadAction","target":["https:\/\/www.repam.net\/pt\/redes-nacionais\/"]}]},{"@type":"BreadcrumbList","@id":"https:\/\/www.repam.net\/pt\/redes-nacionais\/#breadcrumb","itemListElement":[{"@type":"ListItem","position":1,"name":"In\u00edcio","item":"https:\/\/www.repam.net\/pt\/"},{"@type":"ListItem","position":2,"name":"Redes Nacionais"}]},{"@type":"WebSite","@id":"https:\/\/www.repam.net\/pt\/#website","url":"https:\/\/www.repam.net\/pt\/","name":"Repam","description":"Rede Eclesial Pan-amaz\u00f4nica","publisher":{"@id":"https:\/\/www.repam.net\/pt\/#organization"},"potentialAction":[{"@type":"SearchAction","target":{"@type":"EntryPoint","urlTemplate":"https:\/\/www.repam.net\/pt\/?s={search_term_string}"},"query-input":{"@type":"PropertyValueSpecification","valueRequired":true,"valueName":"search_term_string"}}],"inLanguage":"pt-BR"},{"@type":"Organization","@id":"https:\/\/www.repam.net\/pt\/#organization","name":"Repam","url":"https:\/\/www.repam.net\/pt\/","logo":{"@type":"ImageObject","inLanguage":"pt-BR","@id":"https:\/\/www.repam.net\/pt\/#\/schema\/logo\/image\/","url":"https:\/\/www.repam.net\/pt\/wp-content\/uploads\/2022\/02\/15.-REPAM-BRASIL.jpg","contentUrl":"https:\/\/www.repam.net\/pt\/wp-content\/uploads\/2022\/02\/15.-REPAM-BRASIL.jpg","width":231,"height":230,"caption":"Repam"},"image":{"@id":"https:\/\/www.repam.net\/pt\/#\/schema\/logo\/image\/"}}]}},"_links":{"self":[{"href":"https:\/\/www.repam.net\/pt\/wp-json\/wp\/v2\/pages\/42","targetHints":{"allow":["GET"]}}],"collection":[{"href":"https:\/\/www.repam.net\/pt\/wp-json\/wp\/v2\/pages"}],"about":[{"href":"https:\/\/www.repam.net\/pt\/wp-json\/wp\/v2\/types\/page"}],"author":[{"embeddable":true,"href":"https:\/\/www.repam.net\/pt\/wp-json\/wp\/v2\/users\/1"}],"replies":[{"embeddable":true,"href":"https:\/\/www.repam.net\/pt\/wp-json\/wp\/v2\/comments?post=42"}],"version-history":[{"count":6,"href":"https:\/\/www.repam.net\/pt\/wp-json\/wp\/v2\/pages\/42\/revisions"}],"predecessor-version":[{"id":915,"href":"https:\/\/www.repam.net\/pt\/wp-json\/wp\/v2\/pages\/42\/revisions\/915"}],"wp:attachment":[{"href":"https:\/\/www.repam.net\/pt\/wp-json\/wp\/v2\/media?parent=42"}],"curies":[{"name":"wp","href":"https:\/\/api.w.org\/{rel}","templated":true}]}}