{"id":49,"date":"2022-01-21T12:05:45","date_gmt":"2022-01-21T15:05:45","guid":{"rendered":"http:\/\/repam.net\/pt\/?page_id=49"},"modified":"2022-03-18T17:31:33","modified_gmt":"2022-03-18T20:31:33","slug":"preparacao","status":"publish","type":"page","link":"https:\/\/www.repam.net\/pt\/sinodo-amazonico\/preparacao\/","title":{"rendered":"Prepara\u00e7\u00e3o"},"content":{"rendered":"\n<h4 class=\"wp-block-heading\"><strong>1. CONVOCA\u00c7\u00c3O &#8211; PAPA FRANCISCO<\/strong><\/h4>\n\n\n\n<p>De acordo com o an\u00fancio do Papa Francisco, em 15 de outubro de 2017, \u00e9 convocada a Assembleia Especial do S\u00ednodo dos Bispos para refletir sobre o tema: Amaz\u00f4nia, Novos Caminhos para a Igreja e para uma Ecologia Integral, a ser realizada em outubro de 2019. O principal objetivo deste S\u00ednodo \u00e9 &#8220;encontrar novos caminhos para a evangeliza\u00e7\u00e3o deste Povo de Deus, especialmente do povo ind\u00edgena, muitas vezes esquecido e sem perspectivas de um futuro sereno, tamb\u00e9m devido \u00e0 crise da floresta amaz\u00f4nica, um pulm\u00e3o de import\u00e2ncia capital para nosso planeta&#8221;.<\/p>\n\n\n\n<h4 class=\"wp-block-heading\"><strong>2. IN\u00cdCIO DO PROCESSO SINODAL<\/strong><\/h4>\n\n\n\n<p>O Papa Francisco inaugurou o processo de escuta sinodal durante sua Visita Apost\u00f3lica a Puerto Maldonado (Peru) em 19 de janeiro de 2018. A prepara\u00e7\u00e3o foi realizada pela Secretaria Geral do S\u00ednodo dos Bispos e por um Conselho Pr\u00e9-Sinodal, presidido pelo Papa Francisco, para incentivar o processo de escuta ativa e direta em todo o territ\u00f3rio pan-amaz\u00f4nico.<\/p>\n\n\n\n<div class=\"wp-block-image\"><figure class=\"aligncenter size-full\"><img loading=\"lazy\" decoding=\"async\" width=\"1024\" height=\"684\" src=\"https:\/\/www.repam.net\/pt\/wp-content\/uploads\/2022\/03\/papa.jpeg\" alt=\"\" class=\"wp-image-902\" srcset=\"https:\/\/www.repam.net\/pt\/wp-content\/uploads\/2022\/03\/papa.jpeg 1024w, https:\/\/www.repam.net\/pt\/wp-content\/uploads\/2022\/03\/papa-300x200.jpeg 300w, https:\/\/www.repam.net\/pt\/wp-content\/uploads\/2022\/03\/papa-768x513.jpeg 768w\" sizes=\"auto, (max-width: 1024px) 100vw, 1024px\" \/><\/figure><\/div>\n\n\n\n<h4 class=\"wp-block-heading\"><strong>3. DOCUMENTO PREPARAT\u00d3RIO<\/strong><\/h4>\n\n\n\n<p>Em abril de 2018, a Comiss\u00e3o Pr\u00e9-Sinodal e os Conselheiros Especializados elaboraram o <strong><em>Documento Preparat\u00f3rio\/ Question\u00e1rio<\/em><\/strong>. Desta forma, a Secretaria do S\u00ednodo aprovou o processo de consulta territorial a ser realizado pela REPAM, como canal oficial. O outro canal foi realizado diretamente pelas sete Confer\u00eancias Episcopais (Antilhas, Bol\u00edvia, Brasil, Col\u00f4mbia, Equador, Peru e Venezuela). Este processo foi conclu\u00eddo em fevereiro de 2019.<\/p>\n\n\n\n<p>Para facilitar a consulta, a REPAM produziu uma <strong><em>Vers\u00e3o Popular do Documento Preparat\u00f3rio<\/em><\/strong>. Do processo de escuta territorial da REPAM, foram recebidos 274 relat\u00f3rios, referentes a 57 assembleias territoriais, 21 f\u00f3runs nacionais, 17 f\u00f3runs tem\u00e1ticos Pan-Amaz\u00f4nicos e 179 rodadas de conversas que foram realizadas, totalizando aproximadamente 86.943 pessoas que participaram dos espa\u00e7os formais e preparat\u00f3rios. Dos 390 povos ind\u00edgenas que vivem na regi\u00e3o Pan-Amaz\u00f4nica, 172 povos foram representados por l\u00edderes ind\u00edgenas. Tamb\u00e9m participaram habitantes de centros urbanos e periferias, grupos de migrantes, habitantes de rios, quilombolas, pescadores, fam\u00edlias, jovens e adolescentes, grupos de mulheres, religiosos e religiosas, di\u00e1conos, bispos e representantes de outras igrejas.<\/p>\n\n\n\n<p>RELAT\u00d3RIO DO PROCESSO DE CONSULTA SINODAL realizado pela REPAM<\/p>\n\n\n\n<p>40 DIAS PELO RIO (EM PREPARA\u00c7\u00c3O AO S\u00cdNODO)<\/p>\n","protected":false},"excerpt":{"rendered":"<p>1. CONVOCA\u00c7\u00c3O &#8211; PAPA FRANCISCO De acordo com o an\u00fancio do Papa Francisco, em 15 de outubro de 2017, \u00e9 convocada a Assembleia Especial do S\u00ednodo dos Bispos para refletir sobre o tema: Amaz\u00f4nia, Novos Caminhos para a Igreja e para uma Ecologia Integral, a ser realizada em outubro de 2019. O principal objetivo deste [&hellip;]<\/p>\n","protected":false},"author":1,"featured_media":0,"parent":46,"menu_order":1,"comment_status":"closed","ping_status":"closed","template":"page-multipla.php","meta":{"_acf_changed":false,"_uf_show_specific_survey":0,"_uf_disable_surveys":false,"footnotes":""},"class_list":["post-49","page","type-page","status-publish","hentry"],"acf":[],"aioseo_notices":[],"yoast_head":"<!-- This site is optimized with the Yoast SEO plugin v24.2 - https:\/\/yoast.com\/wordpress\/plugins\/seo\/ -->\n<title>Prepara\u00e7\u00e3o - Repam<\/title>\n<meta name=\"robots\" content=\"index, follow, max-snippet:-1, max-image-preview:large, max-video-preview:-1\" \/>\n<link rel=\"canonical\" href=\"https:\/\/www.repam.net\/pt\/sinodo-amazonico\/preparacao\/\" \/>\n<meta property=\"og:locale\" content=\"pt_BR\" \/>\n<meta property=\"og:type\" content=\"article\" \/>\n<meta property=\"og:title\" content=\"Prepara\u00e7\u00e3o - Repam\" \/>\n<meta property=\"og:description\" content=\"1. CONVOCA\u00c7\u00c3O &#8211; PAPA FRANCISCO De acordo com o an\u00fancio do Papa Francisco, em 15 de outubro de 2017, \u00e9 convocada a Assembleia Especial do S\u00ednodo dos Bispos para refletir sobre o tema: Amaz\u00f4nia, Novos Caminhos para a Igreja e para uma Ecologia Integral, a ser realizada em outubro de 2019. O principal objetivo deste [&hellip;]\" \/>\n<meta property=\"og:url\" content=\"https:\/\/www.repam.net\/pt\/sinodo-amazonico\/preparacao\/\" \/>\n<meta property=\"og:site_name\" content=\"Repam\" \/>\n<meta property=\"article:modified_time\" content=\"2022-03-18T20:31:33+00:00\" \/>\n<meta property=\"og:image\" content=\"https:\/\/www.repam.net\/pt\/wp-content\/uploads\/2022\/03\/papa.jpeg\" \/>\n<meta name=\"twitter:card\" content=\"summary_large_image\" \/>\n<meta name=\"twitter:label1\" content=\"Est. tempo de leitura\" \/>\n\t<meta name=\"twitter:data1\" content=\"2 minutos\" \/>\n<script type=\"application\/ld+json\" class=\"yoast-schema-graph\">{\"@context\":\"https:\/\/schema.org\",\"@graph\":[{\"@type\":\"WebPage\",\"@id\":\"https:\/\/www.repam.net\/pt\/sinodo-amazonico\/preparacao\/\",\"url\":\"https:\/\/www.repam.net\/pt\/sinodo-amazonico\/preparacao\/\",\"name\":\"Prepara\u00e7\u00e3o - Repam\",\"isPartOf\":{\"@id\":\"https:\/\/www.repam.net\/pt\/#website\"},\"primaryImageOfPage\":{\"@id\":\"https:\/\/www.repam.net\/pt\/sinodo-amazonico\/preparacao\/#primaryimage\"},\"image\":{\"@id\":\"https:\/\/www.repam.net\/pt\/sinodo-amazonico\/preparacao\/#primaryimage\"},\"thumbnailUrl\":\"https:\/\/www.repam.net\/pt\/wp-content\/uploads\/2022\/03\/papa.jpeg\",\"datePublished\":\"2022-01-21T15:05:45+00:00\",\"dateModified\":\"2022-03-18T20:31:33+00:00\",\"breadcrumb\":{\"@id\":\"https:\/\/www.repam.net\/pt\/sinodo-amazonico\/preparacao\/#breadcrumb\"},\"inLanguage\":\"pt-BR\",\"potentialAction\":[{\"@type\":\"ReadAction\",\"target\":[\"https:\/\/www.repam.net\/pt\/sinodo-amazonico\/preparacao\/\"]}]},{\"@type\":\"ImageObject\",\"inLanguage\":\"pt-BR\",\"@id\":\"https:\/\/www.repam.net\/pt\/sinodo-amazonico\/preparacao\/#primaryimage\",\"url\":\"https:\/\/www.repam.net\/pt\/wp-content\/uploads\/2022\/03\/papa.jpeg\",\"contentUrl\":\"https:\/\/www.repam.net\/pt\/wp-content\/uploads\/2022\/03\/papa.jpeg\",\"width\":1024,\"height\":684},{\"@type\":\"BreadcrumbList\",\"@id\":\"https:\/\/www.repam.net\/pt\/sinodo-amazonico\/preparacao\/#breadcrumb\",\"itemListElement\":[{\"@type\":\"ListItem\",\"position\":1,\"name\":\"In\u00edcio\",\"item\":\"https:\/\/www.repam.net\/pt\/\"},{\"@type\":\"ListItem\",\"position\":2,\"name\":\"S\u00ednodo Amaz\u00f4nico\",\"item\":\"https:\/\/www.repam.net\/pt\/sinodo-amazonico\/\"},{\"@type\":\"ListItem\",\"position\":3,\"name\":\"Prepara\u00e7\u00e3o\"}]},{\"@type\":\"WebSite\",\"@id\":\"https:\/\/www.repam.net\/pt\/#website\",\"url\":\"https:\/\/www.repam.net\/pt\/\",\"name\":\"Repam\",\"description\":\"Rede Eclesial Pan-amaz\u00f4nica\",\"publisher\":{\"@id\":\"https:\/\/www.repam.net\/pt\/#organization\"},\"potentialAction\":[{\"@type\":\"SearchAction\",\"target\":{\"@type\":\"EntryPoint\",\"urlTemplate\":\"https:\/\/www.repam.net\/pt\/?s={search_term_string}\"},\"query-input\":{\"@type\":\"PropertyValueSpecification\",\"valueRequired\":true,\"valueName\":\"search_term_string\"}}],\"inLanguage\":\"pt-BR\"},{\"@type\":\"Organization\",\"@id\":\"https:\/\/www.repam.net\/pt\/#organization\",\"name\":\"Repam\",\"url\":\"https:\/\/www.repam.net\/pt\/\",\"logo\":{\"@type\":\"ImageObject\",\"inLanguage\":\"pt-BR\",\"@id\":\"https:\/\/www.repam.net\/pt\/#\/schema\/logo\/image\/\",\"url\":\"https:\/\/www.repam.net\/pt\/wp-content\/uploads\/2022\/02\/15.-REPAM-BRASIL.jpg\",\"contentUrl\":\"https:\/\/www.repam.net\/pt\/wp-content\/uploads\/2022\/02\/15.-REPAM-BRASIL.jpg\",\"width\":231,\"height\":230,\"caption\":\"Repam\"},\"image\":{\"@id\":\"https:\/\/www.repam.net\/pt\/#\/schema\/logo\/image\/\"}}]}<\/script>\n<!-- \/ Yoast SEO plugin. -->","yoast_head_json":{"title":"Prepara\u00e7\u00e3o - Repam","robots":{"index":"index","follow":"follow","max-snippet":"max-snippet:-1","max-image-preview":"max-image-preview:large","max-video-preview":"max-video-preview:-1"},"canonical":"https:\/\/www.repam.net\/pt\/sinodo-amazonico\/preparacao\/","og_locale":"pt_BR","og_type":"article","og_title":"Prepara\u00e7\u00e3o - Repam","og_description":"1. CONVOCA\u00c7\u00c3O &#8211; PAPA FRANCISCO De acordo com o an\u00fancio do Papa Francisco, em 15 de outubro de 2017, \u00e9 convocada a Assembleia Especial do S\u00ednodo dos Bispos para refletir sobre o tema: Amaz\u00f4nia, Novos Caminhos para a Igreja e para uma Ecologia Integral, a ser realizada em outubro de 2019. O principal objetivo deste [&hellip;]","og_url":"https:\/\/www.repam.net\/pt\/sinodo-amazonico\/preparacao\/","og_site_name":"Repam","article_modified_time":"2022-03-18T20:31:33+00:00","og_image":[{"url":"https:\/\/www.repam.net\/pt\/wp-content\/uploads\/2022\/03\/papa.jpeg","type":"","width":"","height":""}],"twitter_card":"summary_large_image","twitter_misc":{"Est. tempo de leitura":"2 minutos"},"schema":{"@context":"https:\/\/schema.org","@graph":[{"@type":"WebPage","@id":"https:\/\/www.repam.net\/pt\/sinodo-amazonico\/preparacao\/","url":"https:\/\/www.repam.net\/pt\/sinodo-amazonico\/preparacao\/","name":"Prepara\u00e7\u00e3o - Repam","isPartOf":{"@id":"https:\/\/www.repam.net\/pt\/#website"},"primaryImageOfPage":{"@id":"https:\/\/www.repam.net\/pt\/sinodo-amazonico\/preparacao\/#primaryimage"},"image":{"@id":"https:\/\/www.repam.net\/pt\/sinodo-amazonico\/preparacao\/#primaryimage"},"thumbnailUrl":"https:\/\/www.repam.net\/pt\/wp-content\/uploads\/2022\/03\/papa.jpeg","datePublished":"2022-01-21T15:05:45+00:00","dateModified":"2022-03-18T20:31:33+00:00","breadcrumb":{"@id":"https:\/\/www.repam.net\/pt\/sinodo-amazonico\/preparacao\/#breadcrumb"},"inLanguage":"pt-BR","potentialAction":[{"@type":"ReadAction","target":["https:\/\/www.repam.net\/pt\/sinodo-amazonico\/preparacao\/"]}]},{"@type":"ImageObject","inLanguage":"pt-BR","@id":"https:\/\/www.repam.net\/pt\/sinodo-amazonico\/preparacao\/#primaryimage","url":"https:\/\/www.repam.net\/pt\/wp-content\/uploads\/2022\/03\/papa.jpeg","contentUrl":"https:\/\/www.repam.net\/pt\/wp-content\/uploads\/2022\/03\/papa.jpeg","width":1024,"height":684},{"@type":"BreadcrumbList","@id":"https:\/\/www.repam.net\/pt\/sinodo-amazonico\/preparacao\/#breadcrumb","itemListElement":[{"@type":"ListItem","position":1,"name":"In\u00edcio","item":"https:\/\/www.repam.net\/pt\/"},{"@type":"ListItem","position":2,"name":"S\u00ednodo Amaz\u00f4nico","item":"https:\/\/www.repam.net\/pt\/sinodo-amazonico\/"},{"@type":"ListItem","position":3,"name":"Prepara\u00e7\u00e3o"}]},{"@type":"WebSite","@id":"https:\/\/www.repam.net\/pt\/#website","url":"https:\/\/www.repam.net\/pt\/","name":"Repam","description":"Rede Eclesial Pan-amaz\u00f4nica","publisher":{"@id":"https:\/\/www.repam.net\/pt\/#organization"},"potentialAction":[{"@type":"SearchAction","target":{"@type":"EntryPoint","urlTemplate":"https:\/\/www.repam.net\/pt\/?s={search_term_string}"},"query-input":{"@type":"PropertyValueSpecification","valueRequired":true,"valueName":"search_term_string"}}],"inLanguage":"pt-BR"},{"@type":"Organization","@id":"https:\/\/www.repam.net\/pt\/#organization","name":"Repam","url":"https:\/\/www.repam.net\/pt\/","logo":{"@type":"ImageObject","inLanguage":"pt-BR","@id":"https:\/\/www.repam.net\/pt\/#\/schema\/logo\/image\/","url":"https:\/\/www.repam.net\/pt\/wp-content\/uploads\/2022\/02\/15.-REPAM-BRASIL.jpg","contentUrl":"https:\/\/www.repam.net\/pt\/wp-content\/uploads\/2022\/02\/15.-REPAM-BRASIL.jpg","width":231,"height":230,"caption":"Repam"},"image":{"@id":"https:\/\/www.repam.net\/pt\/#\/schema\/logo\/image\/"}}]}},"_links":{"self":[{"href":"https:\/\/www.repam.net\/pt\/wp-json\/wp\/v2\/pages\/49","targetHints":{"allow":["GET"]}}],"collection":[{"href":"https:\/\/www.repam.net\/pt\/wp-json\/wp\/v2\/pages"}],"about":[{"href":"https:\/\/www.repam.net\/pt\/wp-json\/wp\/v2\/types\/page"}],"author":[{"embeddable":true,"href":"https:\/\/www.repam.net\/pt\/wp-json\/wp\/v2\/users\/1"}],"replies":[{"embeddable":true,"href":"https:\/\/www.repam.net\/pt\/wp-json\/wp\/v2\/comments?post=49"}],"version-history":[{"count":5,"href":"https:\/\/www.repam.net\/pt\/wp-json\/wp\/v2\/pages\/49\/revisions"}],"predecessor-version":[{"id":905,"href":"https:\/\/www.repam.net\/pt\/wp-json\/wp\/v2\/pages\/49\/revisions\/905"}],"up":[{"embeddable":true,"href":"https:\/\/www.repam.net\/pt\/wp-json\/wp\/v2\/pages\/46"}],"wp:attachment":[{"href":"https:\/\/www.repam.net\/pt\/wp-json\/wp\/v2\/media?parent=49"}],"curies":[{"name":"wp","href":"https:\/\/api.w.org\/{rel}","templated":true}]}}