{"id":51,"date":"2022-01-21T12:06:59","date_gmt":"2022-01-21T15:06:59","guid":{"rendered":"http:\/\/repam.net\/pt\/?page_id=51"},"modified":"2022-03-18T17:44:56","modified_gmt":"2022-03-18T20:44:56","slug":"assembleia-sinodal","status":"publish","type":"page","link":"https:\/\/www.repam.net\/pt\/sinodo-amazonico\/assembleia-sinodal\/","title":{"rendered":"Assembl\u00e9ia Sinodal"},"content":{"rendered":"\n<div class=\"wp-block-columns is-layout-flex wp-container-core-columns-is-layout-9d6595d7 wp-block-columns-is-layout-flex\">\n<div class=\"wp-block-column is-layout-flow wp-block-column-is-layout-flow\" style=\"flex-basis:66.66%\">\n<p class=\"has-text-align-center\">A Assembleia Especial do S\u00ednodo dos Bispos para a Amaz\u00f4nia, conhecida como S\u00ednodo Amaz\u00f4nico, foi realizada de 6 a 27 de outubro. Presidido pelo Papa Francisco, teve como tema: &#8220;AMAZ\u00d4NIA: NOVOS CAMINHOS PARA A IGREJA E PARA UMA ECOLOGIA INTEGRAL&#8221;.<\/p>\n<\/div>\n\n\n\n<div class=\"wp-block-column is-layout-flow wp-block-column-is-layout-flow\" style=\"flex-basis:33.33%\">\n<figure class=\"wp-block-image size-full\"><img loading=\"lazy\" decoding=\"async\" width=\"1024\" height=\"683\" src=\"https:\/\/www.repam.net\/pt\/wp-content\/uploads\/2022\/03\/assembleiasinodal.jpeg\" alt=\"\" class=\"wp-image-907\" srcset=\"https:\/\/www.repam.net\/pt\/wp-content\/uploads\/2022\/03\/assembleiasinodal.jpeg 1024w, https:\/\/www.repam.net\/pt\/wp-content\/uploads\/2022\/03\/assembleiasinodal-300x200.jpeg 300w, https:\/\/www.repam.net\/pt\/wp-content\/uploads\/2022\/03\/assembleiasinodal-768x512.jpeg 768w\" sizes=\"auto, (max-width: 1024px) 100vw, 1024px\" \/><\/figure>\n<\/div>\n<\/div>\n\n\n\n<p><em>&#8220;Ap\u00f3s uma longa jornada sinodal de escuta do Povo de Deus na Igreja da Amaz\u00f4nia, inaugurada pelo Papa Francisco durante sua visita \u00e0 Amaz\u00f4nia, 19 de janeiro de 2018, o S\u00ednodo foi realizado em Roma em uma reuni\u00e3o fraterna de 21 dias em outubro de 2019. O clima foi de troca aberta, livre e respeitosa de bispos pastores na Amaz\u00f4nia, mission\u00e1rios, leigos e representantes dos povos ind\u00edgenas da Amaz\u00f4nia. Testemunhamos participantes de um evento eclesial marcado pela urg\u00eancia da quest\u00e3o que exige a abertura de novos caminhos para a Igreja no territ\u00f3rio. O trabalho s\u00e9rio foi compartilhado em uma atmosfera marcada pela convic\u00e7\u00e3o de ouvir a voz do Esp\u00edrito presente. O S\u00ednodo foi realizado em um ambiente fraterno e orante. V\u00e1rias vezes as interven\u00e7\u00f5es foram acompanhadas de aplausos, c\u00e2nticos e tudo com sil\u00eancios contemplativos profundos. Fora da sala sinodal, houve uma not\u00e1vel presen\u00e7a de pessoas do mundo amaz\u00f4nico que organizaram atos de apoio em diferentes atividades, prociss\u00f5es, como a prociss\u00e3o de abertura com can\u00e7\u00f5es e dan\u00e7as acompanhando o Santo Padre desde o t\u00famulo de Pedro at\u00e9 a sala sinodal. A Via Sacra dos m\u00e1rtires da Amaz\u00f4nia causou impacto, assim como uma presen\u00e7a maci\u00e7a da m\u00eddia internacional&#8221;<\/em>. (Documento final do S\u00ednodo Amaz\u00f4nico, n. 1)<\/p>\n\n\n\n<p>DOCUMENTO FINAL DO S\u00cdNODO DA AMAZ\u00d4NIA<\/p>\n\n\n\n<p>LISTA COMPLETA DOS PARTICIPANTES NO S\u00cdNODO DA AMAZ\u00d4NIA<\/p>\n\n\n\n<p>MENSAGEM DA REPAM<\/p>\n\n\n\n<p>DISCURSO FINAL DO PAPA FRANCISCO NA CONCLUS\u00c3O DO S\u00cdNODO DA AMAZ\u00d4NIA<\/p>\n\n\n\n<h3 class=\"wp-block-heading\"><strong>EVENTOS EM SINTONIA COM O S\u00cdNODO DA AMAZ\u00d4NIA<\/strong><\/h3>\n\n\n\n<p>Em prepara\u00e7\u00e3o e em sintonia com o S\u00ednodo Amaz\u00f4nico, v\u00e1rios eventos foram realizados:<\/p>\n\n\n\n<h4 class=\"wp-block-heading\"><strong>1. AMAZ\u00d4NIA, CASA COMUM<\/strong><\/h4>\n\n\n\n<p>Com o objetivo de acompanhar as tr\u00eas semanas do encontro sinodal, v\u00e1rias institui\u00e7\u00f5es cat\u00f3licas latino-americanas, europeias e africanas se uniram para realizar mais de 200 atividades de ora\u00e7\u00e3o, di\u00e1logo e sensibiliza\u00e7\u00e3o, criando uma verdadeira &#8220;ponte&#8221; entre a realidade amaz\u00f4nica e o resto do mundo atrav\u00e9s de eventos acad\u00eamicos, confer\u00eancias, exposi\u00e7\u00f5es fotogr\u00e1ficas e outras iniciativas reflexivas e celebrativas.<\/p>\n\n\n\n<p><a href=\"http:\/\/amazonia-casa-comun.org\/\" target=\"_blank\" rel=\"noreferrer noopener\">http:\/\/amazonia-casa-comun.org\/\u00a0<\/a><\/p>\n\n\n\n<h4 class=\"wp-block-heading\"><strong>2. CONSAGRA\u00c7\u00c3O DO S\u00cdNODO A S\u00c3O FRANCISCO DE ASSIS (4 DE OUTUBRO)<\/strong><\/h4>\n\n\n\n<p>Em 4 de outubro de 2019 o Papa Francisco consagrou o S\u00ednodo para a Amaz\u00f4nia \u00e0 intercess\u00e3o de S\u00e3o Francisco de Assis. A cerim\u00f4nia foi realizada nos Jardins do Vaticano e foi marcada por can\u00e7\u00f5es, dan\u00e7as e gestos simb\u00f3licos animados por representantes dos povos ind\u00edgenas da Amaz\u00f4nia e mission\u00e1rios, que enviaram uma mensagem ao mundo sobre o compromisso de cuidar de nossa casa comum. Na ocasi\u00e3o, uma \u00e1rvore foi plantada como s\u00edmbolo de convers\u00e3o \u00e0 ecologia integral e compromisso com nossa casa comum.<\/p>\n\n\n\n<p>Ora\u00e7\u00e3o: Consagra\u00e7\u00e3o do S\u00ednodo Amaz\u00f4nico a S\u00e3o Francisco de Assis<\/p>\n\n\n\n<h4 class=\"wp-block-heading\"><strong>3. PACTO PELA CASA COMUM<\/strong><\/h4>\n\n\n\n<p>Em 20 de outubro mais de 200 pessoas &#8211; entre elas cerca de 50 padres sinodais &#8211; se reuniram para celebrar a Eucaristia nas Catacumbas de Domitilla (o lugar onde os primeiros crist\u00e3os se encontraram em Roma) e para assinar o &#8220;Pacto das Catacumbas pela Casa Comum&#8221;, comprometendo-se a cuidar dele, a trabalhar por uma Ecologia Integral em defesa da vida e por &#8220;uma Igreja com rosto amaz\u00f4nico, pobre, servidora, prof\u00e9tica e samaritana&#8221;. Posteriormente, centenas de pessoas continuam a assinar este pacto para cuidar do Lar Comum.<\/p>\n\n\n\n<p>Pacto das Catacumbas: Por uma Igreja de rosto amaz\u00f4nico, pobre e servi\u00e7al, prof\u00e9tica e samaritana.<\/p>\n\n\n\n<h4 class=\"wp-block-heading\"><strong>4. EXPOSI\u00c7\u00c3O &#8220;MATER AMAZONIA&#8221;.<\/strong><\/h4>\n\n\n\n<p>Nos Museus do Vaticano, foi preparada uma exposi\u00e7\u00e3o onde os visitantes fazem uma viagem pela Amaz\u00f4nia atrav\u00e9s de experi\u00eancias multim\u00eddia, objetos t\u00edpicos e ambientes da vida cotidiana do povo, refletindo sobre a import\u00e2ncia de cuidar da &#8220;casa comum&#8221;.<\/p>\n\n\n\n<p>Mater Amazonia<\/p>\n","protected":false},"excerpt":{"rendered":"<p>A Assembleia Especial do S\u00ednodo dos Bispos para a Amaz\u00f4nia, conhecida como S\u00ednodo Amaz\u00f4nico, foi realizada de 6 a 27 de outubro. Presidido pelo Papa Francisco, teve como tema: &#8220;AMAZ\u00d4NIA: NOVOS CAMINHOS PARA A IGREJA E PARA UMA ECOLOGIA INTEGRAL&#8221;. &#8220;Ap\u00f3s uma longa jornada sinodal de escuta do Povo de Deus na Igreja da Amaz\u00f4nia, [&hellip;]<\/p>\n","protected":false},"author":1,"featured_media":0,"parent":46,"menu_order":2,"comment_status":"closed","ping_status":"closed","template":"page-multipla.php","meta":{"_acf_changed":false,"_uf_show_specific_survey":0,"_uf_disable_surveys":false,"footnotes":""},"class_list":["post-51","page","type-page","status-publish","hentry"],"acf":[],"aioseo_notices":[],"yoast_head":"<!-- This site is optimized with the Yoast SEO plugin v24.2 - https:\/\/yoast.com\/wordpress\/plugins\/seo\/ -->\n<title>Assembl\u00e9ia Sinodal - Repam<\/title>\n<meta name=\"robots\" content=\"index, follow, max-snippet:-1, max-image-preview:large, max-video-preview:-1\" \/>\n<link rel=\"canonical\" href=\"https:\/\/www.repam.net\/pt\/sinodo-amazonico\/assembleia-sinodal\/\" \/>\n<meta property=\"og:locale\" content=\"pt_BR\" \/>\n<meta property=\"og:type\" content=\"article\" \/>\n<meta property=\"og:title\" content=\"Assembl\u00e9ia Sinodal - Repam\" \/>\n<meta property=\"og:description\" content=\"A Assembleia Especial do S\u00ednodo dos Bispos para a Amaz\u00f4nia, conhecida como S\u00ednodo Amaz\u00f4nico, foi realizada de 6 a 27 de outubro. Presidido pelo Papa Francisco, teve como tema: &#8220;AMAZ\u00d4NIA: NOVOS CAMINHOS PARA A IGREJA E PARA UMA ECOLOGIA INTEGRAL&#8221;. &#8220;Ap\u00f3s uma longa jornada sinodal de escuta do Povo de Deus na Igreja da Amaz\u00f4nia, [&hellip;]\" \/>\n<meta property=\"og:url\" content=\"https:\/\/www.repam.net\/pt\/sinodo-amazonico\/assembleia-sinodal\/\" \/>\n<meta property=\"og:site_name\" content=\"Repam\" \/>\n<meta property=\"article:modified_time\" content=\"2022-03-18T20:44:56+00:00\" \/>\n<meta property=\"og:image\" content=\"https:\/\/www.repam.net\/pt\/wp-content\/uploads\/2022\/03\/assembleiasinodal.jpeg\" \/>\n<meta name=\"twitter:card\" content=\"summary_large_image\" \/>\n<meta name=\"twitter:label1\" content=\"Est. tempo de leitura\" \/>\n\t<meta name=\"twitter:data1\" content=\"3 minutos\" \/>\n<script type=\"application\/ld+json\" class=\"yoast-schema-graph\">{\"@context\":\"https:\/\/schema.org\",\"@graph\":[{\"@type\":\"WebPage\",\"@id\":\"https:\/\/www.repam.net\/pt\/sinodo-amazonico\/assembleia-sinodal\/\",\"url\":\"https:\/\/www.repam.net\/pt\/sinodo-amazonico\/assembleia-sinodal\/\",\"name\":\"Assembl\u00e9ia Sinodal - Repam\",\"isPartOf\":{\"@id\":\"https:\/\/www.repam.net\/pt\/#website\"},\"primaryImageOfPage\":{\"@id\":\"https:\/\/www.repam.net\/pt\/sinodo-amazonico\/assembleia-sinodal\/#primaryimage\"},\"image\":{\"@id\":\"https:\/\/www.repam.net\/pt\/sinodo-amazonico\/assembleia-sinodal\/#primaryimage\"},\"thumbnailUrl\":\"https:\/\/www.repam.net\/pt\/wp-content\/uploads\/2022\/03\/assembleiasinodal.jpeg\",\"datePublished\":\"2022-01-21T15:06:59+00:00\",\"dateModified\":\"2022-03-18T20:44:56+00:00\",\"breadcrumb\":{\"@id\":\"https:\/\/www.repam.net\/pt\/sinodo-amazonico\/assembleia-sinodal\/#breadcrumb\"},\"inLanguage\":\"pt-BR\",\"potentialAction\":[{\"@type\":\"ReadAction\",\"target\":[\"https:\/\/www.repam.net\/pt\/sinodo-amazonico\/assembleia-sinodal\/\"]}]},{\"@type\":\"ImageObject\",\"inLanguage\":\"pt-BR\",\"@id\":\"https:\/\/www.repam.net\/pt\/sinodo-amazonico\/assembleia-sinodal\/#primaryimage\",\"url\":\"https:\/\/www.repam.net\/pt\/wp-content\/uploads\/2022\/03\/assembleiasinodal.jpeg\",\"contentUrl\":\"https:\/\/www.repam.net\/pt\/wp-content\/uploads\/2022\/03\/assembleiasinodal.jpeg\",\"width\":1024,\"height\":683},{\"@type\":\"BreadcrumbList\",\"@id\":\"https:\/\/www.repam.net\/pt\/sinodo-amazonico\/assembleia-sinodal\/#breadcrumb\",\"itemListElement\":[{\"@type\":\"ListItem\",\"position\":1,\"name\":\"In\u00edcio\",\"item\":\"https:\/\/www.repam.net\/pt\/\"},{\"@type\":\"ListItem\",\"position\":2,\"name\":\"S\u00ednodo Amaz\u00f4nico\",\"item\":\"https:\/\/www.repam.net\/pt\/sinodo-amazonico\/\"},{\"@type\":\"ListItem\",\"position\":3,\"name\":\"Assembl\u00e9ia Sinodal\"}]},{\"@type\":\"WebSite\",\"@id\":\"https:\/\/www.repam.net\/pt\/#website\",\"url\":\"https:\/\/www.repam.net\/pt\/\",\"name\":\"Repam\",\"description\":\"Rede Eclesial Pan-amaz\u00f4nica\",\"publisher\":{\"@id\":\"https:\/\/www.repam.net\/pt\/#organization\"},\"potentialAction\":[{\"@type\":\"SearchAction\",\"target\":{\"@type\":\"EntryPoint\",\"urlTemplate\":\"https:\/\/www.repam.net\/pt\/?s={search_term_string}\"},\"query-input\":{\"@type\":\"PropertyValueSpecification\",\"valueRequired\":true,\"valueName\":\"search_term_string\"}}],\"inLanguage\":\"pt-BR\"},{\"@type\":\"Organization\",\"@id\":\"https:\/\/www.repam.net\/pt\/#organization\",\"name\":\"Repam\",\"url\":\"https:\/\/www.repam.net\/pt\/\",\"logo\":{\"@type\":\"ImageObject\",\"inLanguage\":\"pt-BR\",\"@id\":\"https:\/\/www.repam.net\/pt\/#\/schema\/logo\/image\/\",\"url\":\"https:\/\/www.repam.net\/pt\/wp-content\/uploads\/2022\/02\/15.-REPAM-BRASIL.jpg\",\"contentUrl\":\"https:\/\/www.repam.net\/pt\/wp-content\/uploads\/2022\/02\/15.-REPAM-BRASIL.jpg\",\"width\":231,\"height\":230,\"caption\":\"Repam\"},\"image\":{\"@id\":\"https:\/\/www.repam.net\/pt\/#\/schema\/logo\/image\/\"}}]}<\/script>\n<!-- \/ Yoast SEO plugin. -->","yoast_head_json":{"title":"Assembl\u00e9ia Sinodal - Repam","robots":{"index":"index","follow":"follow","max-snippet":"max-snippet:-1","max-image-preview":"max-image-preview:large","max-video-preview":"max-video-preview:-1"},"canonical":"https:\/\/www.repam.net\/pt\/sinodo-amazonico\/assembleia-sinodal\/","og_locale":"pt_BR","og_type":"article","og_title":"Assembl\u00e9ia Sinodal - Repam","og_description":"A Assembleia Especial do S\u00ednodo dos Bispos para a Amaz\u00f4nia, conhecida como S\u00ednodo Amaz\u00f4nico, foi realizada de 6 a 27 de outubro. Presidido pelo Papa Francisco, teve como tema: &#8220;AMAZ\u00d4NIA: NOVOS CAMINHOS PARA A IGREJA E PARA UMA ECOLOGIA INTEGRAL&#8221;. &#8220;Ap\u00f3s uma longa jornada sinodal de escuta do Povo de Deus na Igreja da Amaz\u00f4nia, [&hellip;]","og_url":"https:\/\/www.repam.net\/pt\/sinodo-amazonico\/assembleia-sinodal\/","og_site_name":"Repam","article_modified_time":"2022-03-18T20:44:56+00:00","og_image":[{"url":"https:\/\/www.repam.net\/pt\/wp-content\/uploads\/2022\/03\/assembleiasinodal.jpeg","type":"","width":"","height":""}],"twitter_card":"summary_large_image","twitter_misc":{"Est. tempo de leitura":"3 minutos"},"schema":{"@context":"https:\/\/schema.org","@graph":[{"@type":"WebPage","@id":"https:\/\/www.repam.net\/pt\/sinodo-amazonico\/assembleia-sinodal\/","url":"https:\/\/www.repam.net\/pt\/sinodo-amazonico\/assembleia-sinodal\/","name":"Assembl\u00e9ia Sinodal - Repam","isPartOf":{"@id":"https:\/\/www.repam.net\/pt\/#website"},"primaryImageOfPage":{"@id":"https:\/\/www.repam.net\/pt\/sinodo-amazonico\/assembleia-sinodal\/#primaryimage"},"image":{"@id":"https:\/\/www.repam.net\/pt\/sinodo-amazonico\/assembleia-sinodal\/#primaryimage"},"thumbnailUrl":"https:\/\/www.repam.net\/pt\/wp-content\/uploads\/2022\/03\/assembleiasinodal.jpeg","datePublished":"2022-01-21T15:06:59+00:00","dateModified":"2022-03-18T20:44:56+00:00","breadcrumb":{"@id":"https:\/\/www.repam.net\/pt\/sinodo-amazonico\/assembleia-sinodal\/#breadcrumb"},"inLanguage":"pt-BR","potentialAction":[{"@type":"ReadAction","target":["https:\/\/www.repam.net\/pt\/sinodo-amazonico\/assembleia-sinodal\/"]}]},{"@type":"ImageObject","inLanguage":"pt-BR","@id":"https:\/\/www.repam.net\/pt\/sinodo-amazonico\/assembleia-sinodal\/#primaryimage","url":"https:\/\/www.repam.net\/pt\/wp-content\/uploads\/2022\/03\/assembleiasinodal.jpeg","contentUrl":"https:\/\/www.repam.net\/pt\/wp-content\/uploads\/2022\/03\/assembleiasinodal.jpeg","width":1024,"height":683},{"@type":"BreadcrumbList","@id":"https:\/\/www.repam.net\/pt\/sinodo-amazonico\/assembleia-sinodal\/#breadcrumb","itemListElement":[{"@type":"ListItem","position":1,"name":"In\u00edcio","item":"https:\/\/www.repam.net\/pt\/"},{"@type":"ListItem","position":2,"name":"S\u00ednodo Amaz\u00f4nico","item":"https:\/\/www.repam.net\/pt\/sinodo-amazonico\/"},{"@type":"ListItem","position":3,"name":"Assembl\u00e9ia Sinodal"}]},{"@type":"WebSite","@id":"https:\/\/www.repam.net\/pt\/#website","url":"https:\/\/www.repam.net\/pt\/","name":"Repam","description":"Rede Eclesial Pan-amaz\u00f4nica","publisher":{"@id":"https:\/\/www.repam.net\/pt\/#organization"},"potentialAction":[{"@type":"SearchAction","target":{"@type":"EntryPoint","urlTemplate":"https:\/\/www.repam.net\/pt\/?s={search_term_string}"},"query-input":{"@type":"PropertyValueSpecification","valueRequired":true,"valueName":"search_term_string"}}],"inLanguage":"pt-BR"},{"@type":"Organization","@id":"https:\/\/www.repam.net\/pt\/#organization","name":"Repam","url":"https:\/\/www.repam.net\/pt\/","logo":{"@type":"ImageObject","inLanguage":"pt-BR","@id":"https:\/\/www.repam.net\/pt\/#\/schema\/logo\/image\/","url":"https:\/\/www.repam.net\/pt\/wp-content\/uploads\/2022\/02\/15.-REPAM-BRASIL.jpg","contentUrl":"https:\/\/www.repam.net\/pt\/wp-content\/uploads\/2022\/02\/15.-REPAM-BRASIL.jpg","width":231,"height":230,"caption":"Repam"},"image":{"@id":"https:\/\/www.repam.net\/pt\/#\/schema\/logo\/image\/"}}]}},"_links":{"self":[{"href":"https:\/\/www.repam.net\/pt\/wp-json\/wp\/v2\/pages\/51","targetHints":{"allow":["GET"]}}],"collection":[{"href":"https:\/\/www.repam.net\/pt\/wp-json\/wp\/v2\/pages"}],"about":[{"href":"https:\/\/www.repam.net\/pt\/wp-json\/wp\/v2\/types\/page"}],"author":[{"embeddable":true,"href":"https:\/\/www.repam.net\/pt\/wp-json\/wp\/v2\/users\/1"}],"replies":[{"embeddable":true,"href":"https:\/\/www.repam.net\/pt\/wp-json\/wp\/v2\/comments?post=51"}],"version-history":[{"count":6,"href":"https:\/\/www.repam.net\/pt\/wp-json\/wp\/v2\/pages\/51\/revisions"}],"predecessor-version":[{"id":911,"href":"https:\/\/www.repam.net\/pt\/wp-json\/wp\/v2\/pages\/51\/revisions\/911"}],"up":[{"embeddable":true,"href":"https:\/\/www.repam.net\/pt\/wp-json\/wp\/v2\/pages\/46"}],"wp:attachment":[{"href":"https:\/\/www.repam.net\/pt\/wp-json\/wp\/v2\/media?parent=51"}],"curies":[{"name":"wp","href":"https:\/\/api.w.org\/{rel}","templated":true}]}}